{"id":929,"date":"2024-06-21T14:17:35","date_gmt":"2024-06-21T12:17:35","guid":{"rendered":"http:\/\/kindervillaosnabrueck.de\/cms\/?page_id=929"},"modified":"2025-04-23T09:37:02","modified_gmt":"2025-04-23T07:37:02","slug":"zusatzangebote","status":"publish","type":"page","link":"https:\/\/kindervillaosnabrueck.de\/cms\/zusatzangebote\/","title":{"rendered":"Zusatzangebote"},"content":{"rendered":"<div data-colibri-id=\"929-c1\" class=\"style-1319 style-local-929-c1 position-relative\">\r\n  <!---->\r\n  <div data-colibri-component=\"section\" data-colibri-id=\"929-c2\" id=\"testimonials\" class=\"h-section h-section-global-spacing d-flex align-items-lg-center align-items-md-center align-items-center style-1331 style-local-929-c2 position-relative\">\r\n    <!---->\r\n    <!---->\r\n    <div class=\"h-section-grid-container h-section-boxed-container\">\r\n      <div data-colibri-id=\"929-c36\" class=\"h-row-container gutters-row-lg-2 gutters-row-md-2 gutters-row-0 gutters-row-v-lg-2 gutters-row-v-md-2 gutters-row-v-2 style-1341 style-local-929-c36 position-relative\">\r\n        <!---->\r\n        <div class=\"h-row justify-content-lg-center justify-content-md-center justify-content-center align-items-lg-stretch align-items-md-stretch align-items-stretch gutters-col-lg-2 gutters-col-md-2 gutters-col-0 gutters-col-v-lg-2 gutters-col-v-md-2 gutters-col-v-2\">\r\n          <!---->\r\n          <div class=\"h-column h-column-container d-flex h-col-lg-auto h-col-md-auto h-col-auto style-1342-outer style-local-929-c37-outer\">\r\n            <div data-colibri-id=\"929-c37\" class=\"d-flex h-flex-basis h-column__inner h-px-lg-2 h-px-md-2 h-px-2 v-inner-lg-2 v-inner-md-2 v-inner-2 style-1342 style-local-929-c37 position-relative\">\r\n              <!---->\r\n              <!---->\r\n              <div class=\"w-100 h-y-container h-column__content h-column__v-align flex-basis-100 align-self-lg-start align-self-md-start align-self-start\">\r\n                <!---->\r\n                <div data-colibri-id=\"929-c38\" class=\"h-global-transition-all h-heading style-1343 style-local-929-c38 position-relative h-element\">\r\n                  <!---->\r\n                  <div class=\"h-heading__outer style-1343 style-local-929-c38\">\r\n                    <!---->\r\n                    <!---->\r\n                    <h2 class=\"\">Zusatzangebote<\/h2>\r\n                  <\/div>\r\n                <\/div>\r\n                <div data-colibri-id=\"929-c39\" class=\"h-lead h-text h-text-component style-1344 style-local-929-c39 position-relative h-element\">\r\n                  <!---->\r\n                  <!---->\r\n                  <div class=\"\">\r\n                    <p>Hier finden Sie unsere Zusatzangebote und unsere (wechselnden) Kooperationspartner<\/p>\r\n                  <\/div>\r\n                <\/div>\r\n              <\/div>\r\n            <\/div>\r\n          <\/div>\r\n        <\/div>\r\n      <\/div>\r\n      <div data-colibri-id=\"929-c3\" class=\"h-row-container gutters-row-lg-2 gutters-row-md-2 gutters-row-0 gutters-row-v-lg-2 gutters-row-v-md-2 gutters-row-v-2 style-1332 style-local-929-c3 position-relative\">\r\n        <!---->\r\n        <div class=\"h-row justify-content-lg-center justify-content-md-center justify-content-center align-items-lg-stretch align-items-md-stretch align-items-stretch gutters-col-lg-2 gutters-col-md-2 gutters-col-0 gutters-col-v-lg-2 gutters-col-v-md-2 gutters-col-v-2\">\r\n          <!---->\r\n          <div class=\"h-column h-column-container d-flex h-col-lg-3 h-col-md-6 h-col-12 style-1333-outer style-local-929-c4-outer\">\r\n            <div data-colibri-id=\"929-c4\" class=\"d-flex h-flex-basis h-column__inner h-px-lg-3 h-px-md-3 h-px-3 v-inner-lg-3 v-inner-md-3 v-inner-3 style-1333 style-local-929-c4 position-relative\">\r\n              <!---->\r\n              <!---->\r\n              <div class=\"w-100 h-y-container h-column__content h-column__v-align flex-basis-100 align-self-lg-start align-self-md-start align-self-start\">\r\n                <!---->\r\n                <div data-colibri-id=\"929-c5\" class=\"h-row-container gutters-row-lg-2 gutters-row-md-2 gutters-row-0 gutters-row-v-lg-2 gutters-row-v-md-2 gutters-row-v-2 style-1334 style-local-929-c5 position-relative\">\r\n                  <!---->\r\n                  <div class=\"h-row justify-content-lg-center justify-content-md-center justify-content-center align-items-lg-stretch align-items-md-stretch align-items-stretch gutters-col-lg-2 gutters-col-md-2 gutters-col-0 gutters-col-v-lg-2 gutters-col-v-md-2 gutters-col-v-2\">\r\n                    <!---->\r\n                    <div class=\"h-column h-column-container d-flex h-col-lg-6 h-col-md-6 h-col-6 style-1335-outer style-local-929-c6-outer\">\r\n                      <div data-colibri-id=\"929-c6\" class=\"d-flex h-flex-basis h-column__inner h-px-lg-0 h-px-md-0 h-px-0 v-inner-lg-0 v-inner-md-0 v-inner-0 style-1335 style-local-929-c6 position-relative\">\r\n                        <!---->\r\n                        <!---->\r\n                        <div class=\"w-100 h-y-container h-column__content h-column__v-align flex-basis-100 align-self-lg-center align-self-md-center align-self-center\">\r\n                          <!---->\r\n                          <div data-colibri-id=\"929-c7\" class=\"d-block style-1336 style-local-929-c7 position-relative h-element\">\r\n                            <!---->\r\n                            <div class=\"h-image__frame-container-outer\">\r\n                              <div class=\"h-image__frame-container\">\r\n                                <!---->\r\n                                <!---->\r\n                                <img loading=\"lazy\" decoding=\"async\" width=\"128\" height=\"62\" src=\"http:\/\/kindervillaosnabrueck.de\/cms\/wp-content\/uploads\/2024\/06\/Musaik.jpg\" class=\"wp-image-975 style-1336-image style-local-929-c7-image\" alt=\"\" \/>\r\n                                <div class=\"h-image__frame h-hide-lg h-hide-md h-hide-sm style-1336-frameImage style-local-929-c7-frameImage\"><\/div>\r\n                              <\/div>\r\n                            <\/div>\r\n                          <\/div>\r\n                        <\/div>\r\n                      <\/div>\r\n                    <\/div>\r\n                    <div class=\"h-column h-column-container d-flex h-col-lg-6 h-col-md-6 h-col-6 style-1337-outer style-local-929-c8-outer\">\r\n                      <div data-colibri-id=\"929-c8\" class=\"d-flex h-flex-basis h-column__inner h-px-lg-0 h-px-md-0 h-px-0 v-inner-lg-0 v-inner-md-0 v-inner-0 style-1337 style-local-929-c8 position-relative\">\r\n                        <!---->\r\n                        <!---->\r\n                        <div class=\"w-100 h-y-container h-column__content h-column__v-align flex-basis-100 align-self-lg-center align-self-md-center align-self-center\">\r\n                          <!---->\r\n                          <div data-colibri-id=\"929-c9\" class=\"h-global-transition-all h-heading style-1338 style-local-929-c9 position-relative h-element\">\r\n                            <!---->\r\n                            <div class=\"h-heading__outer style-1338 style-local-929-c9\">\r\n                              <!---->\r\n                              <!---->\r\n                              <h5 class=\"\">Garbiele Thober<\/h5>\r\n                            <\/div>\r\n                          <\/div>\r\n                          <div data-colibri-id=\"929-c10\" class=\"h-text h-text-component style-1339 style-local-929-c10 position-relative h-element\">\r\n                            <!---->\r\n                            <!---->\r\n                            <div class=\"\">\r\n                              <p>Musikp\u00e4dagogin<\/p>\r\n                            <\/div>\r\n                          <\/div>\r\n                        <\/div>\r\n                      <\/div>\r\n                    <\/div>\r\n                  <\/div>\r\n                <\/div>\r\n                <div data-colibri-id=\"929-c11\" class=\"h-text h-text-component style-1340 style-local-929-c11 position-relative h-element\">\r\n                  <!---->\r\n                  <!---->\r\n                  <div class=\"\">\r\n                    <p><span style=\"color: rgb(119, 119, 119); font-family: Karla, Arial, sans-serif; font-size: 14px; font-weight: 400;\">begleitet uns bereits seit einigen Jahren.&nbsp;Bei ihren w\u00f6chentlichen Besuchen unterst\u00fctzt sie die Erzieher\/innen dabei die aktuellen Themen und Projekte der Kinder musikalisch aufzuarbeiten.<\/span><\/p>\r\n                    <p><span style=\"color: rgb(119, 119, 119); font-family: Karla, Arial, sans-serif; font-size: 14px; font-weight: 400;\">&nbsp;<\/span>\r\n                      <a href=\"http:\/\/www.forum-musaik.de\/start-forum-musaik.html\" style=\"color: rgb(128, 128, 128); font-family: Karla, Arial, sans-serif; font-size: 14px; font-weight: 400;\"\r\n                        class=\"customize-unpreviewable\">Mehr &gt;&gt;<\/a>\r\n                    <\/p>\r\n                  <\/div>\r\n                <\/div>\r\n              <\/div>\r\n            <\/div>\r\n          <\/div>\r\n          <div class=\"h-column h-column-container d-flex h-col-lg-3 h-col-md-6 h-col-12 style-1333-outer style-local-929-c12-outer\">\r\n            <div data-colibri-id=\"929-c12\" class=\"d-flex h-flex-basis h-column__inner h-px-lg-3 h-px-md-3 h-px-3 v-inner-lg-3 v-inner-md-3 v-inner-3 style-1333 style-local-929-c12 position-relative\">\r\n              <!---->\r\n              <!---->\r\n              <div class=\"w-100 h-y-container h-column__content h-column__v-align flex-basis-100 align-self-lg-start align-self-md-start align-self-start\">\r\n                <!---->\r\n                <div data-colibri-id=\"929-c13\" class=\"h-row-container gutters-row-lg-2 gutters-row-md-2 gutters-row-0 gutters-row-v-lg-2 gutters-row-v-md-2 gutters-row-v-2 style-1334 style-local-929-c13 position-relative\">\r\n                  <!---->\r\n                  <div class=\"h-row justify-content-lg-center justify-content-md-center justify-content-center align-items-lg-stretch align-items-md-stretch align-items-stretch gutters-col-lg-2 gutters-col-md-2 gutters-col-0 gutters-col-v-lg-2 gutters-col-v-md-2 gutters-col-v-2\">\r\n                    <!---->\r\n                    <div class=\"h-column h-column-container d-flex h-col-lg-6 h-col-md-6 h-col-6 style-1335-outer style-local-929-c14-outer\">\r\n                      <div data-colibri-id=\"929-c14\" class=\"d-flex h-flex-basis h-column__inner h-px-lg-0 h-px-md-0 h-px-0 v-inner-lg-0 v-inner-md-0 v-inner-0 style-1335 style-local-929-c14 position-relative\">\r\n                        <!---->\r\n                        <!---->\r\n                        <div class=\"w-100 h-y-container h-column__content h-column__v-align flex-basis-100 align-self-lg-center align-self-md-center align-self-center\">\r\n                          <!---->\r\n                          <div data-colibri-id=\"929-c15\" class=\"d-block style-1336 style-local-929-c15 position-relative h-element\">\r\n                            <!---->\r\n                            <div class=\"h-image__frame-container-outer\">\r\n                              <div class=\"h-image__frame-container\">\r\n                                <!---->\r\n                                <!---->\r\n                                <img loading=\"lazy\" decoding=\"async\" width=\"350\" height=\"197\" src=\"http:\/\/kindervillaosnabrueck.de\/cms\/wp-content\/uploads\/2024\/06\/Balkos.png\" class=\"wp-image-978 style-1336-image style-local-929-c15-image\" alt=\"\" srcset=\"https:\/\/kindervillaosnabrueck.de\/cms\/wp-content\/uploads\/2024\/06\/Balkos.png 350w, https:\/\/kindervillaosnabrueck.de\/cms\/wp-content\/uploads\/2024\/06\/Balkos-300x169.png 300w\" sizes=\"auto, (max-width: 350px) 100vw, 350px\" \/>\r\n                                <div class=\"h-image__frame h-hide-lg h-hide-md h-hide-sm style-1336-frameImage style-local-929-c15-frameImage\"><\/div>\r\n                              <\/div>\r\n                            <\/div>\r\n                          <\/div>\r\n                        <\/div>\r\n                      <\/div>\r\n                    <\/div>\r\n                    <div class=\"h-column h-column-container d-flex h-col-lg-6 h-col-md-6 h-col-6 style-1337-outer style-local-929-c16-outer\">\r\n                      <div data-colibri-id=\"929-c16\" class=\"d-flex h-flex-basis h-column__inner h-px-lg-0 h-px-md-0 h-px-0 v-inner-lg-0 v-inner-md-0 v-inner-0 style-1337 style-local-929-c16 position-relative\">\r\n                        <!---->\r\n                        <!---->\r\n                        <div class=\"w-100 h-y-container h-column__content h-column__v-align flex-basis-100 align-self-lg-center align-self-md-center align-self-center\">\r\n                          <!---->\r\n                          <div data-colibri-id=\"929-c17\" class=\"h-global-transition-all h-heading style-1338 style-local-929-c17 position-relative h-element\">\r\n                            <!---->\r\n                            <div class=\"h-heading__outer style-1338 style-local-929-c17\">\r\n                              <!---->\r\n                              <!---->\r\n                              <h5 class=\"\">Stefan Wessels<\/h5>\r\n                            <\/div>\r\n                          <\/div>\r\n                          <div data-colibri-id=\"929-c18\" class=\"h-text h-text-component style-1339 style-local-929-c18 position-relative h-element\">\r\n                            <!---->\r\n                            <!---->\r\n                            <div class=\"\">\r\n                              <p>BaKos Ballschule<\/p>\r\n                            <\/div>\r\n                          <\/div>\r\n                        <\/div>\r\n                      <\/div>\r\n                    <\/div>\r\n                  <\/div>\r\n                <\/div>\r\n                <div data-colibri-id=\"929-c19\" class=\"h-text h-text-component style-1340 style-local-929-c19 position-relative h-element\">\r\n                  <!---->\r\n                  <!---->\r\n                  <div class=\"\">\r\n                    <p><span style=\"color: rgb(119, 119, 119); font-family: Karla, Arial, sans-serif; font-size: 14px; font-weight: 400;\">Ein spezielles Projekt haben wir mit Fu\u00dfballprofi und Leiter des Ballschulzentrums Osnabr\u00fcck, Stefan Wessels, f\u00fcr unsere Einrichtung entwickelt. Angelehnt an das erfolgreiche Konzept der Ballschule begleitete ein\/e Trainer\/in&nbsp;von BaKos uns regelm\u00e4\u00dfig bei den Turnangeboten und brachte zus\u00e4tzliche Anreize mit ein.&nbsp;<\/span><\/p>\r\n                    <p>\r\n                      <a href=\"http:\/\/www.bakos.de\" style=\"color: rgb(128, 128, 128); font-family: Karla, Arial, sans-serif; font-size: 14px; font-weight: 400;\" class=\"customize-unpreviewable\">Mehr &gt;&gt;<\/a>\r\n                    <\/p>\r\n                  <\/div>\r\n                <\/div>\r\n              <\/div>\r\n            <\/div>\r\n          <\/div>\r\n          <div class=\"h-column h-column-container d-flex h-col-lg-3 h-col-md-6 h-col-12 style-1333-outer style-local-929-c20-outer\">\r\n            <div data-colibri-id=\"929-c20\" class=\"d-flex h-flex-basis h-column__inner h-px-lg-3 h-px-md-3 h-px-3 v-inner-lg-3 v-inner-md-3 v-inner-3 style-1333 style-local-929-c20 position-relative\">\r\n              <!---->\r\n              <!---->\r\n              <div class=\"w-100 h-y-container h-column__content h-column__v-align flex-basis-100 align-self-lg-start align-self-md-start align-self-start\">\r\n                <!---->\r\n                <div data-colibri-id=\"929-c21\" class=\"h-row-container gutters-row-lg-2 gutters-row-md-2 gutters-row-0 gutters-row-v-lg-2 gutters-row-v-md-2 gutters-row-v-2 style-1334 style-local-929-c21 position-relative\">\r\n                  <!---->\r\n                  <div class=\"h-row justify-content-lg-center justify-content-md-center justify-content-center align-items-lg-stretch align-items-md-stretch align-items-stretch gutters-col-lg-2 gutters-col-md-2 gutters-col-0 gutters-col-v-lg-2 gutters-col-v-md-2 gutters-col-v-2\">\r\n                    <!---->\r\n                    <div class=\"h-column h-column-container d-flex h-col-lg-6 h-col-md-6 h-col-6 style-1335-outer style-local-929-c22-outer\">\r\n                      <div data-colibri-id=\"929-c22\" class=\"d-flex h-flex-basis h-column__inner h-px-lg-0 h-px-md-0 h-px-0 v-inner-lg-0 v-inner-md-0 v-inner-0 style-1335 style-local-929-c22 position-relative\">\r\n                        <!---->\r\n                        <!---->\r\n                        <div class=\"w-100 h-y-container h-column__content h-column__v-align flex-basis-100 align-self-lg-center align-self-md-center align-self-center\">\r\n                          <!---->\r\n                          <div data-colibri-id=\"929-c23\" class=\"d-block style-1336 style-local-929-c23 position-relative h-element\">\r\n                            <!---->\r\n                            <div class=\"h-image__frame-container-outer\">\r\n                              <div class=\"h-image__frame-container\">\r\n                                <!---->\r\n                                <!---->\r\n                                <img loading=\"lazy\" decoding=\"async\" width=\"257\" height=\"257\" src=\"http:\/\/kindervillaosnabrueck.de\/cms\/wp-content\/uploads\/2024\/06\/cropped-DEOS.jpg\" class=\"wp-image-980 style-1336-image style-local-929-c23-image\" alt=\"\" srcset=\"https:\/\/kindervillaosnabrueck.de\/cms\/wp-content\/uploads\/2024\/06\/cropped-DEOS.jpg 257w, https:\/\/kindervillaosnabrueck.de\/cms\/wp-content\/uploads\/2024\/06\/cropped-DEOS-150x150.jpg 150w\" sizes=\"auto, (max-width: 257px) 100vw, 257px\" \/>\r\n                                <div class=\"h-image__frame h-hide-lg h-hide-md h-hide-sm style-1336-frameImage style-local-929-c23-frameImage\"><\/div>\r\n                              <\/div>\r\n                            <\/div>\r\n                          <\/div>\r\n                        <\/div>\r\n                      <\/div>\r\n                    <\/div>\r\n                    <div class=\"h-column h-column-container d-flex h-col-lg-6 h-col-md-6 h-col-6 style-1337-outer style-local-929-c24-outer\">\r\n                      <div data-colibri-id=\"929-c24\" class=\"d-flex h-flex-basis h-column__inner h-px-lg-0 h-px-md-0 h-px-0 v-inner-lg-0 v-inner-md-0 v-inner-0 style-1337 style-local-929-c24 position-relative\">\r\n                        <!---->\r\n                        <!---->\r\n                        <div class=\"w-100 h-y-container h-column__content h-column__v-align flex-basis-100 align-self-lg-center align-self-md-center align-self-center\">\r\n                          <!---->\r\n                          <div data-colibri-id=\"929-c25\" class=\"h-global-transition-all h-heading style-1338 style-local-929-c25 position-relative h-element\">\r\n                            <!---->\r\n                            <div class=\"h-heading__outer style-1338 style-local-929-c25\">\r\n                              <!---->\r\n                              <!---->\r\n                              <h5 class=\"\">Dachverband <\/h5>\r\n                            <\/div>\r\n                          <\/div>\r\n                          <div data-colibri-id=\"929-c26\" class=\"h-text h-text-component style-1339 style-local-929-c26 position-relative h-element\">\r\n                            <!---->\r\n                            <!---->\r\n                            <div class=\"\">\r\n                              <p>Elterninitiativen<\/p>\r\n                            <\/div>\r\n                          <\/div>\r\n                        <\/div>\r\n                      <\/div>\r\n                    <\/div>\r\n                  <\/div>\r\n                <\/div>\r\n                <div data-colibri-id=\"929-c27\" class=\"h-text h-text-component style-1340 style-local-929-c27 position-relative h-element\">\r\n                  <!---->\r\n                  <!---->\r\n                  <div class=\"\">\r\n                    <p><span style=\"color: rgb(119, 119, 119); font-family: Karla, Arial, sans-serif; font-size: 14px; font-weight: 400;\">Der Dachverband versteht sich als Interessensvertretung und Sprachrohr aller Elterninitiativen in Osnabr\u00fcck. <\/span><\/p>\r\n                    <p>\r\n                      <a href=\"http:\/\/d-e-o-s.de\/index.php?startseite=undefined\" style=\"color: rgb(128, 128, 128); font-family: Karla, Arial, sans-serif; font-size: 14px; font-weight: 400;\" class=\"customize-unpreviewable\">Mehr &gt;&gt;<\/a>\r\n                    <\/p>\r\n                  <\/div>\r\n                <\/div>\r\n              <\/div>\r\n            <\/div>\r\n          <\/div>\r\n          <div class=\"h-column h-column-container d-flex h-col-lg-3 h-col-md-6 h-col-12 style-1333-outer style-local-929-c78-outer\">\r\n            <div data-colibri-id=\"929-c78\" class=\"d-flex h-flex-basis h-column__inner h-px-lg-3 h-px-md-3 h-px-3 v-inner-lg-3 v-inner-md-3 v-inner-3 style-1333 style-local-929-c78 position-relative\">\r\n              <!---->\r\n              <!---->\r\n              <div class=\"w-100 h-y-container h-column__content h-column__v-align flex-basis-100 align-self-lg-start align-self-md-start align-self-start\">\r\n                <!---->\r\n                <div data-colibri-id=\"929-c79\" class=\"h-row-container gutters-row-lg-2 gutters-row-md-2 gutters-row-0 gutters-row-v-lg-2 gutters-row-v-md-2 gutters-row-v-2 style-1334 style-local-929-c79 position-relative\">\r\n                  <!---->\r\n                  <div class=\"h-row justify-content-lg-center justify-content-md-center justify-content-center align-items-lg-stretch align-items-md-stretch align-items-stretch gutters-col-lg-2 gutters-col-md-2 gutters-col-0 gutters-col-v-lg-2 gutters-col-v-md-2 gutters-col-v-2\">\r\n                    <!---->\r\n                    <div class=\"h-column h-column-container d-flex h-col-lg-6 h-col-md-6 h-col-6 style-1335-outer style-local-929-c80-outer\">\r\n                      <div data-colibri-id=\"929-c80\" class=\"d-flex h-flex-basis h-column__inner h-px-lg-0 h-px-md-0 h-px-0 v-inner-lg-0 v-inner-md-0 v-inner-0 style-1335 style-local-929-c80 position-relative\">\r\n                        <!---->\r\n                        <!---->\r\n                        <div class=\"w-100 h-y-container h-column__content h-column__v-align flex-basis-100 align-self-lg-center align-self-md-center align-self-center\">\r\n                          <!---->\r\n                          <div data-colibri-id=\"929-c81\" class=\"d-block style-1336 style-local-929-c81 position-relative h-element\">\r\n                            <!---->\r\n                            <div class=\"h-image__frame-container-outer\">\r\n                              <div class=\"h-image__frame-container\">\r\n                                <!---->\r\n                                <!---->\r\n                                <img loading=\"lazy\" decoding=\"async\" width=\"380\" height=\"314\" src=\"https:\/\/kindervillaosnabrueck.de\/cms\/wp-content\/uploads\/2024\/07\/Kunstsprung.png\" class=\"wp-image-1147 style-1336-image style-local-929-c81-image\" alt=\"\" srcset=\"https:\/\/kindervillaosnabrueck.de\/cms\/wp-content\/uploads\/2024\/07\/Kunstsprung.png 380w, https:\/\/kindervillaosnabrueck.de\/cms\/wp-content\/uploads\/2024\/07\/Kunstsprung-300x248.png 300w\" sizes=\"auto, (max-width: 380px) 100vw, 380px\" \/>\r\n                                <div class=\"h-image__frame h-hide-lg h-hide-md h-hide-sm style-1336-frameImage style-local-929-c81-frameImage\"><\/div>\r\n                              <\/div>\r\n                            <\/div>\r\n                          <\/div>\r\n                        <\/div>\r\n                      <\/div>\r\n                    <\/div>\r\n                    <div class=\"h-column h-column-container d-flex h-col-lg-6 h-col-md-6 h-col-6 style-1337-outer style-local-929-c82-outer\">\r\n                      <div data-colibri-id=\"929-c82\" class=\"d-flex h-flex-basis h-column__inner h-px-lg-0 h-px-md-0 h-px-0 v-inner-lg-0 v-inner-md-0 v-inner-0 style-1337 style-local-929-c82 position-relative\">\r\n                        <!---->\r\n                        <!---->\r\n                        <div class=\"w-100 h-y-container h-column__content h-column__v-align flex-basis-100 align-self-lg-center align-self-md-center align-self-center\">\r\n                          <!---->\r\n                          <div data-colibri-id=\"929-c83\" class=\"h-global-transition-all h-heading style-1338 style-local-929-c83 position-relative h-element\">\r\n                            <!---->\r\n                            <div class=\"h-heading__outer style-1338 style-local-929-c83\">\r\n                              <!---->\r\n                              <!---->\r\n                              <h5 class=\"\">Kunstsprung<\/h5>\r\n                            <\/div>\r\n                          <\/div>\r\n                          <div data-colibri-id=\"929-c84\" class=\"h-text h-text-component style-1339 style-local-929-c84 position-relative h-element\">\r\n                            <!---->\r\n                            <!---->\r\n                            <div class=\"\">\r\n                              <p>Elterninitiativen<\/p>\r\n                            <\/div>\r\n                          <\/div>\r\n                        <\/div>\r\n                      <\/div>\r\n                    <\/div>\r\n                  <\/div>\r\n                <\/div>\r\n                <div data-colibri-id=\"929-c85\" class=\"h-text h-text-component style-1340 style-local-929-c85 position-relative h-element\">\r\n                  <!---->\r\n                  <!---->\r\n                  <div class=\"\">\r\n                    <p><span style=\"font-weight: 400; font-size: 14px; font-family: Karla, Arial, sans-serif; color: rgb(119, 119, 119);\">Wir haben den KunstvermittlungsRaum nun schon mehrmals mit verschiedenen Kleingruppen in Form von Projekten besucht. In der k\u00fcnstlerisch-kreativen Umgebung k\u00f6nnen die Kinder ihrer eigenen Kreativit\u00e4t freien Lauf lassen.<\/span><\/p>\r\n                    <p>\r\n                      <a href=\"https:\/\/www.kunst-sprung.de\/ich-sehe-was\" style=\"font-weight: 400; font-size: 14px; font-family: Karla, Arial, sans-serif; color: rgb(128, 128, 128);\" class=\"customize-unpreviewable\" draggable=\"false\">Mehr &gt;&gt;<\/a>\r\n                    <\/p>\r\n                  <\/div>\r\n                <\/div>\r\n              <\/div>\r\n            <\/div>\r\n          <\/div>\r\n        <\/div>\r\n      <\/div>\r\n    <\/div>\r\n  <\/div>\r\n  <div data-colibri-component=\"section\" data-colibri-id=\"929-c40\" id=\"testimonials-2\" class=\"h-section h-section-global-spacing d-flex align-items-lg-center align-items-md-center align-items-center style-1352 style-local-929-c40 position-relative\">\r\n    <!---->\r\n    <!---->\r\n    <div class=\"h-section-grid-container h-section-boxed-container\">\r\n      <!---->\r\n      <div data-colibri-id=\"929-c41\" class=\"h-row-container gutters-row-lg-2 gutters-row-md-2 gutters-row-0 gutters-row-v-lg-2 gutters-row-v-md-2 gutters-row-v-2 style-1353 style-local-929-c41 position-relative\">\r\n        <!---->\r\n        <div class=\"h-row justify-content-lg-center justify-content-md-center justify-content-center align-items-lg-stretch align-items-md-stretch align-items-stretch gutters-col-lg-2 gutters-col-md-2 gutters-col-0 gutters-col-v-lg-2 gutters-col-v-md-2 gutters-col-v-2\">\r\n          <!---->\r\n          <div class=\"h-column h-column-container d-flex h-col-lg-3 h-col-md-6 h-col-12 style-1354-outer style-local-929-c42-outer\">\r\n            <div data-colibri-id=\"929-c42\" class=\"d-flex h-flex-basis h-column__inner h-px-lg-3 h-px-md-3 h-px-3 v-inner-lg-3 v-inner-md-3 v-inner-3 style-1354 style-local-929-c42 position-relative\">\r\n              <!---->\r\n              <!---->\r\n              <div class=\"w-100 h-y-container h-column__content h-column__v-align flex-basis-100 align-self-lg-start align-self-md-start align-self-start\">\r\n                <!---->\r\n                <div data-colibri-id=\"929-c43\" class=\"h-row-container gutters-row-lg-2 gutters-row-md-2 gutters-row-0 gutters-row-v-lg-2 gutters-row-v-md-2 gutters-row-v-2 style-1355 style-local-929-c43 position-relative\">\r\n                  <!---->\r\n                  <div class=\"h-row justify-content-lg-center justify-content-md-center justify-content-center align-items-lg-stretch align-items-md-stretch align-items-stretch gutters-col-lg-2 gutters-col-md-2 gutters-col-0 gutters-col-v-lg-2 gutters-col-v-md-2 gutters-col-v-2\">\r\n                    <!---->\r\n                    <div class=\"h-column h-column-container d-flex h-col-lg-6 h-col-md-6 h-col-6 style-1356-outer style-local-929-c44-outer\">\r\n                      <div data-colibri-id=\"929-c44\" class=\"d-flex h-flex-basis h-column__inner h-px-lg-0 h-px-md-0 h-px-0 v-inner-lg-0 v-inner-md-0 v-inner-0 style-1356 style-local-929-c44 position-relative\">\r\n                        <!---->\r\n                        <!---->\r\n                        <div class=\"w-100 h-y-container h-column__content h-column__v-align flex-basis-100 align-self-lg-center align-self-md-center align-self-center\">\r\n                          <!---->\r\n                          <div data-colibri-id=\"929-c45\" class=\"d-block style-1357 style-local-929-c45 position-relative h-element\">\r\n                            <!---->\r\n                            <div class=\"h-image__frame-container-outer\">\r\n                              <div class=\"h-image__frame-container\">\r\n                                <!---->\r\n                                <!---->\r\n                                <img loading=\"lazy\" decoding=\"async\" width=\"350\" height=\"110\" src=\"http:\/\/kindervillaosnabrueck.de\/cms\/wp-content\/uploads\/2024\/06\/Grips.png\" class=\"wp-image-982 style-1357-image style-local-929-c45-image\" alt=\"\" srcset=\"https:\/\/kindervillaosnabrueck.de\/cms\/wp-content\/uploads\/2024\/06\/Grips.png 350w, https:\/\/kindervillaosnabrueck.de\/cms\/wp-content\/uploads\/2024\/06\/Grips-300x94.png 300w\" sizes=\"auto, (max-width: 350px) 100vw, 350px\" \/>\r\n                                <div class=\"h-image__frame h-hide-lg h-hide-md h-hide-sm style-1357-frameImage style-local-929-c45-frameImage\"><\/div>\r\n                              <\/div>\r\n                            <\/div>\r\n                          <\/div>\r\n                        <\/div>\r\n                      <\/div>\r\n                    <\/div>\r\n                    <div class=\"h-column h-column-container d-flex h-col-lg-6 h-col-md-6 h-col-6 style-1358-outer style-local-929-c46-outer\">\r\n                      <div data-colibri-id=\"929-c46\" class=\"d-flex h-flex-basis h-column__inner h-px-lg-0 h-px-md-0 h-px-0 v-inner-lg-0 v-inner-md-0 v-inner-0 style-1358 style-local-929-c46 position-relative\">\r\n                        <!---->\r\n                        <!---->\r\n                        <div class=\"w-100 h-y-container h-column__content h-column__v-align flex-basis-100 align-self-lg-center align-self-md-center align-self-center\">\r\n                          <!---->\r\n                          <div data-colibri-id=\"929-c47\" class=\"h-global-transition-all h-heading style-1359 style-local-929-c47 position-relative h-element\">\r\n                            <!---->\r\n                            <div class=\"h-heading__outer style-1359 style-local-929-c47\">\r\n                              <!---->\r\n                              <!---->\r\n                              <h5 class=\"\">Grips &amp; Co.<\/h5>\r\n                            <\/div>\r\n                          <\/div>\r\n                          <div data-colibri-id=\"929-c48\" class=\"h-text h-text-component style-1360 style-local-929-c48 position-relative h-element\">\r\n                            <!---->\r\n                            <!---->\r\n                            <div class=\"\">\r\n                              <p>F\u00f6rderung hochbegabter Kinder<\/p>\r\n                            <\/div>\r\n                          <\/div>\r\n                        <\/div>\r\n                      <\/div>\r\n                    <\/div>\r\n                  <\/div>\r\n                <\/div>\r\n                <div data-colibri-id=\"929-c49\" class=\"h-text h-text-component style-1361 style-local-929-c49 position-relative h-element\">\r\n                  <!---->\r\n                  <!---->\r\n                  <div class=\"\">\r\n                    <p><span style=\"font-weight: 400; font-size: 14px; font-family: Karla, Arial, sans-serif; color: rgb(119, 119, 119);\">Die Kindervilla e.V. und der Verein Grips &amp; Co. k\u00f6nnen auf eine langj\u00e4hrige Zusammenarbeit zur\u00fcckblicken und profitieren durch gegenseitige Beratung.&nbsp;<\/span><\/p>\r\n                    <p>\r\n                      <a href=\"http:\/\/www.grips-und-co.de\" style=\"font-weight: 400; font-size: 14px; font-family: Karla, Arial, sans-serif; color: rgb(128, 128, 128);\" class=\"customize-unpreviewable\">Mehr &gt;&gt;<\/a>\r\n                    <\/p>\r\n                  <\/div>\r\n                <\/div>\r\n              <\/div>\r\n            <\/div>\r\n          <\/div>\r\n          <div class=\"h-column h-column-container d-flex h-col-lg-3 h-col-md-6 h-col-12 style-1354-outer style-local-929-c50-outer\">\r\n            <div data-colibri-id=\"929-c50\" class=\"d-flex h-flex-basis h-column__inner h-px-lg-3 h-px-md-3 h-px-3 v-inner-lg-3 v-inner-md-3 v-inner-3 style-1354 style-local-929-c50 position-relative\">\r\n              <!---->\r\n              <!---->\r\n              <div class=\"w-100 h-y-container h-column__content h-column__v-align flex-basis-100 align-self-lg-start align-self-md-start align-self-start\">\r\n                <!---->\r\n                <div data-colibri-id=\"929-c51\" class=\"h-row-container gutters-row-lg-2 gutters-row-md-2 gutters-row-0 gutters-row-v-lg-2 gutters-row-v-md-2 gutters-row-v-2 style-1355 style-local-929-c51 position-relative\">\r\n                  <!---->\r\n                  <div class=\"h-row justify-content-lg-center justify-content-md-center justify-content-center align-items-lg-stretch align-items-md-stretch align-items-stretch gutters-col-lg-2 gutters-col-md-2 gutters-col-0 gutters-col-v-lg-2 gutters-col-v-md-2 gutters-col-v-2\">\r\n                    <!---->\r\n                    <div class=\"h-column h-column-container d-flex h-col-lg-6 h-col-md-6 h-col-6 style-1356-outer style-local-929-c52-outer\">\r\n                      <div data-colibri-id=\"929-c52\" class=\"d-flex h-flex-basis h-column__inner h-px-lg-0 h-px-md-0 h-px-0 v-inner-lg-0 v-inner-md-0 v-inner-0 style-1356 style-local-929-c52 position-relative\">\r\n                        <!---->\r\n                        <!---->\r\n                        <div class=\"w-100 h-y-container h-column__content h-column__v-align flex-basis-100 align-self-lg-center align-self-md-center align-self-center\">\r\n                          <!---->\r\n                          <div data-colibri-id=\"929-c53\" class=\"d-block style-1357 style-local-929-c53 position-relative h-element\">\r\n                            <!---->\r\n                            <div class=\"h-image__frame-container-outer\">\r\n                              <div class=\"h-image__frame-container\">\r\n                                <!---->\r\n                                <!---->\r\n                                <img loading=\"lazy\" decoding=\"async\" width=\"192\" height=\"108\" src=\"https:\/\/kindervillaosnabrueck.de\/cms\/wp-content\/uploads\/2024\/07\/Jan-Korus.png\" class=\"wp-image-1148 style-1357-image style-local-929-c53-image\" alt=\"\" \/>\r\n                                <div class=\"h-image__frame h-hide-lg h-hide-md h-hide-sm style-1357-frameImage style-local-929-c53-frameImage\"><\/div>\r\n                              <\/div>\r\n                            <\/div>\r\n                          <\/div>\r\n                        <\/div>\r\n                      <\/div>\r\n                    <\/div>\r\n                    <div class=\"h-column h-column-container d-flex h-col-lg-6 h-col-md-6 h-col-6 style-1358-outer style-local-929-c54-outer\">\r\n                      <div data-colibri-id=\"929-c54\" class=\"d-flex h-flex-basis h-column__inner h-px-lg-0 h-px-md-0 h-px-0 v-inner-lg-0 v-inner-md-0 v-inner-0 style-1358 style-local-929-c54 position-relative\">\r\n                        <!---->\r\n                        <!---->\r\n                        <div class=\"w-100 h-y-container h-column__content h-column__v-align flex-basis-100 align-self-lg-center align-self-md-center align-self-center\">\r\n                          <!---->\r\n                          <div data-colibri-id=\"929-c55\" class=\"h-global-transition-all h-heading style-1359 style-local-929-c55 position-relative h-element\">\r\n                            <!---->\r\n                            <div class=\"h-heading__outer style-1359 style-local-929-c55\">\r\n                              <!---->\r\n                              <!---->\r\n                              <h5 class=\"\">Shindo Selbstsicherheitsschule<\/h5>\r\n                            <\/div>\r\n                          <\/div>\r\n                          <div data-colibri-id=\"929-c56\" class=\"h-text h-text-component style-1360 style-local-929-c56 position-relative h-element\">\r\n                            <!---->\r\n                            <!---->\r\n                            <div class=\"\">\r\n                              <p>Jan Korus<\/p>\r\n                            <\/div>\r\n                          <\/div>\r\n                        <\/div>\r\n                      <\/div>\r\n                    <\/div>\r\n                  <\/div>\r\n                <\/div>\r\n                <div data-colibri-id=\"929-c57\" class=\"h-text h-text-component style-1361 style-local-929-c57 position-relative h-element\">\r\n                  <!---->\r\n                  <!---->\r\n                  <div class=\"\">\r\n                    <p><span style=\"color: rgb(119, 119, 119); font-family: Karla, Arial, sans-serif; font-size: 14px; font-weight: 400;\">Mit Hilfe von Jan Korus trainieren wir in Form von Projekten Selbstverteidigungsstrategien. Ganz nebenbei lernen die Kinder dabei auch noch, wie wichtig es ist, f\u00fcr sich selbst einzustehen.<\/span><\/p>\r\n                    <p><span style=\"color: rgb(119, 119, 119); font-family: Karla, Arial, sans-serif; font-size: 14px; font-weight: 400;\">&nbsp;<\/span>\r\n                      <a href=\"https:\/\/www.sicherundselbstbewusst.de\" target=\"_parent\" style=\"color: rgb(128, 128, 128); font-family: Karla, Arial, sans-serif; font-size: 14px; font-weight: 400;\" class=\"customize-unpreviewable\" draggable=\"false\" rel=\"noopener\">Mehr&gt;&gt;<\/a>\r\n                    <\/p>\r\n                  <\/div>\r\n                <\/div>\r\n              <\/div>\r\n            <\/div>\r\n          <\/div>\r\n          <div class=\"h-column h-column-container d-flex h-col-lg-3 h-col-md-6 h-col-12 style-1354-outer style-local-929-c58-outer\">\r\n            <div data-colibri-id=\"929-c58\" class=\"d-flex h-flex-basis h-column__inner h-px-lg-3 h-px-md-3 h-px-3 v-inner-lg-3 v-inner-md-3 v-inner-3 style-1354 style-local-929-c58 position-relative\">\r\n              <!---->\r\n              <!---->\r\n              <div class=\"w-100 h-y-container h-column__content h-column__v-align flex-basis-100 align-self-lg-start align-self-md-start align-self-start\">\r\n                <!---->\r\n                <div data-colibri-id=\"929-c59\" class=\"h-row-container gutters-row-lg-2 gutters-row-md-2 gutters-row-0 gutters-row-v-lg-2 gutters-row-v-md-2 gutters-row-v-2 style-1355 style-local-929-c59 position-relative\">\r\n                  <!---->\r\n                  <div class=\"h-row justify-content-lg-center justify-content-md-center justify-content-center align-items-lg-stretch align-items-md-stretch align-items-stretch gutters-col-lg-2 gutters-col-md-2 gutters-col-0 gutters-col-v-lg-2 gutters-col-v-md-2 gutters-col-v-2\">\r\n                    <!---->\r\n                    <div class=\"h-column h-column-container d-flex h-col-lg-6 h-col-md-6 h-col-6 style-1356-outer style-local-929-c60-outer\">\r\n                      <div data-colibri-id=\"929-c60\" class=\"d-flex h-flex-basis h-column__inner h-px-lg-0 h-px-md-0 h-px-0 v-inner-lg-0 v-inner-md-0 v-inner-0 style-1356 style-local-929-c60 position-relative\">\r\n                        <!---->\r\n                        <!---->\r\n                        <div class=\"w-100 h-y-container h-column__content h-column__v-align flex-basis-100 align-self-lg-center align-self-md-center align-self-center\">\r\n                          <!---->\r\n                          <div data-colibri-id=\"929-c61\" class=\"d-block style-1357 style-local-929-c61 position-relative h-element\">\r\n                            <!---->\r\n                            <div class=\"h-image__frame-container-outer\">\r\n                              <div class=\"h-image__frame-container\">\r\n                                <!---->\r\n                                <!---->\r\n                                <img loading=\"lazy\" decoding=\"async\" width=\"350\" height=\"263\" src=\"http:\/\/kindervillaosnabrueck.de\/cms\/wp-content\/uploads\/2024\/06\/Humani.jpg\" class=\"wp-image-984 style-1357-image style-local-929-c61-image\" alt=\"\" srcset=\"https:\/\/kindervillaosnabrueck.de\/cms\/wp-content\/uploads\/2024\/06\/Humani.jpg 350w, https:\/\/kindervillaosnabrueck.de\/cms\/wp-content\/uploads\/2024\/06\/Humani-300x225.jpg 300w\" sizes=\"auto, (max-width: 350px) 100vw, 350px\" \/>\r\n                                <div class=\"h-image__frame h-hide-lg h-hide-md h-hide-sm style-1357-frameImage style-local-929-c61-frameImage\"><\/div>\r\n                              <\/div>\r\n                            <\/div>\r\n                          <\/div>\r\n                        <\/div>\r\n                      <\/div>\r\n                    <\/div>\r\n                    <div class=\"h-column h-column-container d-flex h-col-lg-6 h-col-md-6 h-col-6 style-1358-outer style-local-929-c62-outer\">\r\n                      <div data-colibri-id=\"929-c62\" class=\"d-flex h-flex-basis h-column__inner h-px-lg-0 h-px-md-0 h-px-0 v-inner-lg-0 v-inner-md-0 v-inner-0 style-1358 style-local-929-c62 position-relative\">\r\n                        <!---->\r\n                        <!---->\r\n                        <div class=\"w-100 h-y-container h-column__content h-column__v-align flex-basis-100 align-self-lg-center align-self-md-center align-self-center\">\r\n                          <!---->\r\n                          <div data-colibri-id=\"929-c63\" class=\"h-global-transition-all h-heading style-1359 style-local-929-c63 position-relative h-element\">\r\n                            <!---->\r\n                            <div class=\"h-heading__outer style-1359 style-local-929-c63\">\r\n                              <!---->\r\n                              <!---->\r\n                              <h5 class=\"\">Humani<\/h5>\r\n                            <\/div>\r\n                          <\/div>\r\n                          <div data-colibri-id=\"929-c64\" class=\"h-text h-text-component style-1360 style-local-929-c64 position-relative h-element\">\r\n                            <!---->\r\n                            <!---->\r\n                            <div class=\"\">\r\n                              <p>Tiergest\u00fctzte soziale Arbeit<\/p>\r\n                            <\/div>\r\n                          <\/div>\r\n                        <\/div>\r\n                      <\/div>\r\n                    <\/div>\r\n                  <\/div>\r\n                <\/div>\r\n                <div data-colibri-id=\"929-c65\" class=\"h-text h-text-component style-1361 style-local-929-c65 position-relative h-element\">\r\n                  <!---->\r\n                  <!---->\r\n                  <div class=\"\">\r\n                    <p><span style=\"font-weight: 400; font-size: 14px; font-family: Karla, Arial, sans-serif; color: rgb(119, 119, 119);\">Im Rahmen eines Projektes besuchte uns die Australian Sheppard &#8211; H\u00fcndin, Mika, mit ihrem Frauchen, Christine, und begleitete unseren Alltag. Spielerisch erfuhren die Kinder Respekt vor dem Tier und den Umgang mit Hunden.&nbsp;<\/span><\/p>\r\n                    <p>\r\n                      <a href=\"https:\/\/www.hum-ani.de\/mit-hunden.php\" style=\"font-weight: 400; font-size: 14px; font-family: Karla, Arial, sans-serif; color: rgb(128, 128, 128);\" class=\"customize-unpreviewable\">Mehr&gt;&gt;<\/a>\r\n                    <\/p>\r\n                  <\/div>\r\n                <\/div>\r\n              <\/div>\r\n            <\/div>\r\n          <\/div>\r\n          <div class=\"h-column h-column-container d-flex h-col-lg-3 h-col-md-6 h-col-12 style-1354-outer style-local-929-c66-outer\">\r\n            <div data-colibri-id=\"929-c66\" class=\"d-flex h-flex-basis h-column__inner h-px-lg-3 h-px-md-3 h-px-3 v-inner-lg-3 v-inner-md-3 v-inner-3 style-1354 style-local-929-c66 position-relative\">\r\n              <!---->\r\n              <!---->\r\n              <div class=\"w-100 h-y-container h-column__content h-column__v-align flex-basis-100 align-self-lg-start align-self-md-start align-self-start\">\r\n                <!---->\r\n                <div data-colibri-id=\"929-c67\" class=\"h-row-container gutters-row-lg-2 gutters-row-md-2 gutters-row-0 gutters-row-v-lg-2 gutters-row-v-md-2 gutters-row-v-2 style-1355 style-local-929-c67 position-relative\">\r\n                  <!---->\r\n                  <div class=\"h-row justify-content-lg-center justify-content-md-center justify-content-center align-items-lg-stretch align-items-md-stretch align-items-stretch gutters-col-lg-2 gutters-col-md-2 gutters-col-0 gutters-col-v-lg-2 gutters-col-v-md-2 gutters-col-v-2\">\r\n                    <!---->\r\n                    <div class=\"h-column h-column-container d-flex h-col-lg-6 h-col-md-6 h-col-6 style-1356-outer style-local-929-c68-outer\">\r\n                      <div data-colibri-id=\"929-c68\" class=\"d-flex h-flex-basis h-column__inner h-ui-empty-state-container h-px-lg-0 h-px-md-0 h-px-0 v-inner-lg-0 v-inner-md-0 v-inner-0 style-1356 style-local-929-c68 position-relative\">\r\n                        <!---->\r\n                        <!---->\r\n                        <div class=\"w-100 h-y-container h-column__content h-column__v-align flex-basis-100\">\r\n                          <!---->\r\n                        <\/div>\r\n                      <\/div>\r\n                    <\/div>\r\n                    <div class=\"h-column h-column-container d-flex h-col-lg-6 h-col-md-6 h-col-6 style-1358-outer style-local-929-c69-outer\">\r\n                      <div data-colibri-id=\"929-c69\" class=\"d-flex h-flex-basis h-column__inner h-px-lg-0 h-px-md-0 h-px-0 v-inner-lg-0 v-inner-md-0 v-inner-0 style-1358 style-local-929-c69 position-relative\">\r\n                        <!---->\r\n                        <!---->\r\n                        <div class=\"w-100 h-y-container h-column__content h-column__v-align flex-basis-100 align-self-lg-center align-self-md-center align-self-center\">\r\n                          <!---->\r\n                          <div data-colibri-id=\"929-c70\" class=\"h-global-transition-all h-heading style-1359 style-local-929-c70 position-relative h-element\">\r\n                            <!---->\r\n                            <div class=\"h-heading__outer style-1359 style-local-929-c70\">\r\n                              <!---->\r\n                              <!---->\r\n                              <h5 class=\"\">Kunstschule<\/h5>\r\n                            <\/div>\r\n                          <\/div>\r\n                          <div data-colibri-id=\"929-c71\" class=\"h-text h-text-component style-1360 style-local-929-c71 position-relative h-element\">\r\n                            <!---->\r\n                            <!---->\r\n                            <div class=\"\">\r\n                              <p>Osnabr\u00fcck<\/p>\r\n                            <\/div>\r\n                          <\/div>\r\n                        <\/div>\r\n                      <\/div>\r\n                    <\/div>\r\n                  <\/div>\r\n                <\/div>\r\n                <div data-colibri-id=\"929-c72\" class=\"h-text h-text-component style-1361 style-local-929-c72 position-relative h-element\">\r\n                  <!---->\r\n                  <!---->\r\n                  <div class=\"\">\r\n                    <p><span style=\"font-weight: 400; font-size: 14px; font-family: Karla, Arial, sans-serif; color: rgb(119, 119, 119);\">W\u00f6chentlich besuchte eine Kleingruppe von Kindern die einladeneden R\u00e4umlichkeiten der Kunstschule und profitiert von dem Knowhow der Kunstp\u00e4dagogen. Das Angebot erg\u00e4nzte die Arbeit in unserem Atelier.<\/span><\/p>\r\n                    <p><span style=\"font-weight: 400; font-size: 14px; font-family: Karla, Arial, sans-serif; color: rgb(119, 119, 119);\">&nbsp;<\/span>\r\n                      <a href=\"https:\/\/www.osnabrueck.de\/musikschule\/kunst\/angebote-fuer-kitas-schulen-und-gruppen\" style=\"font-weight: 400; font-size: 14px; font-family: Karla, Arial, sans-serif; color: rgb(128, 128, 128);\"\r\n                        class=\"customize-unpreviewable\">Mehr&gt;&gt;<\/a>\r\n                    <\/p>\r\n                  <\/div>\r\n                <\/div>\r\n              <\/div>\r\n            <\/div>\r\n          <\/div>\r\n        <\/div>\r\n      <\/div>\r\n    <\/div>\r\n  <\/div>\r\n  <div data-colibri-component=\"section\" data-colibri-id=\"929-c73\" id=\"custom\" class=\"h-section h-section-global-spacing d-flex align-items-lg-center align-items-md-center align-items-center style-1366 style-local-929-c73 position-relative\">\r\n    <!---->\r\n    <!---->\r\n    <div class=\"h-section-grid-container h-section-boxed-container\">\r\n      <!---->\r\n      <div data-colibri-id=\"929-c74\" class=\"h-row-container gutters-row-lg-2 gutters-row-md-2 gutters-row-0 gutters-row-v-lg-2 gutters-row-v-md-2 gutters-row-v-2 style-1369 style-local-929-c74 position-relative\">\r\n        <!---->\r\n        <div class=\"h-row justify-content-lg-center justify-content-md-center justify-content-center align-items-lg-stretch align-items-md-stretch align-items-stretch gutters-col-lg-2 gutters-col-md-2 gutters-col-0 gutters-col-v-lg-2 gutters-col-v-md-2 gutters-col-v-2\">\r\n          <!---->\r\n          <div class=\"h-column h-column-container d-flex h-col-lg-auto h-col-md-auto h-col-auto style-1370-outer style-local-929-c75-outer\">\r\n            <div data-colibri-id=\"929-c75\" class=\"d-flex h-flex-basis h-column__inner h-px-lg-2 h-px-md-2 h-px-2 v-inner-lg-2 v-inner-md-2 v-inner-2 style-1370 style-local-929-c75 position-relative\">\r\n              <!---->\r\n              <!---->\r\n              <div class=\"w-100 h-y-container h-column__content h-column__v-align flex-basis-100 align-self-lg-start align-self-md-start align-self-start\">\r\n                <!---->\r\n                <div data-colibri-id=\"929-c76\" class=\"h-text h-text-component style-1371 style-local-929-c76 position-relative h-element\">\r\n                  <!---->\r\n                  <!---->\r\n                  <div class=\"\">\r\n                    <h3>Netzwerk INCONTRO<\/h3>\r\n                    <p>Mit Heide Marie Syassen haben wir eine wertvolle Begleiterin f\u00fcr das Team und eine &#8222;Fachfrau&#8220; in Sachen Reggio P\u00e4dagogik gefunden. Bereits an meheren Teamtagen haben wir gemeinsam mit ihr gearbeitet und zwei Kolleginnen waren zusammen\r\n                      mit ihr in Reggio Emilia.&nbsp;<\/p>\r\n                    <p>\r\n                      <a href=\"https:\/\/www.netzwerk-incontro.de\/Home\" style=\"color: rgb(128, 128, 128);\" class=\"customize-unpreviewable\">Mehr &gt;&gt;<\/a>\r\n                    <\/p>\r\n                    <p>\r\n                      <br>\r\n                    <\/p>\r\n                  <\/div>\r\n                <\/div>\r\n              <\/div>\r\n            <\/div>\r\n          <\/div>\r\n        <\/div>\r\n      <\/div>\r\n    <\/div>\r\n  <\/div>\r\n<\/div>","protected":false},"excerpt":{"rendered":"<p>Zusatzangebote Hier finden Sie unsere Zusatzangebote und unsere (wechselnden) Kooperationspartner Garbiele Thober Musikp\u00e4dagogin begleitet uns bereits seit einigen Jahren.&nbsp;Bei ihren w\u00f6chentlichen Besuchen unterst\u00fctzt sie die Erzieher\/innen dabei die aktuellen Themen und Projekte der Kinder musikalisch aufzuarbeiten. &nbsp; Mehr &gt;&gt; Stefan Wessels BaKos Ballschule Ein spezielles Projekt haben wir mit Fu\u00dfballprofi und Leiter des Ballschulzentrums Osnabr\u00fcck, [&hellip;]<\/p>\n","protected":false},"author":1,"featured_media":0,"parent":0,"menu_order":0,"comment_status":"closed","ping_status":"closed","template":"page-templates\/full-width-page.php","meta":{"footnotes":""},"class_list":["post-929","page","type-page","status-publish","hentry"],"_links":{"self":[{"href":"https:\/\/kindervillaosnabrueck.de\/cms\/wp-json\/wp\/v2\/pages\/929","targetHints":{"allow":["GET"]}}],"collection":[{"href":"https:\/\/kindervillaosnabrueck.de\/cms\/wp-json\/wp\/v2\/pages"}],"about":[{"href":"https:\/\/kindervillaosnabrueck.de\/cms\/wp-json\/wp\/v2\/types\/page"}],"author":[{"embeddable":true,"href":"https:\/\/kindervillaosnabrueck.de\/cms\/wp-json\/wp\/v2\/users\/1"}],"replies":[{"embeddable":true,"href":"https:\/\/kindervillaosnabrueck.de\/cms\/wp-json\/wp\/v2\/comments?post=929"}],"version-history":[{"count":4,"href":"https:\/\/kindervillaosnabrueck.de\/cms\/wp-json\/wp\/v2\/pages\/929\/revisions"}],"predecessor-version":[{"id":1150,"href":"https:\/\/kindervillaosnabrueck.de\/cms\/wp-json\/wp\/v2\/pages\/929\/revisions\/1150"}],"wp:attachment":[{"href":"https:\/\/kindervillaosnabrueck.de\/cms\/wp-json\/wp\/v2\/media?parent=929"}],"curies":[{"name":"wp","href":"https:\/\/api.w.org\/{rel}","templated":true}]}}