{"id":896,"date":"2024-06-21T11:15:39","date_gmt":"2024-06-21T09:15:39","guid":{"rendered":"http:\/\/kindervillaosnabrueck.de\/cms\/?page_id=896"},"modified":"2024-07-12T14:54:08","modified_gmt":"2024-07-12T12:54:08","slug":"colibri-896","status":"publish","type":"page","link":"https:\/\/kindervillaosnabrueck.de\/cms\/colibri-896\/","title":{"rendered":"Schwerpunktbereiche"},"content":{"rendered":"<div data-colibri-id=\"896-c1\" class=\"style-1012 style-local-896-c1 position-relative\">\n  <!---->\n  <div data-colibri-component=\"section\" data-colibri-id=\"896-c2\" id=\"about\" class=\"h-section h-section-global-spacing d-flex align-items-lg-center align-items-md-center align-items-center style-1013 style-local-896-c2 position-relative\">\n    <!---->\n    <!---->\n    <div class=\"h-separator\" style=\"height: 100px; bottom: calc(0px);\">\n      <svg style=\"fill:rgba(23, 37, 42, 0.04);\" xmlns=\"http:\/\/www.w3.org\/2000\/svg\" viewBox=\"0 0 1000 100\" preserveAspectRatio=\"none\">\n        <path class=\"svg-white-bg\" d=\"M737.9,94.7L0,0v100h1000V0L737.9,94.7z\"><\/path>\n      <\/svg>\n    <\/div>\n    <div class=\"h-section-grid-container h-section-fluid-container\">\n      <!---->\n      <div data-colibri-id=\"896-c3\" class=\"h-row-container gutters-row-lg-0 gutters-row-md-0 gutters-row-0 gutters-row-v-lg-0 gutters-row-v-md-0 gutters-row-v-0 style-1071 style-local-896-c3 position-relative\">\n        <!---->\n        <div class=\"h-row justify-content-lg-center justify-content-md-center justify-content-center align-items-lg-stretch align-items-md-stretch align-items-stretch gutters-col-lg-0 gutters-col-md-0 gutters-col-0 gutters-col-v-lg-0 gutters-col-v-md-0 gutters-col-v-0\">\n          <!---->\n          <div class=\"h-column h-column-container d-flex h-col-lg-6 h-col-md-6 h-col-12 style-1072-outer style-local-896-c4-outer\">\n            <div data-colibri-id=\"896-c4\" class=\"d-flex h-flex-basis h-column__inner h-px-lg-0 h-px-md-0 h-px-0 v-inner-lg-0 v-inner-md-0 v-inner-0 style-1072 style-local-896-c4 position-relative\">\n              <!---->\n              <!---->\n              <div class=\"w-100 h-y-container h-column__content h-column__v-align flex-basis-100 align-self-lg-start align-self-md-start align-self-start\">\n                <!---->\n                <div data-colibri-id=\"896-c5\" class=\"h-lead h-text h-text-component style-1074 style-local-896-c5 position-relative h-element\">\n                  <!---->\n                  <!---->\n                  <div class=\"\">\n                    <p>Ich glaube sowieso, wenn die jungen Menschen auf alles h\u00f6ren w\u00fcrden, was die \u00c4lteren ihnen sagen, w\u00fcrde jede Entwicklung aufh\u00f6ren und die Welt stillstehen.<\/p>\n                    <p>(Astrid Lindgren)<\/p>\n                    <p>\n                      <br>\n                    <\/p>\n                  <\/div>\n                <\/div>\n              <\/div>\n            <\/div>\n          <\/div>\n        <\/div>\n      <\/div>\n    <\/div>\n  <\/div>\n  <div data-colibri-component=\"section\" data-colibri-id=\"896-c6\" id=\"custom\" class=\"h-section h-section-global-spacing d-flex align-items-lg-center align-items-md-center align-items-center style-1191 style-local-896-c6 position-relative\">\n    <!---->\n    <!---->\n    <div class=\"h-section-grid-container h-section-boxed-container\">\n      <!---->\n      <div data-colibri-id=\"896-c7\" class=\"h-row-container gutters-row-lg-2 gutters-row-md-2 gutters-row-0 gutters-row-v-lg-2 gutters-row-v-md-2 gutters-row-v-2 style-1192 style-local-896-c7 position-relative\">\n        <!---->\n        <div class=\"h-row justify-content-lg-center justify-content-md-center justify-content-center align-items-lg-stretch align-items-md-stretch align-items-stretch gutters-col-lg-2 gutters-col-md-2 gutters-col-0 gutters-col-v-lg-2 gutters-col-v-md-2 gutters-col-v-2\">\n          <!---->\n          <div class=\"h-column h-column-container d-flex h-col-lg-auto h-col-md-auto h-col-auto style-1193-outer style-local-896-c8-outer\">\n            <div data-colibri-id=\"896-c8\" class=\"d-flex h-flex-basis h-column__inner h-px-lg-2 h-px-md-2 h-px-2 v-inner-lg-2 v-inner-md-2 v-inner-2 style-1193 style-local-896-c8 position-relative\">\n              <!---->\n              <!---->\n              <div class=\"w-100 h-y-container h-column__content h-column__v-align flex-basis-100 align-self-lg-start align-self-md-start align-self-start\">\n                <!---->\n                <div data-colibri-id=\"896-c9\" class=\"h-global-transition-all h-heading style-1198 style-local-896-c9 position-relative h-element\">\n                  <!---->\n                  <div class=\"h-heading__outer style-1198 style-local-896-c9\">\n                    <!---->\n                    <!---->\n                    <h1 class=\"\">Unsere Kompetenzen und Schwerpunktbereiche<\/h1>\n                  <\/div>\n                <\/div>\n              <\/div>\n            <\/div>\n          <\/div>\n        <\/div>\n      <\/div>\n    <\/div>\n  <\/div>\n  <div data-colibri-component=\"section\" data-colibri-id=\"896-c14\" id=\"custom-2\" class=\"h-section h-section-global-spacing d-flex align-items-lg-center align-items-md-center align-items-center style-1194 style-local-896-c14 position-relative\">\n    <!---->\n    <!---->\n    <div class=\"h-section-grid-container h-section-boxed-container\">\n      <div data-colibri-id=\"896-c20\" class=\"h-row-container gutters-row-lg-2 gutters-row-md-2 gutters-row-0 gutters-row-v-lg-2 gutters-row-v-md-2 gutters-row-v-2 style-1205 style-local-896-c20 position-relative\">\n        <!---->\n        <div class=\"h-row justify-content-lg-center justify-content-md-center justify-content-center align-items-lg-stretch align-items-md-stretch align-items-stretch gutters-col-lg-2 gutters-col-md-2 gutters-col-0 gutters-col-v-lg-2 gutters-col-v-md-2 gutters-col-v-2\">\n          <!---->\n          <div class=\"h-column h-column-container d-flex h-col-lg-auto h-col-md-auto h-col-auto style-1206-outer style-local-896-c21-outer\">\n            <div data-colibri-id=\"896-c21\" class=\"d-flex h-flex-basis h-column__inner h-px-lg-2 h-px-md-2 h-px-2 v-inner-lg-2 v-inner-md-2 v-inner-2 style-1206 style-local-896-c21 position-relative\">\n              <!---->\n              <!---->\n              <div class=\"w-100 h-y-container h-column__content h-column__v-align flex-basis-100 align-self-lg-start align-self-md-start align-self-start\">\n                <!---->\n                <div data-colibri-id=\"896-c22\" class=\"h-global-transition-all h-heading style-1207 style-local-896-c22 position-relative h-element\">\n                  <!---->\n                  <div class=\"h-heading__outer style-1207 style-local-896-c22\">\n                    <!---->\n                    <!---->\n                    <h2 class=\"\">Atelier und Werkraum<\/h2>\n                  <\/div>\n                <\/div>\n                <div data-colibri-id=\"896-c23\" class=\"h-text h-text-component style-1208 style-local-896-c23 position-relative h-element\">\n                  <!---->\n                  <!---->\n                  <div class=\"\">\n                    <p>Kinder k\u00f6nnen in einem kreativen Umfeld mit vielf\u00e4ltigen Materialien arbeiten und selbst entscheiden, was damit geschieht.<\/p>\n                  <\/div>\n                <\/div>\n              <\/div>\n            <\/div>\n          <\/div>\n        <\/div>\n      <\/div>\n      <div data-colibri-id=\"896-c15\" class=\"h-row-container gutters-row-lg-2 gutters-row-md-2 gutters-row-0 gutters-row-v-lg-2 gutters-row-v-md-2 gutters-row-v-2 style-1195 style-local-896-c15 position-relative\">\n        <!---->\n        <div class=\"h-row justify-content-lg-center justify-content-md-center justify-content-center align-items-lg-stretch align-items-md-stretch align-items-stretch gutters-col-lg-2 gutters-col-md-2 gutters-col-0 gutters-col-v-lg-2 gutters-col-v-md-2 gutters-col-v-2\">\n          <!---->\n          <div class=\"h-column h-column-container d-flex h-col-lg-auto h-col-md-auto h-col-auto style-1196-outer style-local-896-c16-outer\">\n            <div data-colibri-id=\"896-c16\" class=\"d-flex h-flex-basis h-column__inner h-px-lg-2 h-px-md-2 h-px-2 v-inner-lg-2 v-inner-md-2 v-inner-2 style-1196 style-local-896-c16 position-relative\">\n              <!---->\n              <!---->\n              <div class=\"w-100 h-y-container h-column__content h-column__v-align flex-basis-100 align-self-lg-start align-self-md-start align-self-start\">\n                <!---->\n                <div data-colibri-id=\"896-c17\" class=\"h-text h-text-component style-1199 style-local-896-c17 position-relative h-element\">\n                  <!---->\n                  <!---->\n                  <div class=\"\">\n                    <p>Eine gro\u00dfe Vielfalt an frei zug\u00e4nglichen Materialien und Werkzeugen l\u00e4dt die Kinder ein, kreativ t\u00e4tig zu werden. Mehrere Staffeleien, verschiedene Arbeitspl\u00e4tze f\u00fcr kleine und gro\u00dfe Aktionen sowie f\u00fcr&#8217;s Werken oder Matschen stehen\n                      t\u00e4glich zur Verf\u00fcgung. Die Kinder finden hier Platz begonnene Werkst\u00fccke aufzubewahren, um ein anderes Mal und im eigenen Tempo daran weiterzuarbeiten. Zum Schluss entscheiden sie selbst, was mit ihrem Werkst\u00fcck geschieht: Wird es\n                      mit nach Hause genommen, verschenkt oder in der Kindervilla ausgestellt?&nbsp;&nbsp;<\/p>\n                  <\/div>\n                <\/div>\n              <\/div>\n            <\/div>\n          <\/div>\n          <div class=\"h-column h-column-container d-flex h-col-lg-auto h-col-md-auto h-col-auto style-1197-outer style-local-896-c18-outer\">\n            <div data-colibri-id=\"896-c18\" class=\"d-flex h-flex-basis h-column__inner h-px-lg-2 h-px-md-2 h-px-2 v-inner-lg-2 v-inner-md-2 v-inner-2 style-1197 style-local-896-c18 position-relative\">\n              <!---->\n              <!---->\n              <div class=\"w-100 h-y-container h-column__content h-column__v-align flex-basis-100 align-self-lg-start align-self-md-start align-self-start\">\n                <!---->\n                <div data-colibri-id=\"896-c19\" class=\"d-block style-1200 style-local-896-c19 position-relative h-element\">\n                  <!---->\n                  <div class=\"h-image__frame-container-outer\">\n                    <div class=\"h-image__frame-container\">\n                      <!---->\n                      <!---->\n                      <img loading=\"lazy\" decoding=\"async\" width=\"350\" height=\"263\" src=\"http:\/\/kindervillaosnabrueck.de\/cms\/wp-content\/uploads\/2024\/06\/image_manager__frontend_float_img_p1050515.jpg\" class=\"wp-image-899 style-1200-image style-local-896-c19-image\" alt=\"\" srcset=\"https:\/\/kindervillaosnabrueck.de\/cms\/wp-content\/uploads\/2024\/06\/image_manager__frontend_float_img_p1050515.jpg 350w, https:\/\/kindervillaosnabrueck.de\/cms\/wp-content\/uploads\/2024\/06\/image_manager__frontend_float_img_p1050515-300x225.jpg 300w\" sizes=\"auto, (max-width: 350px) 100vw, 350px\" \/>\n                      <div class=\"h-image__frame h-hide-lg h-hide-md h-hide-sm style-1200-frameImage style-local-896-c19-frameImage\"><\/div>\n                    <\/div>\n                  <\/div>\n                <\/div>\n              <\/div>\n            <\/div>\n          <\/div>\n        <\/div>\n      <\/div>\n    <\/div>\n  <\/div>\n  <div data-colibri-component=\"section\" data-colibri-id=\"896-c24\" id=\"custom-3\" class=\"h-section h-section-global-spacing d-flex align-items-lg-center align-items-md-center align-items-center style-1209 style-local-896-c24 position-relative\">\n    <!---->\n    <!---->\n    <div class=\"h-section-grid-container h-section-boxed-container\">\n      <div data-colibri-id=\"896-c30\" class=\"h-row-container gutters-row-lg-2 gutters-row-md-2 gutters-row-0 gutters-row-v-lg-2 gutters-row-v-md-2 gutters-row-v-2 style-1213 style-local-896-c30 position-relative\">\n        <!---->\n        <div class=\"h-row justify-content-lg-center justify-content-md-center justify-content-center align-items-lg-stretch align-items-md-stretch align-items-stretch gutters-col-lg-2 gutters-col-md-2 gutters-col-0 gutters-col-v-lg-2 gutters-col-v-md-2 gutters-col-v-2\">\n          <!---->\n          <div class=\"h-column h-column-container d-flex h-col-lg-auto h-col-md-auto h-col-auto style-1214-outer style-local-896-c31-outer\">\n            <div data-colibri-id=\"896-c31\" class=\"d-flex h-flex-basis h-column__inner h-px-lg-2 h-px-md-2 h-px-2 v-inner-lg-2 v-inner-md-2 v-inner-2 style-1214 style-local-896-c31 position-relative\">\n              <!---->\n              <!---->\n              <div class=\"w-100 h-y-container h-column__content h-column__v-align flex-basis-100 align-self-lg-start align-self-md-start align-self-start\">\n                <!---->\n                <div data-colibri-id=\"896-c32\" class=\"h-global-transition-all h-heading style-1215 style-local-896-c32 position-relative h-element\">\n                  <!---->\n                  <div class=\"h-heading__outer style-1215 style-local-896-c32\">\n                    <!---->\n                    <!---->\n                    <h2 class=\"\">Bau- und Konstruktionsbereich<\/h2>\n                  <\/div>\n                <\/div>\n                <div data-colibri-id=\"896-c33\" class=\"h-text h-text-component style-1216 style-local-896-c33 position-relative h-element\">\n                  <!---->\n                  <!---->\n                  <div class=\"\">\n                    <p>Kinder lernen beim bauen nicht nur \u00fcber sich selbst&#8230;<\/p>\n                  <\/div>\n                <\/div>\n              <\/div>\n            <\/div>\n          <\/div>\n        <\/div>\n      <\/div>\n      <div data-colibri-id=\"896-c25\" class=\"h-row-container gutters-row-lg-2 gutters-row-md-2 gutters-row-0 gutters-row-v-lg-2 gutters-row-v-md-2 gutters-row-v-2 style-1210 style-local-896-c25 position-relative\">\n        <!---->\n        <div class=\"h-row justify-content-lg-center justify-content-md-center justify-content-center align-items-lg-stretch align-items-md-stretch align-items-stretch gutters-col-lg-2 gutters-col-md-2 gutters-col-0 gutters-col-v-lg-2 gutters-col-v-md-2 gutters-col-v-2\">\n          <!---->\n          <div class=\"h-column h-column-container d-flex h-col-lg-auto h-col-md-auto h-col-auto style-1211-outer style-local-896-c26-outer\">\n            <div data-colibri-id=\"896-c26\" class=\"d-flex h-flex-basis h-column__inner h-px-lg-2 h-px-md-2 h-px-2 v-inner-lg-2 v-inner-md-2 v-inner-2 style-1211 style-local-896-c26 position-relative\">\n              <!---->\n              <!---->\n              <div class=\"w-100 h-y-container h-column__content h-column__v-align flex-basis-100 align-self-lg-start align-self-md-start align-self-start\">\n                <!---->\n                <div data-colibri-id=\"896-c27\" class=\"d-block style-1218 style-local-896-c27 position-relative h-element\">\n                  <!---->\n                  <div class=\"h-image__frame-container-outer\">\n                    <div class=\"h-image__frame-container\">\n                      <!---->\n                      <!---->\n                      <img loading=\"lazy\" decoding=\"async\" width=\"350\" height=\"234\" src=\"http:\/\/kindervillaosnabrueck.de\/cms\/wp-content\/uploads\/2024\/06\/image_manager__frontend_float_img_kindervilla-ev-66_1_.jpg\" class=\"wp-image-900 style-1218-image style-local-896-c27-image\" alt=\"\" srcset=\"https:\/\/kindervillaosnabrueck.de\/cms\/wp-content\/uploads\/2024\/06\/image_manager__frontend_float_img_kindervilla-ev-66_1_.jpg 350w, https:\/\/kindervillaosnabrueck.de\/cms\/wp-content\/uploads\/2024\/06\/image_manager__frontend_float_img_kindervilla-ev-66_1_-300x201.jpg 300w\" sizes=\"auto, (max-width: 350px) 100vw, 350px\" \/>\n                      <div class=\"h-image__frame h-hide-lg h-hide-md h-hide-sm style-1218-frameImage style-local-896-c27-frameImage\"><\/div>\n                    <\/div>\n                  <\/div>\n                <\/div>\n              <\/div>\n            <\/div>\n          <\/div>\n          <div class=\"h-column h-column-container d-flex h-col-lg-auto h-col-md-auto h-col-auto style-1212-outer style-local-896-c28-outer\">\n            <div data-colibri-id=\"896-c28\" class=\"d-flex h-flex-basis h-column__inner h-px-lg-2 h-px-md-2 h-px-2 v-inner-lg-2 v-inner-md-2 v-inner-2 style-1212 style-local-896-c28 position-relative\">\n              <!---->\n              <!---->\n              <div class=\"w-100 h-y-container h-column__content h-column__v-align flex-basis-100 align-self-lg-start align-self-md-start align-self-start\">\n                <!---->\n                <div data-colibri-id=\"896-c29\" class=\"h-text h-text-component style-1217 style-local-896-c29 position-relative h-element\">\n                  <!---->\n                  <!---->\n                  <div class=\"\">\n                    <p>\n                      <br>\n                    <\/p>\n                    <p>Beim Errichten und Konstruieren erfahren die Kinder nicht nur sich selbst, sondern auch&nbsp;den&nbsp;Umgang mit Schwerkraft, Statik, wechselnden Ebenen und Mengenverh\u00e4ltnissen. Sie schulen ihre r\u00e4umliche Wahrnehmung und&nbsp;das soziale\n                      Miteinander in spielerischen Interaktionen. Dabei stehen ihnen&nbsp;vielerlei Baumaterialen&nbsp;aus der Natur, dem allt\u00e4glichen Leben und der industriellen Verarbeitung zur Verf\u00fcgung.<\/p>\n                  <\/div>\n                <\/div>\n              <\/div>\n            <\/div>\n          <\/div>\n        <\/div>\n      <\/div>\n    <\/div>\n  <\/div>\n  <div data-colibri-component=\"section\" data-colibri-id=\"896-c34\" id=\"custom-4\" class=\"h-section h-section-global-spacing d-flex align-items-lg-center align-items-md-center align-items-center style-1219 style-local-896-c34 position-relative\">\n    <!---->\n    <!---->\n    <div class=\"h-section-grid-container h-section-boxed-container\">\n      <div data-colibri-id=\"896-c38\" class=\"h-row-container gutters-row-lg-2 gutters-row-md-2 gutters-row-0 gutters-row-v-lg-2 gutters-row-v-md-2 gutters-row-v-2 style-1222 style-local-896-c38 position-relative\">\n        <!---->\n        <div class=\"h-row justify-content-lg-center justify-content-md-center justify-content-center align-items-lg-stretch align-items-md-stretch align-items-stretch gutters-col-lg-2 gutters-col-md-2 gutters-col-0 gutters-col-v-lg-2 gutters-col-v-md-2 gutters-col-v-2\">\n          <!---->\n          <div class=\"h-column h-column-container d-flex h-col-lg-auto h-col-md-auto h-col-auto style-1223-outer style-local-896-c39-outer\">\n            <div data-colibri-id=\"896-c39\" class=\"d-flex h-flex-basis h-column__inner h-px-lg-2 h-px-md-2 h-px-2 v-inner-lg-2 v-inner-md-2 v-inner-2 style-1223 style-local-896-c39 position-relative\">\n              <!---->\n              <!---->\n              <div class=\"w-100 h-y-container h-column__content h-column__v-align flex-basis-100 align-self-lg-start align-self-md-start align-self-start\">\n                <!---->\n                <div data-colibri-id=\"896-c40\" class=\"h-global-transition-all h-heading style-1224 style-local-896-c40 position-relative h-element\">\n                  <!---->\n                  <div class=\"h-heading__outer style-1224 style-local-896-c40\">\n                    <!---->\n                    <!---->\n                    <h2 class=\"\">Forscherwerkstatt<\/h2>\n                  <\/div>\n                <\/div>\n                <div data-colibri-id=\"896-c41\" class=\"h-text h-text-component style-1225 style-local-896-c41 position-relative h-element\">\n                  <!---->\n                  <!---->\n                  <div class=\"\">\n                    <p>In unserer Forscherwerkstatt gestalten wir den Raum inspiriert von Reggio und Montessori. Kinder w\u00e4hlen ihre Themen und Materialien selbst, lernen ganzheitlich und in ihrem eigenen Tempo.<\/p>\n                  <\/div>\n                <\/div>\n              <\/div>\n            <\/div>\n          <\/div>\n        <\/div>\n      <\/div>\n      <div data-colibri-id=\"896-c35\" class=\"h-row-container gutters-row-lg-1 gutters-row-md-1 gutters-row-0 gutters-row-v-lg-1 gutters-row-v-md-1 gutters-row-v-1 style-1220 style-local-896-c35 position-relative\">\n        <!---->\n        <div class=\"h-row justify-content-lg-center justify-content-md-center justify-content-center align-items-lg-stretch align-items-md-stretch align-items-stretch gutters-col-lg-1 gutters-col-md-1 gutters-col-0 gutters-col-v-lg-1 gutters-col-v-md-1 gutters-col-v-1\">\n          <!---->\n          <div class=\"h-column h-column-container d-flex h-col-lg-auto h-col-md-auto h-col-auto style-1221-outer style-local-896-c36-outer\">\n            <div data-colibri-id=\"896-c36\" class=\"d-flex h-flex-basis h-column__inner h-px-lg-1 h-px-md-1 h-px-1 v-inner-lg-1 v-inner-md-1 v-inner-1 style-1221 style-local-896-c36 position-relative\">\n              <!---->\n              <!---->\n              <div class=\"w-100 h-y-container h-column__content h-column__v-align flex-basis-100 align-self-lg-start align-self-md-start align-self-start\">\n                <!---->\n                <div data-colibri-id=\"896-c37\" class=\"h-text h-text-component style-1257 style-local-896-c37 position-relative h-element\">\n                  <!---->\n                  <!---->\n                  <div class=\"\">\n                    <p>Die Raumgestaltung und die Arbeit in unserer Forscherwerkstatt sind gepr\u00e4gt durch die Reggio-Inspirierte Kultur des Lernens, die Montessori P\u00e4dagogik und das Konzept von Werkstatt-Kitas.&nbsp;Durch die verschiedenen Werkstattbereiche\n                      zu den Themen Licht- und Schatten, Naturwissenschaften, Strom, Wasser, Astronomie, Mathematik, Magnetismus, Alltagskompetenzen usw., bieten wir den Kindern vielf\u00e4ltige Gelegenheiten f\u00fcr&nbsp;ganzheitliches Lernen mit Kopf, Herz und\n                      Hand. Jedes Kind entscheidet hier ganz bewusst, womit und zu welchem Thema es sich besch\u00e4ftigen m\u00f6chte und zwar in seinem ganz eigenen Tempo. Die Kinder erfahren Selbstwirksamkeit, indem sie selbstbestimmt so lange und so oft sie\n                      m\u00f6chten mit dem Material arbeiten, das ihr Interesse findet. Bei den Materialien liegt ein Schwerpunkt, von Reggio inspiriert, auf einem vielf\u00e4ltigen Angebot von \u201ebedeutungsoffenen Materialien\u201c und sogenannten \u201eLoose Parts\u201c (Lose\n                      Teile). Kleine Dinge, wie Naturmaterialien, aber auch Recyclingmaterialien und Produktionsreste werden hier zu gro\u00dfen Sch\u00e4tzen.&nbsp;Einen weiteren&nbsp;Akzent setzen die von Montessori inspirierten didaktischen Spielmaterialien,\n                      welche den Kindern&nbsp;themenbezogen auf Aktionstabletts und in Forscherwannen pr\u00e4sentiert werden.<\/p>\n                  <\/div>\n                <\/div>\n              <\/div>\n            <\/div>\n          <\/div>\n        <\/div>\n      <\/div>\n    <\/div>\n  <\/div>\n  <div data-colibri-component=\"section\" data-colibri-id=\"896-c42\" id=\"custom-5\" class=\"h-section h-section-global-spacing d-flex align-items-lg-center align-items-md-center align-items-center style-1266 style-local-896-c42 position-relative\">\n    <!---->\n    <!---->\n    <div class=\"h-section-grid-container h-section-fluid-container\">\n      <!---->\n      <div data-colibri-id=\"896-c43\" class=\"h-row-container gutters-row-lg-2 gutters-row-md-2 gutters-row-0 gutters-row-v-lg-2 gutters-row-v-md-2 gutters-row-v-2 style-1267 style-local-896-c43 position-relative\">\n        <!---->\n        <div class=\"h-row justify-content-lg-center justify-content-md-center justify-content-center align-items-lg-stretch align-items-md-stretch align-items-stretch gutters-col-lg-2 gutters-col-md-2 gutters-col-0 gutters-col-v-lg-2 gutters-col-v-md-2 gutters-col-v-2\">\n          <!---->\n          <div class=\"h-column h-column-container d-flex h-col-lg-auto h-col-md-auto h-col-auto style-1268-outer style-local-896-c44-outer\">\n            <div data-colibri-id=\"896-c44\" class=\"d-flex h-flex-basis h-column__inner h-px-lg-2 h-px-md-2 h-px-2 v-inner-lg-2 v-inner-md-2 v-inner-2 style-1268 style-local-896-c44 position-relative\">\n              <!---->\n              <!---->\n              <div class=\"w-100 h-y-container h-column__content h-column__v-align flex-basis-100 align-self-lg-start align-self-md-start align-self-start\">\n                <!---->\n                <div data-colibri-id=\"896-c45\" class=\"d-block style-1270 style-local-896-c45 position-relative h-element\">\n                  <!---->\n                  <div class=\"h-image__frame-container-outer\">\n                    <div class=\"h-image__frame-container\">\n                      <!---->\n                      <!---->\n                      <img loading=\"lazy\" decoding=\"async\" width=\"500\" height=\"334\" src=\"http:\/\/kindervillaosnabrueck.de\/cms\/wp-content\/uploads\/2024\/06\/image_manager__frontend_gal_img_fotos_lernwerkstatt_website-32.jpg\" class=\"wp-image-902 style-1270-image style-local-896-c45-image\" alt=\"\" srcset=\"https:\/\/kindervillaosnabrueck.de\/cms\/wp-content\/uploads\/2024\/06\/image_manager__frontend_gal_img_fotos_lernwerkstatt_website-32.jpg 500w, https:\/\/kindervillaosnabrueck.de\/cms\/wp-content\/uploads\/2024\/06\/image_manager__frontend_gal_img_fotos_lernwerkstatt_website-32-300x200.jpg 300w\" sizes=\"auto, (max-width: 500px) 100vw, 500px\" \/>\n                      <div class=\"h-image__frame h-hide-lg h-hide-md h-hide-sm style-1270-frameImage style-local-896-c45-frameImage\"><\/div>\n                    <\/div>\n                  <\/div>\n                <\/div>\n              <\/div>\n            <\/div>\n          <\/div>\n          <div class=\"h-column h-column-container d-flex h-col-lg-auto h-col-md-auto h-col-auto style-1269-outer style-local-896-c46-outer\">\n            <div data-colibri-id=\"896-c46\" class=\"d-flex h-flex-basis h-column__inner h-px-lg-2 h-px-md-2 h-px-2 v-inner-lg-2 v-inner-md-2 v-inner-2 style-1269 style-local-896-c46 position-relative\">\n              <!---->\n              <!---->\n              <div class=\"w-100 h-y-container h-column__content h-column__v-align flex-basis-100 align-self-lg-start align-self-md-start align-self-start\">\n                <!---->\n                <div data-colibri-id=\"896-c47\" class=\"d-block style-1271 style-local-896-c47 position-relative h-element\">\n                  <!---->\n                  <div class=\"h-image__frame-container-outer\">\n                    <div class=\"h-image__frame-container\">\n                      <!---->\n                      <!---->\n                      <img loading=\"lazy\" decoding=\"async\" width=\"500\" height=\"334\" src=\"http:\/\/kindervillaosnabrueck.de\/cms\/wp-content\/uploads\/2024\/06\/image_manager__frontend_gal_img_fotos_lernwerkstatt_website-28.jpg\" class=\"wp-image-903 style-1271-image style-local-896-c47-image\" alt=\"\" srcset=\"https:\/\/kindervillaosnabrueck.de\/cms\/wp-content\/uploads\/2024\/06\/image_manager__frontend_gal_img_fotos_lernwerkstatt_website-28.jpg 500w, https:\/\/kindervillaosnabrueck.de\/cms\/wp-content\/uploads\/2024\/06\/image_manager__frontend_gal_img_fotos_lernwerkstatt_website-28-300x200.jpg 300w\" sizes=\"auto, (max-width: 500px) 100vw, 500px\" \/>\n                      <div class=\"h-image__frame h-hide-lg h-hide-md h-hide-sm style-1271-frameImage style-local-896-c47-frameImage\"><\/div>\n                    <\/div>\n                  <\/div>\n                <\/div>\n              <\/div>\n            <\/div>\n          <\/div>\n          <div class=\"h-column h-column-container d-flex h-col-lg-auto h-col-md-auto h-col-auto style-1275-outer style-local-896-c48-outer\">\n            <div data-colibri-id=\"896-c48\" class=\"d-flex h-flex-basis h-column__inner h-px-lg-2 h-px-md-2 h-px-2 v-inner-lg-2 v-inner-md-2 v-inner-2 style-1275 style-local-896-c48 position-relative\">\n              <!---->\n              <!---->\n              <div class=\"w-100 h-y-container h-column__content h-column__v-align flex-basis-100 align-self-lg-start align-self-md-start align-self-start\">\n                <!---->\n                <div data-colibri-id=\"896-c49\" class=\"d-block style-1276 style-local-896-c49 position-relative h-element\">\n                  <!---->\n                  <div class=\"h-image__frame-container-outer\">\n                    <div class=\"h-image__frame-container\">\n                      <!---->\n                      <!---->\n                      <img loading=\"lazy\" decoding=\"async\" width=\"500\" height=\"334\" src=\"http:\/\/kindervillaosnabrueck.de\/cms\/wp-content\/uploads\/2024\/06\/image_manager__frontend_gal_img_fotos_lernwerkstatt_website-26_1.jpg\" class=\"wp-image-904 style-1276-image style-local-896-c49-image\" alt=\"\" srcset=\"https:\/\/kindervillaosnabrueck.de\/cms\/wp-content\/uploads\/2024\/06\/image_manager__frontend_gal_img_fotos_lernwerkstatt_website-26_1.jpg 500w, https:\/\/kindervillaosnabrueck.de\/cms\/wp-content\/uploads\/2024\/06\/image_manager__frontend_gal_img_fotos_lernwerkstatt_website-26_1-300x200.jpg 300w\" sizes=\"auto, (max-width: 500px) 100vw, 500px\" \/>\n                      <div class=\"h-image__frame h-hide-lg h-hide-md h-hide-sm style-1276-frameImage style-local-896-c49-frameImage\"><\/div>\n                    <\/div>\n                  <\/div>\n                <\/div>\n              <\/div>\n            <\/div>\n          <\/div>\n        <\/div>\n      <\/div>\n    <\/div>\n  <\/div>\n  <div data-colibri-component=\"section\" data-colibri-id=\"896-c50\" id=\"custom-6\" class=\"h-section h-section-global-spacing d-flex align-items-lg-center align-items-md-center align-items-center style-1277 style-local-896-c50 position-relative\">\n    <!---->\n    <!---->\n    <div class=\"h-section-grid-container h-section-boxed-container\">\n      <div data-colibri-id=\"896-c56\" class=\"h-row-container gutters-row-lg-2 gutters-row-md-2 gutters-row-0 gutters-row-v-lg-2 gutters-row-v-md-2 gutters-row-v-2 style-1283 style-local-896-c56 position-relative\">\n        <!---->\n        <div class=\"h-row justify-content-lg-center justify-content-md-center justify-content-center align-items-lg-stretch align-items-md-stretch align-items-stretch gutters-col-lg-2 gutters-col-md-2 gutters-col-0 gutters-col-v-lg-2 gutters-col-v-md-2 gutters-col-v-2\">\n          <!---->\n          <div class=\"h-column h-column-container d-flex h-col-lg-auto h-col-md-auto h-col-auto style-1284-outer style-local-896-c57-outer\">\n            <div data-colibri-id=\"896-c57\" class=\"d-flex h-flex-basis h-column__inner h-px-lg-2 h-px-md-2 h-px-2 v-inner-lg-2 v-inner-md-2 v-inner-2 style-1284 style-local-896-c57 position-relative\">\n              <!---->\n              <!---->\n              <div class=\"w-100 h-y-container h-column__content h-column__v-align flex-basis-100 align-self-lg-start align-self-md-start align-self-start\">\n                <!---->\n                <div data-colibri-id=\"896-c58\" class=\"h-global-transition-all h-heading style-1285 style-local-896-c58 position-relative h-element\">\n                  <!---->\n                  <div class=\"h-heading__outer style-1285 style-local-896-c58\">\n                    <!---->\n                    <!---->\n                    <h2 class=\"\">Naturwissenschaftlicher Au\u00dfenbereich<\/h2>\n                  <\/div>\n                <\/div>\n              <\/div>\n            <\/div>\n          <\/div>\n        <\/div>\n      <\/div>\n      <div data-colibri-id=\"896-c51\" class=\"h-row-container gutters-row-lg-1 gutters-row-md-1 gutters-row-0 gutters-row-v-lg-1 gutters-row-v-md-1 gutters-row-v-1 style-1278 style-local-896-c51 position-relative\">\n        <!---->\n        <div class=\"h-row justify-content-lg-center justify-content-md-center justify-content-center align-items-lg-stretch align-items-md-stretch align-items-stretch gutters-col-lg-1 gutters-col-md-1 gutters-col-0 gutters-col-v-lg-1 gutters-col-v-md-1 gutters-col-v-1\">\n          <!---->\n          <div class=\"h-column h-column-container d-flex h-col-lg-auto h-col-md-auto h-col-auto style-1279-outer style-local-896-c52-outer\">\n            <div data-colibri-id=\"896-c52\" class=\"d-flex h-flex-basis h-column__inner h-px-lg-1 h-px-md-1 h-px-1 v-inner-lg-1 v-inner-md-1 v-inner-1 style-1279 style-local-896-c52 position-relative\">\n              <!---->\n              <!---->\n              <div class=\"w-100 h-y-container h-column__content h-column__v-align flex-basis-100 align-self-lg-start align-self-md-start align-self-start\">\n                <!---->\n                <div data-colibri-id=\"896-c53\" class=\"h-text h-text-component style-1281 style-local-896-c53 position-relative h-element\">\n                  <!---->\n                  <!---->\n                  <div class=\"\">\n                    <p>In unserem Garten und auf Ausfl\u00fcgen in der st\u00e4dtischen Umgebung oder in den Wald erfahren&nbsp;die Kinder&nbsp;die Natur sowie die unterschiedlichen Jahreszeiten.\n                      <br> Denn die Natur steckt voller M\u00f6glichkeiten f\u00fcr Spiel, Kreativit\u00e4t und Entdeckung.<\/p>\n                  <\/div>\n                <\/div>\n              <\/div>\n            <\/div>\n          <\/div>\n          <div class=\"h-column h-column-container d-flex h-col-lg-auto h-col-md-auto h-col-auto style-1280-outer style-local-896-c54-outer\">\n            <div data-colibri-id=\"896-c54\" class=\"d-flex h-flex-basis h-column__inner h-px-lg-1 h-px-md-1 h-px-1 v-inner-lg-1 v-inner-md-1 v-inner-1 style-1280 style-local-896-c54 position-relative\">\n              <!---->\n              <!---->\n              <div class=\"w-100 h-y-container h-column__content h-column__v-align flex-basis-100 align-self-lg-start align-self-md-start align-self-start\">\n                <!---->\n                <div data-colibri-id=\"896-c55\" class=\"d-block style-1282 style-local-896-c55 position-relative h-element\">\n                  <!---->\n                  <div class=\"h-image__frame-container-outer\">\n                    <div class=\"h-image__frame-container\">\n                      <!---->\n                      <!---->\n                      <img loading=\"lazy\" decoding=\"async\" width=\"350\" height=\"197\" src=\"http:\/\/kindervillaosnabrueck.de\/cms\/wp-content\/uploads\/2024\/06\/image_manager__frontend_float_img_20171011_140438.jpg\" class=\"wp-image-905 style-1282-image style-local-896-c55-image\" alt=\"\" srcset=\"https:\/\/kindervillaosnabrueck.de\/cms\/wp-content\/uploads\/2024\/06\/image_manager__frontend_float_img_20171011_140438.jpg 350w, https:\/\/kindervillaosnabrueck.de\/cms\/wp-content\/uploads\/2024\/06\/image_manager__frontend_float_img_20171011_140438-300x169.jpg 300w\" sizes=\"auto, (max-width: 350px) 100vw, 350px\" \/>\n                      <div class=\"h-image__frame h-hide-lg h-hide-md h-hide-sm style-1282-frameImage style-local-896-c55-frameImage\"><\/div>\n                    <\/div>\n                  <\/div>\n                <\/div>\n              <\/div>\n            <\/div>\n          <\/div>\n        <\/div>\n      <\/div>\n    <\/div>\n  <\/div>\n  <div data-colibri-component=\"section\" data-colibri-id=\"896-c59\" id=\"custom-7\" class=\"h-section h-section-global-spacing d-flex align-items-lg-center align-items-md-center align-items-center style-1287 style-local-896-c59 position-relative\">\n    <!---->\n    <!---->\n    <div class=\"h-section-grid-container h-section-boxed-container\">\n      <div data-colibri-id=\"896-c65\" class=\"h-row-container gutters-row-lg-2 gutters-row-md-2 gutters-row-0 gutters-row-v-lg-2 gutters-row-v-md-2 gutters-row-v-2 style-1293 style-local-896-c65 position-relative\">\n        <!---->\n        <div class=\"h-row justify-content-lg-center justify-content-md-center justify-content-center align-items-lg-stretch align-items-md-stretch align-items-stretch gutters-col-lg-2 gutters-col-md-2 gutters-col-0 gutters-col-v-lg-2 gutters-col-v-md-2 gutters-col-v-2\">\n          <!---->\n          <div class=\"h-column h-column-container d-flex h-col-lg-auto h-col-md-auto h-col-auto style-1294-outer style-local-896-c66-outer\">\n            <div data-colibri-id=\"896-c66\" class=\"d-flex h-flex-basis h-column__inner h-px-lg-2 h-px-md-2 h-px-2 v-inner-lg-2 v-inner-md-2 v-inner-2 style-1294 style-local-896-c66 position-relative\">\n              <!---->\n              <!---->\n              <div class=\"w-100 h-y-container h-column__content h-column__v-align flex-basis-100 align-self-lg-start align-self-md-start align-self-start\">\n                <!---->\n                <div data-colibri-id=\"896-c67\" class=\"h-global-transition-all h-heading style-1295 style-local-896-c67 position-relative h-element\">\n                  <!---->\n                  <div class=\"h-heading__outer style-1295 style-local-896-c67\">\n                    <!---->\n                    <!---->\n                    <h2 class=\"\">Piazza<\/h2>\n                  <\/div>\n                <\/div>\n              <\/div>\n            <\/div>\n          <\/div>\n        <\/div>\n      <\/div>\n      <div data-colibri-id=\"896-c60\" class=\"h-row-container gutters-row-lg-2 gutters-row-md-2 gutters-row-0 gutters-row-v-lg-2 gutters-row-v-md-2 gutters-row-v-2 style-1288 style-local-896-c60 position-relative\">\n        <!---->\n        <div class=\"h-row justify-content-lg-center justify-content-md-center justify-content-center align-items-lg-stretch align-items-md-stretch align-items-stretch gutters-col-lg-2 gutters-col-md-2 gutters-col-0 gutters-col-v-lg-2 gutters-col-v-md-2 gutters-col-v-2\">\n          <!---->\n          <div class=\"h-column h-column-container d-flex h-col-lg-auto h-col-md-auto h-col-auto style-1289-outer style-local-896-c61-outer\">\n            <div data-colibri-id=\"896-c61\" class=\"d-flex h-flex-basis h-column__inner h-px-lg-2 h-px-md-2 h-px-2 v-inner-lg-2 v-inner-md-2 v-inner-2 style-1289 style-local-896-c61 position-relative\">\n              <!---->\n              <!---->\n              <div class=\"w-100 h-y-container h-column__content h-column__v-align flex-basis-100 align-self-lg-start align-self-md-start align-self-start\">\n                <!---->\n                <div data-colibri-id=\"896-c62\" class=\"d-block style-1292 style-local-896-c62 position-relative h-element\">\n                  <!---->\n                  <div class=\"h-image__frame-container-outer\">\n                    <div class=\"h-image__frame-container\">\n                      <!---->\n                      <!---->\n                      <img loading=\"lazy\" decoding=\"async\" width=\"350\" height=\"236\" src=\"http:\/\/kindervillaosnabrueck.de\/cms\/wp-content\/uploads\/2024\/06\/image_manager__frontend_float_img_piazza-1.jpg\" class=\"wp-image-908 style-1292-image style-local-896-c62-image\" alt=\"\" srcset=\"https:\/\/kindervillaosnabrueck.de\/cms\/wp-content\/uploads\/2024\/06\/image_manager__frontend_float_img_piazza-1.jpg 350w, https:\/\/kindervillaosnabrueck.de\/cms\/wp-content\/uploads\/2024\/06\/image_manager__frontend_float_img_piazza-1-300x202.jpg 300w\" sizes=\"auto, (max-width: 350px) 100vw, 350px\" \/>\n                      <div class=\"h-image__frame h-hide-lg h-hide-md h-hide-sm style-1292-frameImage style-local-896-c62-frameImage\"><\/div>\n                    <\/div>\n                  <\/div>\n                <\/div>\n              <\/div>\n            <\/div>\n          <\/div>\n          <div class=\"h-column h-column-container d-flex h-col-lg-auto h-col-md-auto h-col-auto style-1290-outer style-local-896-c63-outer\">\n            <div data-colibri-id=\"896-c63\" class=\"d-flex h-flex-basis h-column__inner h-px-lg-2 h-px-md-2 h-px-2 v-inner-lg-2 v-inner-md-2 v-inner-2 style-1290 style-local-896-c63 position-relative\">\n              <!---->\n              <!---->\n              <div class=\"w-100 h-y-container h-column__content h-column__v-align flex-basis-100 align-self-lg-center align-self-md-center align-self-center\">\n                <!---->\n                <div data-colibri-id=\"896-c64\" class=\"h-text h-text-component style-1291 style-local-896-c64 position-relative h-element\">\n                  <!---->\n                  <!---->\n                  <div class=\"\">\n                    <p>Unsere Piazza ist der zentrale Ort im Geb\u00e4ude, der konkrete soziale Erfahrungen und Begegnungen zwischen Kindern und Erwachsenen erm\u00f6glicht.&nbsp;Aufgrund der r\u00e4umlichen Gro\u00dfz\u00fcgigkeit weist die Piazza neben unterschiedlichen M\u00f6glichkeiten\n                      zum Spielen, Betrachten und Ausprobieren auch die f\u00fcr uns typische \u201eMagnetwand\u201c auf. Sie dient mit Hilfe von Fotos der R\u00e4umlichkeiten und der Kinder dazu den Alltag \u00fcbersichtlich zu gestalten. F\u00fcr die Kinder ist es beim Bringen ein\n                      festes Ritual das jeweilige Foto aufzuh\u00e4ngen und dadurch zu signalisieren \u201eIch bin angekommen!\u201c.<\/p>\n                  <\/div>\n                <\/div>\n              <\/div>\n            <\/div>\n          <\/div>\n        <\/div>\n      <\/div>\n    <\/div>\n  <\/div>\n  <div data-colibri-component=\"section\" data-colibri-id=\"896-c68\" id=\"custom-8\" class=\"h-section h-section-global-spacing d-flex align-items-lg-center align-items-md-center align-items-center style-1297 style-local-896-c68 position-relative\">\n    <!---->\n    <!---->\n    <div class=\"h-section-grid-container h-section-boxed-container\">\n      <div data-colibri-id=\"896-c74\" class=\"h-row-container gutters-row-lg-2 gutters-row-md-2 gutters-row-0 gutters-row-v-lg-2 gutters-row-v-md-2 gutters-row-v-2 style-1303 style-local-896-c74 position-relative\">\n        <!---->\n        <div class=\"h-row justify-content-lg-center justify-content-md-center justify-content-center align-items-lg-stretch align-items-md-stretch align-items-stretch gutters-col-lg-2 gutters-col-md-2 gutters-col-0 gutters-col-v-lg-2 gutters-col-v-md-2 gutters-col-v-2\">\n          <!---->\n          <div class=\"h-column h-column-container d-flex h-col-lg-auto h-col-md-auto h-col-auto style-1304-outer style-local-896-c75-outer\">\n            <div data-colibri-id=\"896-c75\" class=\"d-flex h-flex-basis h-column__inner h-px-lg-2 h-px-md-2 h-px-2 v-inner-lg-2 v-inner-md-2 v-inner-2 style-1304 style-local-896-c75 position-relative\">\n              <!---->\n              <!---->\n              <div class=\"w-100 h-y-container h-column__content h-column__v-align flex-basis-100 align-self-lg-start align-self-md-start align-self-start\">\n                <!---->\n                <div data-colibri-id=\"896-c76\" class=\"h-global-transition-all h-heading style-1305 style-local-896-c76 position-relative h-element\">\n                  <!---->\n                  <div class=\"h-heading__outer style-1305 style-local-896-c76\">\n                    <!---->\n                    <!---->\n                    <h2 class=\"\">Sprachwerkstatt<\/h2>\n                  <\/div>\n                <\/div>\n              <\/div>\n            <\/div>\n          <\/div>\n        <\/div>\n      <\/div>\n      <div data-colibri-id=\"896-c69\" class=\"h-row-container gutters-row-lg-2 gutters-row-md-2 gutters-row-0 gutters-row-v-lg-2 gutters-row-v-md-2 gutters-row-v-2 style-1298 style-local-896-c69 position-relative\">\n        <!---->\n        <div class=\"h-row justify-content-lg-center justify-content-md-center justify-content-center align-items-lg-stretch align-items-md-stretch align-items-stretch gutters-col-lg-2 gutters-col-md-2 gutters-col-0 gutters-col-v-lg-2 gutters-col-v-md-2 gutters-col-v-2\">\n          <!---->\n          <div class=\"h-column h-column-container d-flex h-col-lg-auto h-col-md-auto h-col-auto style-1299-outer style-local-896-c70-outer\">\n            <div data-colibri-id=\"896-c70\" class=\"d-flex h-flex-basis h-column__inner h-px-lg-2 h-px-md-2 h-px-2 v-inner-lg-2 v-inner-md-2 v-inner-2 style-1299 style-local-896-c70 position-relative\">\n              <!---->\n              <!---->\n              <div class=\"w-100 h-y-container h-column__content h-column__v-align flex-basis-100 align-self-lg-center align-self-md-center align-self-center\">\n                <!---->\n                <div data-colibri-id=\"896-c71\" class=\"h-text h-text-component style-1301 style-local-896-c71 position-relative h-element\">\n                  <!---->\n                  <!---->\n                  <div class=\"\">\n                    <p>In der Sprachwerkstatt der Kindervilla begegnen sich die Kinder und ErzieherInnen in einer gem\u00fctlichen, ruhigen Atmosph\u00e4re und erhalten die M\u00f6glichkeit in unterschiedlichster Form Selbstwirksamkeit zu erleben. Der Raum ist ein Ort\n                      f\u00fcr Sprachbildung und alltagsintegrierter Sprachf\u00f6rderung. Er bietet au\u00dferdem vielf\u00e4ltige Erfahrungsm\u00f6glichkeiten und Materialien im Bereich \u201cLiteracy\u201c: Schrift-, Sprach- und Erz\u00e4hlkultur.<\/p>\n                  <\/div>\n                <\/div>\n              <\/div>\n            <\/div>\n          <\/div>\n          <div class=\"h-column h-column-container d-flex h-col-lg-auto h-col-md-auto h-col-auto style-1300-outer style-local-896-c72-outer\">\n            <div data-colibri-id=\"896-c72\" class=\"d-flex h-flex-basis h-column__inner h-px-lg-2 h-px-md-2 h-px-2 v-inner-lg-2 v-inner-md-2 v-inner-2 style-1300 style-local-896-c72 position-relative\">\n              <!---->\n              <!---->\n              <div class=\"w-100 h-y-container h-column__content h-column__v-align flex-basis-100 align-self-lg-start align-self-md-start align-self-start\">\n                <!---->\n                <div data-colibri-id=\"896-c73\" class=\"d-block style-1302 style-local-896-c73 position-relative h-element\">\n                  <!---->\n                  <div class=\"h-image__frame-container-outer\">\n                    <div class=\"h-image__frame-container\">\n                      <!---->\n                      <!---->\n                      <img loading=\"lazy\" decoding=\"async\" width=\"350\" height=\"263\" src=\"http:\/\/kindervillaosnabrueck.de\/cms\/wp-content\/uploads\/2024\/06\/image_manager__frontend_float_img_sprachwerkstatt_2-1.jpg\" class=\"wp-image-907 style-1302-image style-local-896-c73-image\" alt=\"\" srcset=\"https:\/\/kindervillaosnabrueck.de\/cms\/wp-content\/uploads\/2024\/06\/image_manager__frontend_float_img_sprachwerkstatt_2-1.jpg 350w, https:\/\/kindervillaosnabrueck.de\/cms\/wp-content\/uploads\/2024\/06\/image_manager__frontend_float_img_sprachwerkstatt_2-1-300x225.jpg 300w\" sizes=\"auto, (max-width: 350px) 100vw, 350px\" \/>\n                      <div class=\"h-image__frame h-hide-lg h-hide-md h-hide-sm style-1302-frameImage style-local-896-c73-frameImage\"><\/div>\n                    <\/div>\n                  <\/div>\n                <\/div>\n              <\/div>\n            <\/div>\n          <\/div>\n        <\/div>\n      <\/div>\n    <\/div>\n  <\/div>\n  <div data-colibri-component=\"section\" data-colibri-id=\"896-c77\" id=\"custom-9\" class=\"h-section h-section-global-spacing d-flex align-items-lg-center align-items-md-center align-items-center style-1307 style-local-896-c77 position-relative\">\n    <!---->\n    <!---->\n    <div class=\"h-section-grid-container h-section-boxed-container\">\n      <div data-colibri-id=\"896-c83\" class=\"h-row-container gutters-row-lg-2 gutters-row-md-2 gutters-row-0 gutters-row-v-lg-2 gutters-row-v-md-2 gutters-row-v-2 style-1313 style-local-896-c83 position-relative\">\n        <!---->\n        <div class=\"h-row justify-content-lg-center justify-content-md-center justify-content-center align-items-lg-stretch align-items-md-stretch align-items-stretch gutters-col-lg-2 gutters-col-md-2 gutters-col-0 gutters-col-v-lg-2 gutters-col-v-md-2 gutters-col-v-2\">\n          <!---->\n          <div class=\"h-column h-column-container d-flex h-col-lg-auto h-col-md-auto h-col-auto style-1314-outer style-local-896-c84-outer\">\n            <div data-colibri-id=\"896-c84\" class=\"d-flex h-flex-basis h-column__inner h-px-lg-2 h-px-md-2 h-px-2 v-inner-lg-2 v-inner-md-2 v-inner-2 style-1314 style-local-896-c84 position-relative\">\n              <!---->\n              <!---->\n              <div class=\"w-100 h-y-container h-column__content h-column__v-align flex-basis-100 align-self-lg-start align-self-md-start align-self-start\">\n                <!---->\n                <div data-colibri-id=\"896-c85\" class=\"h-global-transition-all h-heading style-1315 style-local-896-c85 position-relative h-element\">\n                  <!---->\n                  <div class=\"h-heading__outer style-1315 style-local-896-c85\">\n                    <!---->\n                    <!---->\n                    <h2 class=\"\">Turn- und Bewegungsraum<\/h2>\n                  <\/div>\n                <\/div>\n              <\/div>\n            <\/div>\n          <\/div>\n        <\/div>\n      <\/div>\n      <div data-colibri-id=\"896-c78\" class=\"h-row-container gutters-row-lg-2 gutters-row-md-2 gutters-row-0 gutters-row-v-lg-2 gutters-row-v-md-2 gutters-row-v-2 style-1308 style-local-896-c78 position-relative\">\n        <!---->\n        <div class=\"h-row justify-content-lg-center justify-content-md-center justify-content-center align-items-lg-stretch align-items-md-stretch align-items-stretch gutters-col-lg-2 gutters-col-md-2 gutters-col-0 gutters-col-v-lg-2 gutters-col-v-md-2 gutters-col-v-2\">\n          <!---->\n          <div class=\"h-column h-column-container d-flex h-col-lg-auto h-col-md-auto h-col-auto style-1309-outer style-local-896-c79-outer\">\n            <div data-colibri-id=\"896-c79\" class=\"d-flex h-flex-basis h-column__inner h-px-lg-2 h-px-md-2 h-px-2 v-inner-lg-2 v-inner-md-2 v-inner-2 style-1309 style-local-896-c79 position-relative\">\n              <!---->\n              <!---->\n              <div class=\"w-100 h-y-container h-column__content h-column__v-align flex-basis-100 align-self-lg-start align-self-md-start align-self-start\">\n                <!---->\n                <div data-colibri-id=\"896-c80\" class=\"d-block style-1311 style-local-896-c80 position-relative h-element\">\n                  <!---->\n                  <div class=\"h-image__frame-container-outer\">\n                    <div class=\"h-image__frame-container\">\n                      <!---->\n                      <!---->\n                      <img loading=\"lazy\" decoding=\"async\" width=\"350\" height=\"317\" src=\"http:\/\/kindervillaosnabrueck.de\/cms\/wp-content\/uploads\/2024\/06\/image_manager__frontend_float_img_turnen_1-1.jpg\" class=\"wp-image-906 style-1311-image style-local-896-c80-image\" alt=\"\" srcset=\"https:\/\/kindervillaosnabrueck.de\/cms\/wp-content\/uploads\/2024\/06\/image_manager__frontend_float_img_turnen_1-1.jpg 350w, https:\/\/kindervillaosnabrueck.de\/cms\/wp-content\/uploads\/2024\/06\/image_manager__frontend_float_img_turnen_1-1-300x272.jpg 300w\" sizes=\"auto, (max-width: 350px) 100vw, 350px\" \/>\n                      <div class=\"h-image__frame h-hide-lg h-hide-md h-hide-sm style-1311-frameImage style-local-896-c80-frameImage\"><\/div>\n                    <\/div>\n                  <\/div>\n                <\/div>\n              <\/div>\n            <\/div>\n          <\/div>\n          <div class=\"h-column h-column-container d-flex h-col-lg-auto h-col-md-auto h-col-auto style-1310-outer style-local-896-c81-outer\">\n            <div data-colibri-id=\"896-c81\" class=\"d-flex h-flex-basis h-column__inner h-px-lg-2 h-px-md-2 h-px-2 v-inner-lg-2 v-inner-md-2 v-inner-2 style-1310 style-local-896-c81 position-relative\">\n              <!---->\n              <!---->\n              <div class=\"w-100 h-y-container h-column__content h-column__v-align flex-basis-100 align-self-lg-center align-self-md-center align-self-center\">\n                <!---->\n                <div data-colibri-id=\"896-c82\" class=\"h-text h-text-component style-1312 style-local-896-c82 position-relative h-element\">\n                  <!---->\n                  <!---->\n                  <div class=\"\">\n                    <p>Unser hauseigener Bewegungsraum mit seinen vielf\u00e4ltigen Materialien bietet Kleingruppen die M\u00f6glichkeit sich zwischendurch so richtig auszutoben.<\/p>\n                    <p>Insbesondere unsere&nbsp;\n                      <a href=\"https:\/\/www.hengstenberg-pikler.de\" target=\"_blank\" rel=\"noopener\">Hengstenberg-Pikler Materialien<\/a>&nbsp;erfreuen sich gro\u00dfer Beliebtheit, da die Kinder mit ihnen eigenst\u00e4ndig Bewegungslandschaften bauen und diese in eigenem Zeitma\u00df und eigener Dynamik erkunden.<\/p>\n                    <p>Dar\u00fcber hinaus nutzen wir einmal w\u00f6chentlich die Turnhalle der \u201eSchule an der Rolandsmauer\u201c.<\/p>\n                  <\/div>\n                <\/div>\n              <\/div>\n            <\/div>\n          <\/div>\n        <\/div>\n      <\/div>\n    <\/div>\n  <\/div>\n<\/div>","protected":false},"excerpt":{"rendered":"<p>Ich glaube sowieso, wenn die jungen Menschen auf alles h\u00f6ren w\u00fcrden, was die \u00c4lteren ihnen sagen, w\u00fcrde jede Entwicklung aufh\u00f6ren und die Welt stillstehen. (Astrid Lindgren) Unsere Kompetenzen und Schwerpunktbereiche Atelier und Werkraum Kinder k\u00f6nnen in einem kreativen Umfeld mit vielf\u00e4ltigen Materialien arbeiten und selbst entscheiden, was damit geschieht. Eine gro\u00dfe Vielfalt an frei zug\u00e4nglichen [&hellip;]<\/p>\n","protected":false},"author":1,"featured_media":0,"parent":0,"menu_order":0,"comment_status":"closed","ping_status":"closed","template":"page-templates\/full-width-page.php","meta":{"footnotes":""},"class_list":["post-896","page","type-page","status-publish","hentry"],"_links":{"self":[{"href":"https:\/\/kindervillaosnabrueck.de\/cms\/wp-json\/wp\/v2\/pages\/896","targetHints":{"allow":["GET"]}}],"collection":[{"href":"https:\/\/kindervillaosnabrueck.de\/cms\/wp-json\/wp\/v2\/pages"}],"about":[{"href":"https:\/\/kindervillaosnabrueck.de\/cms\/wp-json\/wp\/v2\/types\/page"}],"author":[{"embeddable":true,"href":"https:\/\/kindervillaosnabrueck.de\/cms\/wp-json\/wp\/v2\/users\/1"}],"replies":[{"embeddable":true,"href":"https:\/\/kindervillaosnabrueck.de\/cms\/wp-json\/wp\/v2\/comments?post=896"}],"version-history":[{"count":5,"href":"https:\/\/kindervillaosnabrueck.de\/cms\/wp-json\/wp\/v2\/pages\/896\/revisions"}],"predecessor-version":[{"id":1111,"href":"https:\/\/kindervillaosnabrueck.de\/cms\/wp-json\/wp\/v2\/pages\/896\/revisions\/1111"}],"wp:attachment":[{"href":"https:\/\/kindervillaosnabrueck.de\/cms\/wp-json\/wp\/v2\/media?parent=896"}],"curies":[{"name":"wp","href":"https:\/\/api.w.org\/{rel}","templated":true}]}}