{"id":331,"date":"2024-05-05T21:36:40","date_gmt":"2024-05-05T19:36:40","guid":{"rendered":"http:\/\/kindervillaosnabrueck.de\/cms\/?page_id=331"},"modified":"2025-11-11T07:51:08","modified_gmt":"2025-11-11T06:51:08","slug":"unser-team","status":"publish","type":"page","link":"https:\/\/kindervillaosnabrueck.de\/cms\/unser-team\/","title":{"rendered":"Unser Team"},"content":{"rendered":"<div data-colibri-id=\"331-c1\" class=\"style-674 style-local-331-c1 position-relative\">\n  <!---->\n  <div data-colibri-component=\"section\" data-colibri-id=\"331-c2\" id=\"custom\" class=\"h-section h-section-global-spacing d-flex align-items-lg-center align-items-md-center align-items-center style-684 style-local-331-c2 position-relative\">\n    <!---->\n    <div style=\"height: 30px; top: calc(0px);\" class=\"h-separator\">\n      <svg style=\"fill:rgb(127, 191, 172);transform:rotateX(180deg);\" xmlns=\"http:\/\/www.w3.org\/2000\/svg\" viewBox=\"0 0 1000 100\" preserveAspectRatio=\"none\">\n        <path class=\"svg-white-bg\" d=\"M737.9,94.7L0,0v100h1000V0L737.9,94.7z\"><\/path>\n      <\/svg>\n    <\/div>\n    <div style=\"height: 30px; bottom: calc(0px);\" class=\"h-separator\">\n      <svg style=\"fill:rgb(166, 220, 244);\" xmlns=\"http:\/\/www.w3.org\/2000\/svg\" viewBox=\"0 0 1000 100\" preserveAspectRatio=\"none\">\n        <path class=\"svg-white-bg\" d=\"M737.9,94.7L0,0v100h1000V0L737.9,94.7z\"><\/path>\n      <\/svg>\n    <\/div>\n    <div class=\"h-section-grid-container h-section-boxed-container\">\n      <!---->\n      <div data-colibri-id=\"331-c3\" class=\"h-row-container gutters-row-lg-1 gutters-row-md-1 gutters-row-0 gutters-row-v-lg-1 gutters-row-v-md-1 gutters-row-v-1 style-733 style-local-331-c3 position-relative\">\n        <!---->\n        <div class=\"h-row justify-content-lg-center justify-content-md-center justify-content-center align-items-lg-stretch align-items-md-stretch align-items-stretch gutters-col-lg-1 gutters-col-md-1 gutters-col-0 gutters-col-v-lg-1 gutters-col-v-md-1 gutters-col-v-1\">\n          <!---->\n          <div class=\"h-column h-column-container d-flex h-col-lg-auto h-col-md-auto h-col-auto style-735-outer style-local-331-c4-outer\">\n            <div data-colibri-id=\"331-c4\" class=\"d-flex h-flex-basis h-column__inner h-px-lg-1 h-px-md-1 h-px-1 v-inner-lg-1 v-inner-md-1 v-inner-1 style-735 style-local-331-c4 position-relative\">\n              <!---->\n              <!---->\n              <div class=\"w-100 h-y-container h-column__content h-column__v-align flex-basis-100 align-self-lg-center align-self-md-center align-self-center\">\n                <!---->\n                <div data-colibri-id=\"331-c5\" class=\"d-block style-737 style-local-331-c5 position-relative h-element\">\n                  <!---->\n                  <div class=\"h-image__frame-container-outer\">\n                    <div class=\"h-image__frame-container\">\n                      <!---->\n                      <!---->\n                      <img loading=\"lazy\" decoding=\"async\" width=\"350\" height=\"350\" src=\"http:\/\/kindervillaosnabrueck.de\/cms\/wp-content\/uploads\/2024\/05\/cropped-image_manager__frontend_float_img_team_fobi.jpg\" class=\"wp-image-232 style-737-image style-local-331-c5-image\" alt=\"\" srcset=\"https:\/\/kindervillaosnabrueck.de\/cms\/wp-content\/uploads\/2024\/05\/cropped-image_manager__frontend_float_img_team_fobi.jpg 350w, https:\/\/kindervillaosnabrueck.de\/cms\/wp-content\/uploads\/2024\/05\/cropped-image_manager__frontend_float_img_team_fobi-300x300.jpg 300w, https:\/\/kindervillaosnabrueck.de\/cms\/wp-content\/uploads\/2024\/05\/cropped-image_manager__frontend_float_img_team_fobi-150x150.jpg 150w\" sizes=\"auto, (max-width: 350px) 100vw, 350px\" \/>\n                      <div class=\"h-image__frame h-hide-lg h-hide-md h-hide-sm style-737-frameImage style-local-331-c5-frameImage\"><\/div>\n                    <\/div>\n                  <\/div>\n                <\/div>\n              <\/div>\n            <\/div>\n          <\/div>\n          <div class=\"h-column h-column-container d-flex h-col-lg-auto h-col-md-auto h-col-auto style-734-outer style-local-331-c6-outer\">\n            <div data-colibri-id=\"331-c6\" class=\"d-flex h-flex-basis h-column__inner h-px-lg-1 h-px-md-1 h-px-1 v-inner-lg-1 v-inner-md-1 v-inner-1 style-734 style-local-331-c6 position-relative\">\n              <!---->\n              <!---->\n              <div class=\"w-100 h-y-container h-column__content h-column__v-align flex-basis-100 align-self-lg-start align-self-md-start align-self-start\">\n                <!---->\n                <div data-colibri-id=\"331-c7\" class=\"h-lead h-text h-text-component style-736 style-local-331-c7 position-relative h-element\">\n                  <!---->\n                  <!---->\n                  <div class=\"\">\n                    <h3>Aktueller Pressebericht:<\/h3>\n                    <p>&#8222;Am Samstag, den 23. September 2023 wurden in der Kindertageseinrichtung \u201eKindervilla e.V.\u201c Osnabr\u00fcck, 12 Erzieherinnen und Erzieher mit einem Zertifikat ausgezeichnet, das sie als<\/p>\n                    <p><strong><em>\u201eFachkraft f\u00fcr eine Reggio inspirierte Kultur des Lernens\u201c<\/em><\/strong><\/p>\n                    <p>ausweist. Die vom Netzwerk&nbsp;<em>INCONTRO<\/em>&nbsp;aus Borgholzhausen durchgef\u00fchrte und von Dialog Reggio e.V. anerkannte Fortbildung bestand aus \u00fcber 144 Unterrichtsstunden, die in 9 Modulen \u00fcber das zur\u00fcckliegende Jahr verteilt,\n                      stattgefunden hat.<\/p>\n                    <p>Die teilnehmenden p\u00e4dagogischen Fachkr\u00e4fte, die \u00fcber die H\u00e4lfte der Unterrichtszeit in ihrer Freizeit absolviert haben, kamen aus der Kindervilla Osnabr\u00fcck, aus dem evangelischen Kindergarten Sonnenblume in Melle und aus dem Reggio\n                      Kinderhaus Bremen-Hastedt, Knaddeldaddel e.V.<\/p>\n                    <p>\n                      <br>\n                    <\/p>\n                  <\/div>\n                <\/div>\n              <\/div>\n            <\/div>\n          <\/div>\n        <\/div>\n      <\/div>\n      <div data-colibri-id=\"331-c8\" class=\"h-row-container gutters-row-lg-2 gutters-row-md-2 gutters-row-0 gutters-row-v-lg-2 gutters-row-v-md-2 gutters-row-v-2 style-1495 style-local-331-c8 position-relative\">\n        <!---->\n        <div class=\"h-row justify-content-lg-center justify-content-md-center justify-content-center align-items-lg-stretch align-items-md-stretch align-items-stretch gutters-col-lg-2 gutters-col-md-2 gutters-col-0 gutters-col-v-lg-2 gutters-col-v-md-2 gutters-col-v-2\">\n          <!---->\n          <div class=\"h-column h-column-container d-flex h-col-lg-6 h-col-md-6 h-col-12 style-1496-outer style-local-331-c9-outer\">\n            <div data-colibri-id=\"331-c9\" class=\"d-flex h-flex-basis h-column__inner h-ui-empty-state-container h-px-lg-2 h-px-md-2 h-px-2 v-inner-lg-2 v-inner-md-2 v-inner-2 style-1496 style-local-331-c9 position-relative\">\n              <!---->\n              <!---->\n              <div class=\"w-100 h-y-container h-column__content h-column__v-align flex-basis-100\">\n                <!---->\n              <\/div>\n            <\/div>\n          <\/div>\n        <\/div>\n      <\/div>\n      <div data-colibri-id=\"331-c10\" class=\"h-row-container gutters-row-lg-2 gutters-row-md-2 gutters-row-0 gutters-row-v-lg-2 gutters-row-v-md-2 gutters-row-v-2 style-1500 style-local-331-c10 position-relative\">\n        <!---->\n        <div class=\"h-row justify-content-lg-center justify-content-md-center justify-content-center align-items-lg-stretch align-items-md-stretch align-items-stretch gutters-col-lg-2 gutters-col-md-2 gutters-col-0 gutters-col-v-lg-2 gutters-col-v-md-2 gutters-col-v-2\">\n          <!---->\n          <div class=\"h-column h-column-container d-flex h-col-lg-auto h-col-md-auto h-col-auto style-1501-outer style-local-331-c11-outer\">\n            <div data-colibri-id=\"331-c11\" class=\"d-flex h-flex-basis h-column__inner h-px-lg-2 h-px-md-2 h-px-2 v-inner-lg-2 v-inner-md-2 v-inner-2 style-1501 style-local-331-c11 position-relative\">\n              <!---->\n              <!---->\n              <div class=\"w-100 h-y-container h-column__content h-column__v-align flex-basis-100 align-self-lg-start align-self-md-start align-self-start\">\n                <!---->\n                <div data-colibri-id=\"331-c12\" class=\"h-divider style-1499 style-local-331-c12 position-relative h-element\">\n                  <!----><span class=\"h-divider__line style-1499-line style-local-331-c12-line style-1499-line style-local-331-c12-line\"><\/span><\/div>\n              <\/div>\n            <\/div>\n          <\/div>\n        <\/div>\n      <\/div>\n      <div data-colibri-id=\"331-c13\" class=\"h-row-container gutters-row-lg-2 gutters-row-md-2 gutters-row-0 gutters-row-v-lg-2 gutters-row-v-md-2 gutters-row-v-2 style-685 style-local-331-c13 position-relative\">\n        <!---->\n        <div class=\"h-row justify-content-lg-center justify-content-md-center justify-content-center align-items-lg-stretch align-items-md-stretch align-items-stretch gutters-col-lg-2 gutters-col-md-2 gutters-col-0 gutters-col-v-lg-2 gutters-col-v-md-2 gutters-col-v-2\">\n          <!---->\n          <div class=\"h-column h-column-container d-flex h-col-lg-auto h-col-md-auto h-col-auto style-686-outer style-local-331-c14-outer\">\n            <div data-colibri-id=\"331-c14\" class=\"d-flex h-flex-basis h-column__inner h-px-lg-2 h-px-md-2 h-px-2 v-inner-lg-2 v-inner-md-2 v-inner-2 style-686 style-local-331-c14 position-relative\">\n              <!---->\n              <!---->\n              <div class=\"w-100 h-y-container h-column__content h-column__v-align flex-basis-100 align-self-lg-start align-self-md-start align-self-start\">\n                <!---->\n                <div data-colibri-id=\"331-c15\" class=\"d-block style-688 style-local-331-c15 position-relative h-element\">\n                  <!---->\n                  <div class=\"h-image__frame-container-outer\">\n                    <div class=\"h-image__frame-container\">\n                      <!---->\n                      <!---->\n                      <img loading=\"lazy\" decoding=\"async\" width=\"350\" height=\"531\" src=\"http:\/\/kindervillaosnabrueck.de\/cms\/wp-content\/uploads\/2024\/05\/cropped-image_manager__frontend_float_img_karina_neu.jpg\" class=\"wp-image-333 style-688-image style-local-331-c15-image\" alt=\"\" srcset=\"https:\/\/kindervillaosnabrueck.de\/cms\/wp-content\/uploads\/2024\/05\/cropped-image_manager__frontend_float_img_karina_neu.jpg 350w, https:\/\/kindervillaosnabrueck.de\/cms\/wp-content\/uploads\/2024\/05\/cropped-image_manager__frontend_float_img_karina_neu-198x300.jpg 198w\" sizes=\"auto, (max-width: 350px) 100vw, 350px\" \/>\n                      <div class=\"h-image__frame style-688-frameImage style-local-331-c15-frameImage\"><\/div>\n                    <\/div>\n                  <\/div>\n                <\/div>\n              <\/div>\n            <\/div>\n          <\/div>\n          <div class=\"h-column h-column-container d-flex h-col-lg-auto h-col-md-auto h-col-auto style-687-outer style-local-331-c16-outer\">\n            <div data-colibri-id=\"331-c16\" class=\"d-flex h-flex-basis h-column__inner h-px-lg-2 h-px-md-2 h-px-2 v-inner-lg-2 v-inner-md-2 v-inner-2 style-687 style-local-331-c16 position-relative\">\n              <!---->\n              <!---->\n              <div class=\"w-100 h-y-container h-column__content h-column__v-align flex-basis-100 align-self-lg-start align-self-md-start align-self-start\">\n                <!---->\n                <div data-colibri-id=\"331-c17\" class=\"h-text h-text-component style-689 style-local-331-c17 position-relative h-element\">\n                  <!---->\n                  <!---->\n                  <div class=\"\">\n                    <h3>Karina &#8211; st\u00e4ndige stellvertretende Kita &#8211; Leitung<\/h3>\n                    <p>Mein Name ist Karina Guss. Ich bin Erzieherin, Begleiterin, Beobachterin, helfende Hand, Fachwirtin f\u00fcr Kita &#8211; Management und Mama.\n                      <br> Ich bin seit 2013 Teil der Kindervilla &#8211; Gemeinschaft.<\/p>\n                    <p>Hier kann sich wirklich jeder frei entfalten und seinen Interessen und F\u00e4higkeiten entsprechend einbringen. Genau das macht die Kindervilla f\u00fcr mich zu einem ganz besonderen Ort. F\u00fcr mich ist es das Gr\u00f6\u00dfte t\u00e4glich die Impulse und Anregungen\n                      der Kinder aufzugreifen, gemeinsam unsere verschiedenen R\u00e4umlichkeiten zu nutzen und die st\u00e4dtische Umgebung als zus\u00e4tzliche Schwerpunktbereicht zu sehen.<\/p>\n                    <p>Genau diese Vielfalt macht f\u00fcr mich unseren Beruf aus.<\/p>\n                  <\/div>\n                <\/div>\n              <\/div>\n            <\/div>\n          <\/div>\n        <\/div>\n      <\/div>\n    <\/div>\n  <\/div>\n  <div data-colibri-component=\"section\" data-colibri-id=\"331-c22\" id=\"steffi\" class=\"h-section h-section-global-spacing d-flex align-items-lg-center align-items-md-center align-items-center style-702 style-local-331-c22 position-relative\">\n    <!---->\n    <div style=\"height: 30px; top: calc(0px);\" class=\"h-separator\">\n      <svg style=\"fill:rgb(127, 191, 172);transform:rotateX(180deg);\" xmlns=\"http:\/\/www.w3.org\/2000\/svg\" viewBox=\"0 0 1000 100\" preserveAspectRatio=\"none\">\n        <path class=\"svg-white-bg\" d=\"M737.9,94.7L0,0v100h1000V0L737.9,94.7z\"><\/path>\n      <\/svg>\n    <\/div>\n    <div style=\"height: 30px; bottom: calc(0px);\" class=\"h-separator\">\n      <svg style=\"fill:rgb(166, 220, 244);\" xmlns=\"http:\/\/www.w3.org\/2000\/svg\" viewBox=\"0 0 1000 100\" preserveAspectRatio=\"none\">\n        <path class=\"svg-white-bg\" d=\"M737.9,94.7L0,0v100h1000V0L737.9,94.7z\"><\/path>\n      <\/svg>\n    <\/div>\n    <div class=\"h-section-grid-container h-section-boxed-container\">\n      <!---->\n      <div data-colibri-id=\"331-c23\" class=\"h-row-container gutters-row-lg-2 gutters-row-md-2 gutters-row-0 gutters-row-v-lg-2 gutters-row-v-md-2 gutters-row-v-2 style-703 style-local-331-c23 position-relative\">\n        <!---->\n        <div class=\"h-row justify-content-lg-center justify-content-md-center justify-content-center align-items-lg-stretch align-items-md-stretch align-items-stretch gutters-col-lg-2 gutters-col-md-2 gutters-col-0 gutters-col-v-lg-2 gutters-col-v-md-2 gutters-col-v-2\">\n          <!---->\n          <div class=\"h-column h-column-container d-flex h-col-lg-auto h-col-md-auto h-col-auto style-704-outer style-local-331-c24-outer\">\n            <div data-colibri-id=\"331-c24\" class=\"d-flex h-flex-basis h-column__inner h-px-lg-2 h-px-md-2 h-px-2 v-inner-lg-2 v-inner-md-2 v-inner-2 style-704 style-local-331-c24 position-relative\">\n              <!---->\n              <!---->\n              <div class=\"w-100 h-y-container h-column__content h-column__v-align flex-basis-100 align-self-lg-start align-self-md-start align-self-start\">\n                <!---->\n                <div data-colibri-id=\"331-c25\" class=\"h-text h-text-component style-707 style-local-331-c25 position-relative h-element\">\n                  <!---->\n                  <!---->\n                  <div class=\"\">\n                    <h3>Steffi<\/h3>\n                    <p>Am allermeisten Spa\u00df an meiner Arbeit als Erzieherin macht mir auf jeden Fall das \u201eQuatschmachen\u201c mit den Kindern. Es ist unschlagbar zu sehen welch Kreativit\u00e4t und Freude in den Kindern steckt und wie schnell sie mich damit anstecken\n                      k\u00f6nnen. <\/p>\n                    <p>Ein Weiterer wunderbarer Punkt, ist es viel Zeit drau\u00dfen zu verbringen. Egal ob Sandburgen bauen oder durch Pf\u00fctzen springen, Hauptsache die Welt entdecken und Abendteuer erleben. Dabei die Kinder begleiten, unterst\u00fctzen und beobachten\n                      zu k\u00f6nnen ist jeden Tag aufs Neue eine faszinierende Aufgabe.<\/p>\n                    <p>\n                      <br>\n                    <\/p>\n                  <\/div>\n                <\/div>\n              <\/div>\n            <\/div>\n          <\/div>\n          <div class=\"h-column h-column-container d-flex h-col-lg-auto h-col-md-auto h-col-auto style-705-outer style-local-331-c26-outer\">\n            <div data-colibri-id=\"331-c26\" class=\"d-flex h-flex-basis h-column__inner h-px-lg-2 h-px-md-2 h-px-2 v-inner-lg-2 v-inner-md-2 v-inner-2 style-705 style-local-331-c26 position-relative\">\n              <!---->\n              <!---->\n              <div class=\"w-100 h-y-container h-column__content h-column__v-align flex-basis-100 align-self-lg-start align-self-md-start align-self-start\">\n                <!---->\n                <div data-colibri-id=\"331-c27\" class=\"d-block style-706 style-local-331-c27 position-relative h-element\">\n                  <!---->\n                  <div class=\"h-image__frame-container-outer\">\n                    <div class=\"h-image__frame-container\">\n                      <!---->\n                      <!---->\n                      <img loading=\"lazy\" decoding=\"async\" width=\"539\" height=\"509\" src=\"https:\/\/kindervillaosnabrueck.de\/cms\/wp-content\/uploads\/2025\/10\/cropped-Steffi-Bild_cleanup.png\" class=\"wp-image-1442 style-706-image style-local-331-c27-image\" alt=\"\" srcset=\"https:\/\/kindervillaosnabrueck.de\/cms\/wp-content\/uploads\/2025\/10\/cropped-Steffi-Bild_cleanup.png 539w, https:\/\/kindervillaosnabrueck.de\/cms\/wp-content\/uploads\/2025\/10\/cropped-Steffi-Bild_cleanup-300x283.png 300w\" sizes=\"auto, (max-width: 539px) 100vw, 539px\" \/>\n                      <div class=\"h-image__frame style-706-frameImage style-local-331-c27-frameImage\"><\/div>\n                    <\/div>\n                  <\/div>\n                <\/div>\n              <\/div>\n            <\/div>\n          <\/div>\n        <\/div>\n      <\/div>\n    <\/div>\n  <\/div>\n  <div data-colibri-component=\"section\" data-colibri-id=\"331-c28\" id=\"mirjam\" class=\"h-section h-section-global-spacing d-flex align-items-lg-center align-items-md-center align-items-center style-1619 style-local-331-c28 position-relative\">\n    <!---->\n    <div style=\"height: 30px; top: calc(0px);\" class=\"h-separator\">\n      <svg style=\"fill:rgb(127, 191, 172);transform:rotateX(180deg);\" xmlns=\"http:\/\/www.w3.org\/2000\/svg\" viewBox=\"0 0 1000 100\" preserveAspectRatio=\"none\">\n        <path class=\"svg-white-bg\" d=\"M737.9,94.7L0,0v100h1000V0L737.9,94.7z\"><\/path>\n      <\/svg>\n    <\/div>\n    <div style=\"height: 30px; bottom: calc(0px);\" class=\"h-separator\">\n      <svg style=\"fill:rgb(166, 220, 244);\" xmlns=\"http:\/\/www.w3.org\/2000\/svg\" viewBox=\"0 0 1000 100\" preserveAspectRatio=\"none\">\n        <path class=\"svg-white-bg\" d=\"M737.9,94.7L0,0v100h1000V0L737.9,94.7z\"><\/path>\n      <\/svg>\n    <\/div>\n    <div class=\"h-section-grid-container h-section-boxed-container\">\n      <!---->\n      <div data-colibri-id=\"331-c29\" class=\"h-row-container gutters-row-lg-2 gutters-row-md-2 gutters-row-0 gutters-row-v-lg-2 gutters-row-v-md-2 gutters-row-v-2 style-1620 style-local-331-c29 position-relative\">\n        <!---->\n        <div class=\"h-row justify-content-lg-center justify-content-md-center justify-content-center align-items-lg-stretch align-items-md-stretch align-items-stretch gutters-col-lg-2 gutters-col-md-2 gutters-col-0 gutters-col-v-lg-2 gutters-col-v-md-2 gutters-col-v-2\">\n          <!---->\n          <div class=\"h-column h-column-container d-flex h-col-lg-auto h-col-md-auto h-col-auto style-1621-outer style-local-331-c30-outer\">\n            <div data-colibri-id=\"331-c30\" class=\"d-flex h-flex-basis h-column__inner h-px-lg-2 h-px-md-2 h-px-2 v-inner-lg-2 v-inner-md-2 v-inner-2 style-1621 style-local-331-c30 position-relative\">\n              <!---->\n              <!---->\n              <div class=\"w-100 h-y-container h-column__content h-column__v-align flex-basis-100 align-self-lg-start align-self-md-start align-self-start\">\n                <!---->\n                <div data-colibri-id=\"331-c31\" class=\"d-block style-1622 style-local-331-c31 position-relative h-element\">\n                  <!---->\n                  <div class=\"h-image__frame-container-outer\">\n                    <div class=\"h-image__frame-container\">\n                      <!---->\n                      <!---->\n                      <img loading=\"lazy\" decoding=\"async\" width=\"350\" height=\"375\" src=\"https:\/\/kindervillaosnabrueck.de\/cms\/wp-content\/uploads\/2024\/05\/cropped-image_manager__frontend_float_img_mimi_2.jpg\" class=\"wp-image-335 style-1622-image style-local-331-c31-image\" alt=\"\" srcset=\"https:\/\/kindervillaosnabrueck.de\/cms\/wp-content\/uploads\/2024\/05\/cropped-image_manager__frontend_float_img_mimi_2.jpg 350w, https:\/\/kindervillaosnabrueck.de\/cms\/wp-content\/uploads\/2024\/05\/cropped-image_manager__frontend_float_img_mimi_2-280x300.jpg 280w\" sizes=\"auto, (max-width: 350px) 100vw, 350px\" \/>\n                      <div class=\"h-image__frame style-1622-frameImage style-local-331-c31-frameImage\"><\/div>\n                    <\/div>\n                  <\/div>\n                <\/div>\n              <\/div>\n            <\/div>\n          <\/div>\n          <div class=\"h-column h-column-container d-flex h-col-lg-auto h-col-md-auto h-col-auto style-1623-outer style-local-331-c32-outer\">\n            <div data-colibri-id=\"331-c32\" class=\"d-flex h-flex-basis h-column__inner h-px-lg-2 h-px-md-2 h-px-2 v-inner-lg-2 v-inner-md-2 v-inner-2 style-1623 style-local-331-c32 position-relative\">\n              <!---->\n              <!---->\n              <div class=\"w-100 h-y-container h-column__content h-column__v-align flex-basis-100 align-self-lg-start align-self-md-start align-self-start\">\n                <!---->\n                <div data-colibri-id=\"331-c33\" class=\"h-text h-text-component style-1624 style-local-331-c33 position-relative h-element\">\n                  <!---->\n                  <!---->\n                  <div class=\"\">\n                    <h3>Mirjam<\/h3>\n                    <p>Mein Schwerpunkt ist der Forscherbereich, aber auch die Projektarbeit. Es macht mir sehr viel Spa\u00df, mich mit den Kindern gemeinsam auf den Weg zu machen und den Dingen auf den Grund zu gehen. Dabei lasse ich mich von der Neugierde\n                      der Kinder anstecken, biete ihnen vielf\u00e4ltige Anregungen und begleite sie beim Entdecken und Erforschen ihrer Welt.\n                      <br> In der Kindervilla habe ich einen Platz gefunden, wo die reggio- inspirierte Kultur des Lernens gelebt wird und ich mich frei entfalten kann.<\/p>\n                  <\/div>\n                <\/div>\n              <\/div>\n            <\/div>\n          <\/div>\n        <\/div>\n      <\/div>\n    <\/div>\n  <\/div>\n  <div data-colibri-component=\"section\" data-colibri-id=\"331-c34\" id=\"tim\" class=\"h-section h-section-global-spacing d-flex align-items-lg-center align-items-md-center align-items-center style-702 style-local-331-c34 position-relative\">\n    <!---->\n    <div style=\"height: 30px; top: calc(0px);\" class=\"h-separator\">\n      <svg style=\"fill:rgb(127, 191, 172);transform:rotateX(180deg);\" xmlns=\"http:\/\/www.w3.org\/2000\/svg\" viewBox=\"0 0 1000 100\" preserveAspectRatio=\"none\">\n        <path class=\"svg-white-bg\" d=\"M737.9,94.7L0,0v100h1000V0L737.9,94.7z\"><\/path>\n      <\/svg>\n    <\/div>\n    <div style=\"height: 30px; bottom: calc(0px);\" class=\"h-separator\">\n      <svg style=\"fill:rgb(166, 220, 244);\" xmlns=\"http:\/\/www.w3.org\/2000\/svg\" viewBox=\"0 0 1000 100\" preserveAspectRatio=\"none\">\n        <path class=\"svg-white-bg\" d=\"M737.9,94.7L0,0v100h1000V0L737.9,94.7z\"><\/path>\n      <\/svg>\n    <\/div>\n    <div class=\"h-section-grid-container h-section-boxed-container\">\n      <!---->\n      <div data-colibri-id=\"331-c35\" class=\"h-row-container gutters-row-lg-2 gutters-row-md-2 gutters-row-0 gutters-row-v-lg-2 gutters-row-v-md-2 gutters-row-v-2 style-703 style-local-331-c35 position-relative\">\n        <!---->\n        <div class=\"h-row justify-content-lg-center justify-content-md-center justify-content-center align-items-lg-stretch align-items-md-stretch align-items-stretch gutters-col-lg-2 gutters-col-md-2 gutters-col-0 gutters-col-v-lg-2 gutters-col-v-md-2 gutters-col-v-2\">\n          <!---->\n          <div class=\"h-column h-column-container d-flex h-col-lg-auto h-col-md-auto h-col-auto style-704-outer style-local-331-c36-outer\">\n            <div data-colibri-id=\"331-c36\" class=\"d-flex h-flex-basis h-column__inner h-px-lg-2 h-px-md-2 h-px-2 v-inner-lg-2 v-inner-md-2 v-inner-2 style-704 style-local-331-c36 position-relative\">\n              <!---->\n              <!---->\n              <div class=\"w-100 h-y-container h-column__content h-column__v-align flex-basis-100 align-self-lg-start align-self-md-start align-self-start\">\n                <!---->\n                <div data-colibri-id=\"331-c37\" class=\"h-text h-text-component style-707 style-local-331-c37 position-relative h-element\">\n                  <!---->\n                  <!---->\n                  <div class=\"\">\n                    <h3>Tim<\/h3>\n                    <p>Was mich am meisten am Beruf des Erziehers motiviert und fasziniert, ist die aktive Begleitung der Kinder auf ihrem Weg die Welt zu erkunden und kennenzulernen und von den Kindern als eben dieser Begleiter wahrgenommen und akzeptiert\n                      zu werden.\n                      <br>Es gef\u00e4llt mir, mich jeden Tag zusammen mit den Kindern neuen Aufgaben und Herausforderungen zu stellen und somit keine Flie\u00dfbandarbeit zu betreiben.\n                      <br>Der Mix aus dem Erleben der Kinder im Alltag und den anfallenden Verwaltungs- und Leitungsaufgaben reizt mich besonders.\n                      <br>Jeder Tag bringt etwas Neues und wir Gro\u00dfen k\u00f6nnen dabei noch eine Menge von den Kleinen lernen!<\/p>\n                  <\/div>\n                <\/div>\n              <\/div>\n            <\/div>\n          <\/div>\n          <div class=\"h-column h-column-container d-flex h-col-lg-auto h-col-md-auto h-col-auto style-705-outer style-local-331-c38-outer\">\n            <div data-colibri-id=\"331-c38\" class=\"d-flex h-flex-basis h-column__inner h-px-lg-2 h-px-md-2 h-px-2 v-inner-lg-2 v-inner-md-2 v-inner-2 style-705 style-local-331-c38 position-relative\">\n              <!---->\n              <!---->\n              <div class=\"w-100 h-y-container h-column__content h-column__v-align flex-basis-100 align-self-lg-start align-self-md-start align-self-start\">\n                <!---->\n                <div data-colibri-id=\"331-c39\" class=\"d-block style-706 style-local-331-c39 position-relative h-element\">\n                  <!---->\n                  <div class=\"h-image__frame-container-outer\">\n                    <div class=\"h-image__frame-container\">\n                      <!---->\n                      <!---->\n                      <img loading=\"lazy\" decoding=\"async\" width=\"346\" height=\"482\" src=\"http:\/\/kindervillaosnabrueck.de\/cms\/wp-content\/uploads\/2024\/05\/cropped-image_manager__frontend_float_img_tim.jpg\" class=\"wp-image-336 style-706-image style-local-331-c39-image\" alt=\"\" srcset=\"https:\/\/kindervillaosnabrueck.de\/cms\/wp-content\/uploads\/2024\/05\/cropped-image_manager__frontend_float_img_tim.jpg 346w, https:\/\/kindervillaosnabrueck.de\/cms\/wp-content\/uploads\/2024\/05\/cropped-image_manager__frontend_float_img_tim-215x300.jpg 215w\" sizes=\"auto, (max-width: 346px) 100vw, 346px\" \/>\n                      <div class=\"h-image__frame style-706-frameImage style-local-331-c39-frameImage\"><\/div>\n                    <\/div>\n                  <\/div>\n                <\/div>\n              <\/div>\n            <\/div>\n          <\/div>\n        <\/div>\n      <\/div>\n    <\/div>\n  <\/div>\n  <div data-colibri-component=\"section\" data-colibri-id=\"331-c40\" id=\"anna\" class=\"h-section h-section-global-spacing d-flex align-items-lg-center align-items-md-center align-items-center style-1619 style-local-331-c40 position-relative\">\n    <!---->\n    <div style=\"height: 30px; top: calc(0px);\" class=\"h-separator\">\n      <svg style=\"fill:rgb(127, 191, 172);transform:rotateX(180deg);\" xmlns=\"http:\/\/www.w3.org\/2000\/svg\" viewBox=\"0 0 1000 100\" preserveAspectRatio=\"none\">\n        <path class=\"svg-white-bg\" d=\"M737.9,94.7L0,0v100h1000V0L737.9,94.7z\"><\/path>\n      <\/svg>\n    <\/div>\n    <div style=\"height: 30px; bottom: calc(0px);\" class=\"h-separator\">\n      <svg style=\"fill:rgb(166, 220, 244);\" xmlns=\"http:\/\/www.w3.org\/2000\/svg\" viewBox=\"0 0 1000 100\" preserveAspectRatio=\"none\">\n        <path class=\"svg-white-bg\" d=\"M737.9,94.7L0,0v100h1000V0L737.9,94.7z\"><\/path>\n      <\/svg>\n    <\/div>\n    <div class=\"h-section-grid-container h-section-boxed-container\">\n      <!---->\n      <div data-colibri-id=\"331-c41\" class=\"h-row-container gutters-row-lg-2 gutters-row-md-2 gutters-row-0 gutters-row-v-lg-2 gutters-row-v-md-2 gutters-row-v-2 style-1620 style-local-331-c41 position-relative\">\n        <!---->\n        <div class=\"h-row justify-content-lg-center justify-content-md-center justify-content-center align-items-lg-stretch align-items-md-stretch align-items-stretch gutters-col-lg-2 gutters-col-md-2 gutters-col-0 gutters-col-v-lg-2 gutters-col-v-md-2 gutters-col-v-2\">\n          <!---->\n          <div class=\"h-column h-column-container d-flex h-col-lg-auto h-col-md-auto h-col-auto style-1621-outer style-local-331-c42-outer\">\n            <div data-colibri-id=\"331-c42\" class=\"d-flex h-flex-basis h-column__inner h-px-lg-2 h-px-md-2 h-px-2 v-inner-lg-2 v-inner-md-2 v-inner-2 style-1621 style-local-331-c42 position-relative\">\n              <!---->\n              <!---->\n              <div class=\"w-100 h-y-container h-column__content h-column__v-align flex-basis-100 align-self-lg-start align-self-md-start align-self-start\">\n                <!---->\n                <div data-colibri-id=\"331-c43\" class=\"d-block style-1622 style-local-331-c43 position-relative h-element\">\n                  <!---->\n                  <div class=\"h-image__frame-container-outer\">\n                    <div class=\"h-image__frame-container\">\n                      <!---->\n                      <!---->\n                      <img loading=\"lazy\" decoding=\"async\" width=\"368\" height=\"452\" src=\"https:\/\/kindervillaosnabrueck.de\/cms\/wp-content\/uploads\/2025\/10\/cropped-Anna-Bild_cleanup.png\" class=\"wp-image-1441 style-1622-image style-local-331-c43-image\" alt=\"\" srcset=\"https:\/\/kindervillaosnabrueck.de\/cms\/wp-content\/uploads\/2025\/10\/cropped-Anna-Bild_cleanup.png 368w, https:\/\/kindervillaosnabrueck.de\/cms\/wp-content\/uploads\/2025\/10\/cropped-Anna-Bild_cleanup-244x300.png 244w\" sizes=\"auto, (max-width: 368px) 100vw, 368px\" \/>\n                      <div class=\"h-image__frame style-1622-frameImage style-local-331-c43-frameImage\"><\/div>\n                    <\/div>\n                  <\/div>\n                <\/div>\n              <\/div>\n            <\/div>\n          <\/div>\n          <div class=\"h-column h-column-container d-flex h-col-lg-auto h-col-md-auto h-col-auto style-1623-outer style-local-331-c44-outer\">\n            <div data-colibri-id=\"331-c44\" class=\"d-flex h-flex-basis h-column__inner h-px-lg-2 h-px-md-2 h-px-2 v-inner-lg-2 v-inner-md-2 v-inner-2 style-1623 style-local-331-c44 position-relative\">\n              <!---->\n              <!---->\n              <div class=\"w-100 h-y-container h-column__content h-column__v-align flex-basis-100 align-self-lg-start align-self-md-start align-self-start\">\n                <!---->\n                <div data-colibri-id=\"331-c45\" class=\"h-text h-text-component style-1624 style-local-331-c45 position-relative h-element\">\n                  <!---->\n                  <!---->\n                  <div class=\"\">\n                    <h3>Anna<\/h3>\n                    <p>Der Erzieher*innen Beruf zeichet sich f\u00fcr mich vor allem dadurch aus, dass er so vielseitig und abwechslungsreich ist. Mir bereitet es viel Freude, gerade die ganz kleinen beim Wachsen und Lernen begleiten und beobachten zu d\u00fcrfen.\n                      <\/p>\n                    <p>Daf\u00fcr ist die Kindervilla ein wunderbarer Ort, den f\u00fcr mich gerade auch die partnerschatfliche Zusammenarbeit, die zentrale Lage in der Innenstadt und die vielf\u00e4ltigen R\u00e4ume und Schwerpunktbereiche so besonders machen.<\/p>\n                    <p>\n                      <br>\n                    <\/p>\n                  <\/div>\n                <\/div>\n              <\/div>\n            <\/div>\n          <\/div>\n        <\/div>\n      <\/div>\n    <\/div>\n  <\/div>\n  <div data-colibri-component=\"section\" data-colibri-id=\"331-c46\" id=\"janine\" class=\"h-section h-section-global-spacing d-flex align-items-lg-center align-items-md-center align-items-center style-714 style-local-331-c46 position-relative\">\n    <!---->\n    <div style=\"height: 30px; top: calc(0px);\" class=\"h-separator\">\n      <svg style=\"fill:rgb(127, 191, 172);transform:rotateX(180deg);\" xmlns=\"http:\/\/www.w3.org\/2000\/svg\" viewBox=\"0 0 1000 100\" preserveAspectRatio=\"none\">\n        <path class=\"svg-white-bg\" d=\"M737.9,94.7L0,0v100h1000V0L737.9,94.7z\"><\/path>\n      <\/svg>\n    <\/div>\n    <div style=\"height: 30px; bottom: calc(0px);\" class=\"h-separator\">\n      <svg style=\"fill:rgb(166, 220, 244);\" xmlns=\"http:\/\/www.w3.org\/2000\/svg\" viewBox=\"0 0 1000 100\" preserveAspectRatio=\"none\">\n        <path class=\"svg-white-bg\" d=\"M737.9,94.7L0,0v100h1000V0L737.9,94.7z\"><\/path>\n      <\/svg>\n    <\/div>\n    <div class=\"h-section-grid-container h-section-boxed-container\">\n      <!---->\n      <div data-colibri-id=\"331-c47\" class=\"h-row-container gutters-row-lg-2 gutters-row-md-2 gutters-row-0 gutters-row-v-lg-2 gutters-row-v-md-2 gutters-row-v-2 style-715 style-local-331-c47 position-relative\">\n        <!---->\n        <div class=\"h-row justify-content-lg-center justify-content-md-center justify-content-center align-items-lg-stretch align-items-md-stretch align-items-stretch gutters-col-lg-2 gutters-col-md-2 gutters-col-0 gutters-col-v-lg-2 gutters-col-v-md-2 gutters-col-v-2\">\n          <!---->\n          <div class=\"h-column h-column-container d-flex h-col-lg-auto h-col-md-auto h-col-auto style-716-outer style-local-331-c48-outer\">\n            <div data-colibri-id=\"331-c48\" class=\"d-flex h-flex-basis h-column__inner h-px-lg-2 h-px-md-2 h-px-2 v-inner-lg-2 v-inner-md-2 v-inner-2 style-716 style-local-331-c48 position-relative\">\n              <!---->\n              <!---->\n              <div class=\"w-100 h-y-container h-column__content h-column__v-align flex-basis-100 align-self-lg-start align-self-md-start align-self-start\">\n                <!---->\n                <div data-colibri-id=\"331-c49\" class=\"h-text h-text-component style-718 style-local-331-c49 position-relative h-element\">\n                  <!---->\n                  <!---->\n                  <div class=\"\">\n                    <h3>Janine<\/h3>\n                    <p>Ich arbeite gerne in der Krippe, weil ich Kinder in ihren allerersten Lebensjahren begleiten und unterst\u00fctzen m\u00f6chte und \u00fcber ihre wirklich rasante Entwicklung in dieser Zeit immer wieder staunen kann. Besonders sch\u00f6n finde ich es,\n                      wenn wir drau\u00dfen gemeinsam die Welt entdecken: Egal ob der gro\u00dfe Bagger oder der kleine Schmetterling \u2013 alles ist f\u00fcr die Kinder spannend! Und ich lasse mich gern tagt\u00e4glich von dieser Faszination anstecken\u2026<\/p>\n                    <p>\n                      <br>\n                    <\/p>\n                  <\/div>\n                <\/div>\n              <\/div>\n            <\/div>\n          <\/div>\n          <div class=\"h-column h-column-container d-flex h-col-lg-auto h-col-md-auto h-col-auto style-717-outer style-local-331-c50-outer\">\n            <div data-colibri-id=\"331-c50\" class=\"d-flex h-flex-basis h-column__inner h-px-lg-2 h-px-md-2 h-px-2 v-inner-lg-2 v-inner-md-2 v-inner-2 style-717 style-local-331-c50 position-relative\">\n              <!---->\n              <!---->\n              <div class=\"w-100 h-y-container h-column__content h-column__v-align flex-basis-100 align-self-lg-start align-self-md-start align-self-start\">\n                <!---->\n                <div data-colibri-id=\"331-c51\" class=\"d-block style-719 style-local-331-c51 position-relative h-element\">\n                  <!---->\n                  <div class=\"h-image__frame-container-outer\">\n                    <div class=\"h-image__frame-container\">\n                      <!---->\n                      <!---->\n                      <img loading=\"lazy\" decoding=\"async\" width=\"350\" height=\"440\" src=\"http:\/\/kindervillaosnabrueck.de\/cms\/wp-content\/uploads\/2024\/05\/cropped-image_manager__frontend_float_img_dokument_1_page-0001.jpg\" class=\"wp-image-338 style-719-image style-local-331-c51-image\" alt=\"\" srcset=\"https:\/\/kindervillaosnabrueck.de\/cms\/wp-content\/uploads\/2024\/05\/cropped-image_manager__frontend_float_img_dokument_1_page-0001.jpg 350w, https:\/\/kindervillaosnabrueck.de\/cms\/wp-content\/uploads\/2024\/05\/cropped-image_manager__frontend_float_img_dokument_1_page-0001-239x300.jpg 239w\" sizes=\"auto, (max-width: 350px) 100vw, 350px\" \/>\n                      <div class=\"h-image__frame style-719-frameImage style-local-331-c51-frameImage\"><\/div>\n                    <\/div>\n                  <\/div>\n                <\/div>\n              <\/div>\n            <\/div>\n          <\/div>\n        <\/div>\n      <\/div>\n    <\/div>\n  <\/div>\n  <div data-colibri-component=\"section\" data-colibri-id=\"331-c52\" id=\"sabrina\" class=\"h-section h-section-global-spacing d-flex align-items-lg-center align-items-md-center align-items-center style-1619 style-local-331-c52 position-relative\">\n    <!---->\n    <div style=\"height: 30px; top: calc(0px);\" class=\"h-separator\">\n      <svg style=\"fill:rgb(127, 191, 172);transform:rotateX(180deg);\" xmlns=\"http:\/\/www.w3.org\/2000\/svg\" viewBox=\"0 0 1000 100\" preserveAspectRatio=\"none\">\n        <path class=\"svg-white-bg\" d=\"M737.9,94.7L0,0v100h1000V0L737.9,94.7z\"><\/path>\n      <\/svg>\n    <\/div>\n    <div style=\"height: 30px; bottom: calc(0px);\" class=\"h-separator\">\n      <svg style=\"fill:rgb(166, 220, 244);\" xmlns=\"http:\/\/www.w3.org\/2000\/svg\" viewBox=\"0 0 1000 100\" preserveAspectRatio=\"none\">\n        <path class=\"svg-white-bg\" d=\"M737.9,94.7L0,0v100h1000V0L737.9,94.7z\"><\/path>\n      <\/svg>\n    <\/div>\n    <div class=\"h-section-grid-container h-section-boxed-container\">\n      <!---->\n      <div data-colibri-id=\"331-c53\" class=\"h-row-container gutters-row-lg-2 gutters-row-md-2 gutters-row-0 gutters-row-v-lg-2 gutters-row-v-md-2 gutters-row-v-2 style-1620 style-local-331-c53 position-relative\">\n        <!---->\n        <div class=\"h-row justify-content-lg-center justify-content-md-center justify-content-center align-items-lg-stretch align-items-md-stretch align-items-stretch gutters-col-lg-2 gutters-col-md-2 gutters-col-0 gutters-col-v-lg-2 gutters-col-v-md-2 gutters-col-v-2\">\n          <!---->\n          <div class=\"h-column h-column-container d-flex h-col-lg-auto h-col-md-auto h-col-auto style-1621-outer style-local-331-c54-outer\">\n            <div data-colibri-id=\"331-c54\" class=\"d-flex h-flex-basis h-column__inner h-px-lg-2 h-px-md-2 h-px-2 v-inner-lg-2 v-inner-md-2 v-inner-2 style-1621 style-local-331-c54 position-relative\">\n              <!---->\n              <!---->\n              <div class=\"w-100 h-y-container h-column__content h-column__v-align flex-basis-100 align-self-lg-start align-self-md-start align-self-start\">\n                <!---->\n                <div data-colibri-id=\"331-c55\" class=\"d-block style-1622 style-local-331-c55 position-relative h-element\">\n                  <!---->\n                  <div class=\"h-image__frame-container-outer\">\n                    <div class=\"h-image__frame-container\">\n                      <!---->\n                      <!---->\n                      <img loading=\"lazy\" decoding=\"async\" width=\"1250\" height=\"1382\" src=\"https:\/\/kindervillaosnabrueck.de\/cms\/wp-content\/uploads\/2025\/10\/cropped-Sabrina-Bild.jpg\" class=\"wp-image-1440 style-1622-image style-local-331-c55-image\" alt=\"\" srcset=\"https:\/\/kindervillaosnabrueck.de\/cms\/wp-content\/uploads\/2025\/10\/cropped-Sabrina-Bild.jpg 1250w, https:\/\/kindervillaosnabrueck.de\/cms\/wp-content\/uploads\/2025\/10\/cropped-Sabrina-Bild-271x300.jpg 271w, https:\/\/kindervillaosnabrueck.de\/cms\/wp-content\/uploads\/2025\/10\/cropped-Sabrina-Bild-926x1024.jpg 926w, https:\/\/kindervillaosnabrueck.de\/cms\/wp-content\/uploads\/2025\/10\/cropped-Sabrina-Bild-768x849.jpg 768w\" sizes=\"auto, (max-width: 1250px) 100vw, 1250px\" \/>\n                      <div class=\"h-image__frame style-1622-frameImage style-local-331-c55-frameImage\"><\/div>\n                    <\/div>\n                  <\/div>\n                <\/div>\n              <\/div>\n            <\/div>\n          <\/div>\n          <div class=\"h-column h-column-container d-flex h-col-lg-auto h-col-md-auto h-col-auto style-1623-outer style-local-331-c56-outer\">\n            <div data-colibri-id=\"331-c56\" class=\"d-flex h-flex-basis h-column__inner h-px-lg-2 h-px-md-2 h-px-2 v-inner-lg-2 v-inner-md-2 v-inner-2 style-1623 style-local-331-c56 position-relative\">\n              <!---->\n              <!---->\n              <div class=\"w-100 h-y-container h-column__content h-column__v-align flex-basis-100 align-self-lg-start align-self-md-start align-self-start\">\n                <!---->\n                <div data-colibri-id=\"331-c57\" class=\"h-text h-text-component style-1624 style-local-331-c57 position-relative h-element\">\n                  <!---->\n                  <!---->\n                  <div class=\"\">\n                    <h3>Sabrina<\/h3>\n                    <p>Besonders gef\u00e4llt mir, dass sich die Kinder und Erwachsenen in der Kindervilla durch die Orientierung an der Reggio-P\u00e4dagogik frei entfallten k\u00f6nnen, so jede und jeder den eigenen Bed\u00fcrfnissen nachgehen kann und die vief\u00e4ltigen W\u00fcnsche\n                      der Kinder ber\u00fccksichtigt werden. Dabei zu unterst\u00fctzen und zu motivieren bereitet mir viel Freude. <\/p>\n                    <p>W\u00e4hrend des Alltags bin ich oft drau\u00dfen zu finden, sei es im Garten oder auf Ausfl\u00fcgen. Das Entdecken von Natur und Umwelt begleite ich sehr gern. Au\u00dferdem bin ich auch sonst f\u00fcr jeden Spa\u00dfzu haben!<\/p>\n                    <p>\n                      <br>\n                    <\/p>\n                  <\/div>\n                <\/div>\n              <\/div>\n            <\/div>\n          <\/div>\n        <\/div>\n      <\/div>\n    <\/div>\n  <\/div>\n  <div data-colibri-component=\"section\" data-colibri-id=\"331-c58\" id=\"jenny\" class=\"h-section h-section-global-spacing d-flex align-items-lg-center align-items-md-center align-items-center style-1659 style-local-331-c58 position-relative\">\n    <!---->\n    <div style=\"height: 30px; top: calc(0px);\" class=\"h-separator\">\n      <svg style=\"fill:rgb(127, 191, 172);transform:rotateX(180deg);\" xmlns=\"http:\/\/www.w3.org\/2000\/svg\" viewBox=\"0 0 1000 100\" preserveAspectRatio=\"none\">\n        <path class=\"svg-white-bg\" d=\"M737.9,94.7L0,0v100h1000V0L737.9,94.7z\"><\/path>\n      <\/svg>\n    <\/div>\n    <div style=\"height: 30px; bottom: calc(0px);\" class=\"h-separator\">\n      <svg style=\"fill:rgb(166, 220, 244);\" xmlns=\"http:\/\/www.w3.org\/2000\/svg\" viewBox=\"0 0 1000 100\" preserveAspectRatio=\"none\">\n        <path class=\"svg-white-bg\" d=\"M737.9,94.7L0,0v100h1000V0L737.9,94.7z\"><\/path>\n      <\/svg>\n    <\/div>\n    <div class=\"h-section-grid-container h-section-boxed-container\">\n      <!---->\n      <div data-colibri-id=\"331-c59\" class=\"h-row-container gutters-row-lg-2 gutters-row-md-2 gutters-row-0 gutters-row-v-lg-2 gutters-row-v-md-2 gutters-row-v-2 style-1660 style-local-331-c59 position-relative\">\n        <!---->\n        <div class=\"h-row justify-content-lg-center justify-content-md-center justify-content-center align-items-lg-stretch align-items-md-stretch align-items-stretch gutters-col-lg-2 gutters-col-md-2 gutters-col-0 gutters-col-v-lg-2 gutters-col-v-md-2 gutters-col-v-2\">\n          <!---->\n          <div class=\"h-column h-column-container d-flex h-col-lg-auto h-col-md-auto h-col-auto style-1661-outer style-local-331-c60-outer\">\n            <div data-colibri-id=\"331-c60\" class=\"d-flex h-flex-basis h-column__inner h-px-lg-2 h-px-md-2 h-px-2 v-inner-lg-2 v-inner-md-2 v-inner-2 style-1661 style-local-331-c60 position-relative\">\n              <!---->\n              <!---->\n              <div class=\"w-100 h-y-container h-column__content h-column__v-align flex-basis-100 align-self-lg-start align-self-md-start align-self-start\">\n                <!---->\n                <div data-colibri-id=\"331-c61\" class=\"h-text h-text-component style-1662 style-local-331-c61 position-relative h-element\">\n                  <!---->\n                  <!---->\n                  <div class=\"\">\n                    <h3>Jenny<\/h3>\n                    <p>Ich arbeite seit meiner Ausbildung vor 13 Jahren hier in der KiVi als Erzieherin. Zu Beginn war ich 10 Jahre in der Krippe t\u00e4tig, wo ich besonders die einf\u00fchlsame Begleitung der Kleinsten in ihrer fr\u00fchen Entwicklungsphase sch\u00e4tze.\n                      Seit 3 Jahren arbeite ich in der alters\u00fcbergreifenden Gruppe, was mir erm\u00f6glicht, Kinder unterschiedlichen Alters individuell zu f\u00f6rdern und gemeinsames Lernen zu gestalten.<\/p>\n                    <p>Zus\u00e4tzlich bin ich im KiVi-Club t\u00e4tig, wo ich mit viel Freude die Kinder, besonders in der Projektarbeit begleite. Besonders gerne spiele ich mit den Kindern Logikspiele, da sie nicht nur Spa\u00df machen, sondern auch das logische Denken,\n                      die Konzentration und die Probleml\u00f6sungsf\u00e4higkeit der Kinder f\u00f6rdern.<\/p>\n                  <\/div>\n                <\/div>\n              <\/div>\n            <\/div>\n          <\/div>\n          <div class=\"h-column h-column-container d-flex h-col-lg-auto h-col-md-auto h-col-auto style-1663-outer style-local-331-c62-outer\">\n            <div data-colibri-id=\"331-c62\" class=\"d-flex h-flex-basis h-column__inner h-px-lg-2 h-px-md-2 h-px-2 v-inner-lg-2 v-inner-md-2 v-inner-2 style-1663 style-local-331-c62 position-relative\">\n              <!---->\n              <!---->\n              <div class=\"w-100 h-y-container h-column__content h-column__v-align flex-basis-100 align-self-lg-start align-self-md-start align-self-start\">\n                <!---->\n                <div data-colibri-id=\"331-c63\" class=\"d-block style-1664 style-local-331-c63 position-relative h-element\">\n                  <!---->\n                  <div class=\"h-image__frame-container-outer\">\n                    <div class=\"h-image__frame-container\">\n                      <!---->\n                      <!---->\n                      <img loading=\"lazy\" decoding=\"async\" width=\"570\" height=\"809\" src=\"https:\/\/kindervillaosnabrueck.de\/cms\/wp-content\/uploads\/2025\/11\/cropped-2025-11-11-07_49_44-Jenny.png-IrfanView-Zoom_-914-x-1278.png\" class=\"wp-image-1535 style-1664-image style-local-331-c63-image\" alt=\"\" srcset=\"https:\/\/kindervillaosnabrueck.de\/cms\/wp-content\/uploads\/2025\/11\/cropped-2025-11-11-07_49_44-Jenny.png-IrfanView-Zoom_-914-x-1278.png 570w, https:\/\/kindervillaosnabrueck.de\/cms\/wp-content\/uploads\/2025\/11\/cropped-2025-11-11-07_49_44-Jenny.png-IrfanView-Zoom_-914-x-1278-211x300.png 211w\" sizes=\"auto, (max-width: 570px) 100vw, 570px\" \/>\n                      <div class=\"h-image__frame style-1664-frameImage style-local-331-c63-frameImage\"><\/div>\n                    <\/div>\n                  <\/div>\n                <\/div>\n              <\/div>\n            <\/div>\n          <\/div>\n        <\/div>\n      <\/div>\n    <\/div>\n  <\/div>\n  <div data-colibri-component=\"section\" data-colibri-id=\"331-c64\" id=\"michelle\" class=\"h-section h-section-global-spacing d-flex align-items-lg-center align-items-md-center align-items-center style-1635 style-local-331-c64 position-relative\">\n    <!---->\n    <div style=\"height: 30px; top: calc(0px);\" class=\"h-separator\">\n      <svg style=\"fill:rgb(127, 191, 172);transform:rotateX(180deg);\" xmlns=\"http:\/\/www.w3.org\/2000\/svg\" viewBox=\"0 0 1000 100\" preserveAspectRatio=\"none\">\n        <path class=\"svg-white-bg\" d=\"M737.9,94.7L0,0v100h1000V0L737.9,94.7z\"><\/path>\n      <\/svg>\n    <\/div>\n    <div style=\"height: 30px; bottom: calc(0px);\" class=\"h-separator\">\n      <svg style=\"fill:rgb(166, 220, 244);\" xmlns=\"http:\/\/www.w3.org\/2000\/svg\" viewBox=\"0 0 1000 100\" preserveAspectRatio=\"none\">\n        <path class=\"svg-white-bg\" d=\"M737.9,94.7L0,0v100h1000V0L737.9,94.7z\"><\/path>\n      <\/svg>\n    <\/div>\n    <div class=\"h-section-grid-container h-section-boxed-container\">\n      <!---->\n      <div data-colibri-id=\"331-c65\" class=\"h-row-container gutters-row-lg-2 gutters-row-md-2 gutters-row-0 gutters-row-v-lg-2 gutters-row-v-md-2 gutters-row-v-2 style-1636 style-local-331-c65 position-relative\">\n        <!---->\n        <div class=\"h-row justify-content-lg-center justify-content-md-center justify-content-center align-items-lg-stretch align-items-md-stretch align-items-stretch gutters-col-lg-2 gutters-col-md-2 gutters-col-0 gutters-col-v-lg-2 gutters-col-v-md-2 gutters-col-v-2\">\n          <!---->\n          <div class=\"h-column h-column-container d-flex h-col-lg-auto h-col-md-auto h-col-auto style-1637-outer style-local-331-c66-outer\">\n            <div data-colibri-id=\"331-c66\" class=\"d-flex h-flex-basis h-column__inner h-px-lg-2 h-px-md-2 h-px-2 v-inner-lg-2 v-inner-md-2 v-inner-2 style-1637 style-local-331-c66 position-relative\">\n              <!---->\n              <!---->\n              <div class=\"w-100 h-y-container h-column__content h-column__v-align flex-basis-100 align-self-lg-start align-self-md-start align-self-start\">\n                <!---->\n                <div data-colibri-id=\"331-c67\" class=\"d-block style-1638 style-local-331-c67 position-relative h-element\">\n                  <!---->\n                  <div class=\"h-image__frame-container-outer\">\n                    <div class=\"h-image__frame-container\">\n                      <!---->\n                      <!---->\n                      <img loading=\"lazy\" decoding=\"async\" width=\"451\" height=\"665\" src=\"https:\/\/kindervillaosnabrueck.de\/cms\/wp-content\/uploads\/2025\/10\/cropped-Michelle-Bild_cleanup.png\" class=\"wp-image-1437 style-1638-image style-local-331-c67-image\" alt=\"\" srcset=\"https:\/\/kindervillaosnabrueck.de\/cms\/wp-content\/uploads\/2025\/10\/cropped-Michelle-Bild_cleanup.png 451w, https:\/\/kindervillaosnabrueck.de\/cms\/wp-content\/uploads\/2025\/10\/cropped-Michelle-Bild_cleanup-203x300.png 203w\" sizes=\"auto, (max-width: 451px) 100vw, 451px\" \/>\n                      <div class=\"h-image__frame style-1638-frameImage style-local-331-c67-frameImage\"><\/div>\n                    <\/div>\n                  <\/div>\n                <\/div>\n              <\/div>\n            <\/div>\n          <\/div>\n          <div class=\"h-column h-column-container d-flex h-col-lg-auto h-col-md-auto h-col-auto style-1639-outer style-local-331-c68-outer\">\n            <div data-colibri-id=\"331-c68\" class=\"d-flex h-flex-basis h-column__inner h-px-lg-2 h-px-md-2 h-px-2 v-inner-lg-2 v-inner-md-2 v-inner-2 style-1639 style-local-331-c68 position-relative\">\n              <!---->\n              <!---->\n              <div class=\"w-100 h-y-container h-column__content h-column__v-align flex-basis-100 align-self-lg-start align-self-md-start align-self-start\">\n                <!---->\n                <div data-colibri-id=\"331-c69\" class=\"h-text h-text-component style-1640 style-local-331-c69 position-relative h-element\">\n                  <!---->\n                  <!---->\n                  <div class=\"\">\n                    <h3>Michelle<\/h3>\n                    <p>F\u00fcr mich steht in der Arbeit mit Kindern ganz klar die Selbstwirksamkeit und Partizipation im Mittelpunkt. Ich finde es total wichtig, dass Kinder merken, dass ihre Meinung z\u00e4hlt und sie selbst etwas bewirken k\u00f6nnen. Es macht mir einfach\n                      Spa\u00df, sie dabei zu begleiten, eigene Ideen umzusetzen und zu sehen, wie stolz sie sind, wenn etwas klappt. <\/p>\n                    <p>Ich arbeite super gern hier in der Kindervilla, weil ich das Gef\u00fchl habe, dass genau diese Werte auch im Team gelebt werden. Wir tauschen uns aus, unterst\u00fctzen uns gegenseitig und schaffen gemeinsam einen Ort, an dem Kinder wirklich\n                      mitgestalten d\u00fcrfen. Besonders sch\u00f6n finde ich die vielen kleinen Momente im Alltag \u2013 wenn Kinder Verantwortung \u00fcbernehmen, neue Dinge erlernen oder ganz einfach neugierig Fragen stellen. Diese echte Freude und das gemeinsame Wachsen\n                      machen f\u00fcr mich den Beruf so besonders.<\/p>\n                    <p>\n                      <br>\n                    <\/p>\n                  <\/div>\n                <\/div>\n              <\/div>\n            <\/div>\n          <\/div>\n        <\/div>\n      <\/div>\n    <\/div>\n  <\/div>\n  <div data-colibri-component=\"section\" data-colibri-id=\"331-c70\" id=\"aboud\" class=\"h-section h-section-global-spacing d-flex align-items-lg-center align-items-md-center align-items-center style-714 style-local-331-c70 position-relative\">\n    <!---->\n    <div style=\"height: 30px; top: calc(0px);\" class=\"h-separator\">\n      <svg style=\"fill:rgb(127, 191, 172);transform:rotateX(180deg);\" xmlns=\"http:\/\/www.w3.org\/2000\/svg\" viewBox=\"0 0 1000 100\" preserveAspectRatio=\"none\">\n        <path class=\"svg-white-bg\" d=\"M737.9,94.7L0,0v100h1000V0L737.9,94.7z\"><\/path>\n      <\/svg>\n    <\/div>\n    <div style=\"height: 30px; bottom: calc(0px);\" class=\"h-separator\">\n      <svg style=\"fill:rgb(166, 220, 244);\" xmlns=\"http:\/\/www.w3.org\/2000\/svg\" viewBox=\"0 0 1000 100\" preserveAspectRatio=\"none\">\n        <path class=\"svg-white-bg\" d=\"M737.9,94.7L0,0v100h1000V0L737.9,94.7z\"><\/path>\n      <\/svg>\n    <\/div>\n    <div class=\"h-section-grid-container h-section-boxed-container\">\n      <!---->\n      <div data-colibri-id=\"331-c71\" class=\"h-row-container gutters-row-lg-2 gutters-row-md-2 gutters-row-0 gutters-row-v-lg-2 gutters-row-v-md-2 gutters-row-v-2 style-715 style-local-331-c71 position-relative\">\n        <!---->\n        <div class=\"h-row justify-content-lg-center justify-content-md-center justify-content-center align-items-lg-stretch align-items-md-stretch align-items-stretch gutters-col-lg-2 gutters-col-md-2 gutters-col-0 gutters-col-v-lg-2 gutters-col-v-md-2 gutters-col-v-2\">\n          <!---->\n          <div class=\"h-column h-column-container d-flex h-col-lg-auto h-col-md-auto h-col-auto style-716-outer style-local-331-c72-outer\">\n            <div data-colibri-id=\"331-c72\" class=\"d-flex h-flex-basis h-column__inner h-px-lg-2 h-px-md-2 h-px-2 v-inner-lg-2 v-inner-md-2 v-inner-2 style-716 style-local-331-c72 position-relative\">\n              <!---->\n              <!---->\n              <div class=\"w-100 h-y-container h-column__content h-column__v-align flex-basis-100 align-self-lg-start align-self-md-start align-self-start\">\n                <!---->\n                <div data-colibri-id=\"331-c73\" class=\"h-text h-text-component style-718 style-local-331-c73 position-relative h-element\">\n                  <!---->\n                  <!---->\n                  <div class=\"\">\n                    <h3>Aboud<\/h3>\n                    <p>\n                      <br>\n                    <\/p>\n                    <p>\n                      <br>\n                    <\/p>\n                  <\/div>\n                <\/div>\n              <\/div>\n            <\/div>\n          <\/div>\n          <div class=\"h-column h-column-container d-flex h-col-lg-auto h-col-md-auto h-col-auto style-717-outer style-local-331-c74-outer\">\n            <div data-colibri-id=\"331-c74\" class=\"d-flex h-flex-basis h-column__inner h-px-lg-2 h-px-md-2 h-px-2 v-inner-lg-2 v-inner-md-2 v-inner-2 style-717 style-local-331-c74 position-relative\">\n              <!---->\n              <!---->\n              <div class=\"w-100 h-y-container h-column__content h-column__v-align flex-basis-100 align-self-lg-start align-self-md-start align-self-start\">\n                <!---->\n                <div data-colibri-id=\"331-c75\" class=\"d-block style-719 style-local-331-c75 position-relative h-element\">\n                  <!---->\n                  <div class=\"h-image__frame-container-outer\">\n                    <div class=\"h-image__frame-container\">\n                      <!---->\n                      <!---->\n                      <img loading=\"lazy\" decoding=\"async\" width=\"342\" height=\"503\" src=\"https:\/\/kindervillaosnabrueck.de\/cms\/wp-content\/uploads\/2025\/10\/cropped-Aboud-Bild_cleanup.png\" class=\"wp-image-1438 style-719-image style-local-331-c75-image\" alt=\"\" srcset=\"https:\/\/kindervillaosnabrueck.de\/cms\/wp-content\/uploads\/2025\/10\/cropped-Aboud-Bild_cleanup.png 342w, https:\/\/kindervillaosnabrueck.de\/cms\/wp-content\/uploads\/2025\/10\/cropped-Aboud-Bild_cleanup-204x300.png 204w\" sizes=\"auto, (max-width: 342px) 100vw, 342px\" \/>\n                      <div class=\"h-image__frame style-719-frameImage style-local-331-c75-frameImage\"><\/div>\n                    <\/div>\n                  <\/div>\n                <\/div>\n              <\/div>\n            <\/div>\n          <\/div>\n        <\/div>\n      <\/div>\n    <\/div>\n  <\/div>\n<\/div>","protected":false},"excerpt":{"rendered":"<p>Aktueller Pressebericht: &#8222;Am Samstag, den 23. September 2023 wurden in der Kindertageseinrichtung \u201eKindervilla e.V.\u201c Osnabr\u00fcck, 12 Erzieherinnen und Erzieher mit einem Zertifikat ausgezeichnet, das sie als \u201eFachkraft f\u00fcr eine Reggio inspirierte Kultur des Lernens\u201c ausweist. Die vom Netzwerk&nbsp;INCONTRO&nbsp;aus Borgholzhausen durchgef\u00fchrte und von Dialog Reggio e.V. anerkannte Fortbildung bestand aus \u00fcber 144 Unterrichtsstunden, die in 9 [&hellip;]<\/p>\n","protected":false},"author":1,"featured_media":0,"parent":0,"menu_order":0,"comment_status":"closed","ping_status":"closed","template":"page-templates\/full-width-page.php","meta":{"footnotes":""},"class_list":["post-331","page","type-page","status-publish","hentry"],"_links":{"self":[{"href":"https:\/\/kindervillaosnabrueck.de\/cms\/wp-json\/wp\/v2\/pages\/331","targetHints":{"allow":["GET"]}}],"collection":[{"href":"https:\/\/kindervillaosnabrueck.de\/cms\/wp-json\/wp\/v2\/pages"}],"about":[{"href":"https:\/\/kindervillaosnabrueck.de\/cms\/wp-json\/wp\/v2\/types\/page"}],"author":[{"embeddable":true,"href":"https:\/\/kindervillaosnabrueck.de\/cms\/wp-json\/wp\/v2\/users\/1"}],"replies":[{"embeddable":true,"href":"https:\/\/kindervillaosnabrueck.de\/cms\/wp-json\/wp\/v2\/comments?post=331"}],"version-history":[{"count":20,"href":"https:\/\/kindervillaosnabrueck.de\/cms\/wp-json\/wp\/v2\/pages\/331\/revisions"}],"predecessor-version":[{"id":1538,"href":"https:\/\/kindervillaosnabrueck.de\/cms\/wp-json\/wp\/v2\/pages\/331\/revisions\/1538"}],"wp:attachment":[{"href":"https:\/\/kindervillaosnabrueck.de\/cms\/wp-json\/wp\/v2\/media?parent=331"}],"curies":[{"name":"wp","href":"https:\/\/api.w.org\/{rel}","templated":true}]}}