{"id":32,"date":"2024-05-05T11:52:35","date_gmt":"2024-05-05T09:52:35","guid":{"rendered":"http:\/\/kindervillaosnabrueck.de\/cms\/?page_id=32"},"modified":"2025-10-10T09:19:55","modified_gmt":"2025-10-10T07:19:55","slug":"unser-konzept","status":"publish","type":"page","link":"https:\/\/kindervillaosnabrueck.de\/cms\/unser-konzept\/","title":{"rendered":"Unser Konzept"},"content":{"rendered":"<div data-colibri-id=\"32-c1\" class=\"style-751 style-local-32-c1 position-relative\">\n  <!---->\n  <div data-colibri-component=\"section\" data-colibri-id=\"32-c2\" id=\"about\" class=\"h-section h-section-global-spacing d-flex align-items-lg-center align-items-md-center align-items-center style-756 style-local-32-c2 position-relative\">\n    <!---->\n    <!---->\n    <div class=\"h-section-grid-container h-section-boxed-container\">\n      <!---->\n      <div data-colibri-id=\"32-c3\" class=\"h-row-container gutters-row-lg-0 gutters-row-md-0 gutters-row-0 gutters-row-v-lg-0 gutters-row-v-md-0 gutters-row-v-0 style-757 style-local-32-c3 position-relative\">\n        <!---->\n        <div class=\"h-row justify-content-lg-center justify-content-md-center justify-content-center align-items-lg-stretch align-items-md-stretch align-items-stretch gutters-col-lg-0 gutters-col-md-0 gutters-col-0 gutters-col-v-lg-0 gutters-col-v-md-0 gutters-col-v-0\">\n          <!---->\n          <div class=\"h-column h-column-container d-flex h-col-lg-auto h-col-md-auto h-col-auto style-758-outer style-local-32-c4-outer\">\n            <div data-colibri-id=\"32-c4\" class=\"d-flex h-flex-basis h-column__inner h-px-lg-0 h-px-md-0 h-px-0 v-inner-lg-0 v-inner-md-0 v-inner-0 style-758 style-local-32-c4 position-relative\">\n              <!---->\n              <!---->\n              <div class=\"w-100 h-y-container h-column__content h-column__v-align flex-basis-100 align-self-lg-start align-self-md-start align-self-start\">\n                <!---->\n                <div data-colibri-id=\"32-c5\" class=\"h-global-transition-all h-heading style-759 style-local-32-c5 position-relative h-element\">\n                  <!---->\n                  <div class=\"h-heading__outer style-759 style-local-32-c5\">\n                    <!---->\n                    <!---->\n                    <h5 class=\"\">Unser Konzept<\/h5>\n                  <\/div>\n                <\/div>\n                <div data-colibri-id=\"32-c6\" class=\"h-global-transition-all h-heading style-760 style-local-32-c6 position-relative h-element\">\n                  <!---->\n                  <div class=\"h-heading__outer style-760 style-local-32-c6\">\n                    <!---->\n                    <!---->\n                    <h2 class=\"\">Unser<em style=\"font-family: &quot;Playfair Display&quot;;\"><br>p\u00e4dagogischer<\/em>\n                      <br>Ansatz<\/h2>\n                  <\/div>\n                <\/div>\n                <div data-colibri-id=\"32-c7\" class=\"h-text h-text-component style-761 style-local-32-c7 position-relative h-element\">\n                  <!---->\n                  <!---->\n                  <div class=\"\">\n                    <p>Die Grundlage unseres p\u00e4dagogischen Ansatzes bildet das Konzept der offenen Arbeit angelehnt an die Reggio-P\u00e4dagogik. Die \u00d6ffnung von Gruppen und die Erweiterung von Spielm\u00f6glichkeiten in den Schwerpunktbereichen und Funktionsr\u00e4umen\n                      bietet die M\u00f6glichkeit, sich entsprechend der eigenen St\u00e4rken und Interessen zu entfalten. Dies gilt nicht nur f\u00fcr unsere Kinder, sondern auch f\u00fcr unser p\u00e4dagogisches Team.<\/p>\n                    <p>Die Kinder k\u00f6nnen sich t\u00e4glich im gesamten Haus&nbsp;zwischen den&nbsp;\n                      <a href=\"https:\/\/kindervillaosnabrueck.de\/cms\/colibri-896\">sieben Schwerpunktbereichen<\/a>&nbsp;entscheiden.<\/p>\n                    <p>\n                      <br>\n                    <\/p>\n                  <\/div>\n                <\/div>\n              <\/div>\n            <\/div>\n          <\/div>\n          <div class=\"h-column h-column-container d-flex h-col-lg-auto h-col-md-auto h-col-auto style-762-outer style-local-32-c8-outer\">\n            <div data-colibri-id=\"32-c8\" class=\"d-flex h-flex-basis h-column__inner h-ui-empty-state-container h-px-lg-2 h-px-md-2 h-px-2 v-inner-lg-2 v-inner-md-2 v-inner-2 style-762 style-local-32-c8 position-relative\">\n              <!---->\n              <!---->\n              <div class=\"w-100 h-y-container h-column__content h-column__v-align flex-basis-100\">\n                <!---->\n              <\/div>\n            <\/div>\n          <\/div>\n        <\/div>\n      <\/div>\n    <\/div>\n  <\/div>\n  <div data-colibri-component=\"section\" data-colibri-id=\"32-c9\" id=\"custom\" class=\"h-section h-section-global-spacing d-flex align-items-lg-center align-items-md-center align-items-center style-763 style-local-32-c9 position-relative\">\n    <!---->\n    <!---->\n    <div class=\"h-section-grid-container h-section-boxed-container\">\n      <!---->\n      <div data-colibri-id=\"32-c10\" class=\"h-row-container gutters-row-lg-2 gutters-row-md-2 gutters-row-0 gutters-row-v-lg-2 gutters-row-v-md-2 gutters-row-v-2 style-792 style-local-32-c10 position-relative\">\n        <!---->\n        <div class=\"h-row justify-content-lg-center justify-content-md-center justify-content-center align-items-lg-stretch align-items-md-stretch align-items-stretch gutters-col-lg-2 gutters-col-md-2 gutters-col-0 gutters-col-v-lg-2 gutters-col-v-md-2 gutters-col-v-2\">\n          <!---->\n          <div class=\"h-column h-column-container d-flex h-col-lg-auto h-col-md-auto h-col-auto style-793-outer style-local-32-c11-outer\">\n            <div data-colibri-id=\"32-c11\" class=\"d-flex h-flex-basis h-column__inner h-px-lg-2 h-px-md-2 h-px-2 v-inner-lg-2 v-inner-md-2 v-inner-2 style-793 style-local-32-c11 position-relative\">\n              <!---->\n              <!---->\n              <div class=\"w-100 h-y-container h-column__content h-column__v-align flex-basis-100 align-self-lg-start align-self-md-start align-self-start\">\n                <!---->\n                <div data-colibri-id=\"32-c12\" class=\"h-text h-text-component style-795 style-local-32-c12 position-relative h-element\">\n                  <!---->\n                  <!---->\n                  <div class=\"\">\n                    <h3>Kinder aktiv in der Gemeinschaft<\/h3>\n                    <h3>\n                      <br>\n                    <\/h3>\n                    <p>Die Basis der Reggio-P\u00e4dagogik ist ein Menschenbild,&nbsp;das das Kind nicht als leeres Gef\u00e4\u00df sieht, in das passiv Wissen hineingef\u00fcllt werden muss. Vielmehr sollen unsere Kinder sich aktiv in die Gemeinschaft einbringen.<\/p>\n                    <p> In der offenen Arbeit ist die p\u00e4dagogische Hauptaufgabe, die Entwicklungspotenziale von Kindern zu beachten und ihnen in selbstinitiierten, -gesteuerten und -geregelten Situationen optimale Lernvoraussetzungen f\u00fcr ihre pers\u00f6nliche\n                      Entwicklung zu schaffen.<\/p>\n                    <p>\n                      <br>\n                    <\/p>\n                  <\/div>\n                <\/div>\n              <\/div>\n            <\/div>\n          <\/div>\n          <div class=\"h-column h-column-container d-flex h-col-lg-auto h-col-md-auto h-col-auto style-794-outer style-local-32-c13-outer\">\n            <div data-colibri-id=\"32-c13\" class=\"d-flex h-flex-basis h-column__inner h-px-lg-2 h-px-md-2 h-px-2 v-inner-lg-2 v-inner-md-2 v-inner-2 style-794 style-local-32-c13 position-relative\">\n              <!---->\n              <!---->\n              <div class=\"w-100 h-y-container h-column__content h-column__v-align flex-basis-100 align-self-lg-start align-self-md-start align-self-start\">\n                <!---->\n                <div data-colibri-id=\"32-c14\" class=\"d-block style-796 style-local-32-c14 position-relative h-element\">\n                  <!---->\n                  <div class=\"h-image__frame-container-outer\">\n                    <div class=\"h-image__frame-container\">\n                      <!---->\n                      <!---->\n                      <img loading=\"lazy\" decoding=\"async\" width=\"1024\" height=\"1024\" src=\"http:\/\/kindervillaosnabrueck.de\/cms\/wp-content\/uploads\/2024\/06\/Kinder-aktiv-in-der-Gemeinschaft-KI-generiert.jpg\" class=\"wp-image-505 style-796-image style-local-32-c14-image\" alt=\"\" srcset=\"https:\/\/kindervillaosnabrueck.de\/cms\/wp-content\/uploads\/2024\/06\/Kinder-aktiv-in-der-Gemeinschaft-KI-generiert.jpg 1024w, https:\/\/kindervillaosnabrueck.de\/cms\/wp-content\/uploads\/2024\/06\/Kinder-aktiv-in-der-Gemeinschaft-KI-generiert-300x300.jpg 300w, https:\/\/kindervillaosnabrueck.de\/cms\/wp-content\/uploads\/2024\/06\/Kinder-aktiv-in-der-Gemeinschaft-KI-generiert-150x150.jpg 150w, https:\/\/kindervillaosnabrueck.de\/cms\/wp-content\/uploads\/2024\/06\/Kinder-aktiv-in-der-Gemeinschaft-KI-generiert-768x768.jpg 768w\" sizes=\"auto, (max-width: 1024px) 100vw, 1024px\" \/>\n                      <div class=\"h-image__frame h-hide-lg h-hide-md h-hide-sm style-796-frameImage style-local-32-c14-frameImage\"><\/div>\n                    <\/div>\n                  <\/div>\n                <\/div>\n              <\/div>\n            <\/div>\n          <\/div>\n        <\/div>\n      <\/div>\n      <div data-colibri-id=\"32-c15\" class=\"h-row-container gutters-row-lg-2 gutters-row-md-2 gutters-row-0 gutters-row-v-lg-2 gutters-row-v-md-2 gutters-row-v-2 style-797 style-local-32-c15 position-relative\">\n        <!---->\n        <div class=\"h-row justify-content-lg-center justify-content-md-center justify-content-center align-items-lg-stretch align-items-md-stretch align-items-stretch gutters-col-lg-2 gutters-col-md-2 gutters-col-0 gutters-col-v-lg-2 gutters-col-v-md-2 gutters-col-v-2\">\n          <!---->\n          <div class=\"h-column h-column-container d-flex h-col-lg-auto h-col-md-auto h-col-auto style-798-outer style-local-32-c16-outer\">\n            <div data-colibri-id=\"32-c16\" class=\"d-flex h-flex-basis h-column__inner h-px-lg-2 h-px-md-2 h-px-2 v-inner-lg-2 v-inner-md-2 v-inner-2 style-798 style-local-32-c16 position-relative\">\n              <!---->\n              <!---->\n              <div class=\"w-100 h-y-container h-column__content h-column__v-align flex-basis-100 align-self-lg-start align-self-md-start align-self-start\">\n                <!---->\n                <div data-colibri-id=\"32-c17\" class=\"d-block style-801 style-local-32-c17 position-relative h-element\">\n                  <!---->\n                  <div class=\"h-image__frame-container-outer\">\n                    <div class=\"h-image__frame-container\">\n                      <!---->\n                      <!---->\n                      <img loading=\"lazy\" decoding=\"async\" width=\"1706\" height=\"1706\" src=\"http:\/\/kindervillaosnabrueck.de\/cms\/wp-content\/uploads\/2024\/06\/cropped-Unterstuetzen-und-begleiten-scaled-1.jpg\" class=\"wp-image-511 style-801-image style-local-32-c17-image\" alt=\"\" srcset=\"https:\/\/kindervillaosnabrueck.de\/cms\/wp-content\/uploads\/2024\/06\/cropped-Unterstuetzen-und-begleiten-scaled-1.jpg 1706w, https:\/\/kindervillaosnabrueck.de\/cms\/wp-content\/uploads\/2024\/06\/cropped-Unterstuetzen-und-begleiten-scaled-1-300x300.jpg 300w, https:\/\/kindervillaosnabrueck.de\/cms\/wp-content\/uploads\/2024\/06\/cropped-Unterstuetzen-und-begleiten-scaled-1-1024x1024.jpg 1024w, https:\/\/kindervillaosnabrueck.de\/cms\/wp-content\/uploads\/2024\/06\/cropped-Unterstuetzen-und-begleiten-scaled-1-150x150.jpg 150w, https:\/\/kindervillaosnabrueck.de\/cms\/wp-content\/uploads\/2024\/06\/cropped-Unterstuetzen-und-begleiten-scaled-1-768x768.jpg 768w, https:\/\/kindervillaosnabrueck.de\/cms\/wp-content\/uploads\/2024\/06\/cropped-Unterstuetzen-und-begleiten-scaled-1-1536x1536.jpg 1536w\" sizes=\"auto, (max-width: 1706px) 100vw, 1706px\" \/>\n                      <div class=\"h-image__frame h-hide-lg h-hide-md h-hide-sm style-801-frameImage style-local-32-c17-frameImage\"><\/div>\n                    <\/div>\n                  <\/div>\n                <\/div>\n              <\/div>\n            <\/div>\n          <\/div>\n          <div class=\"h-column h-column-container d-flex h-col-lg-auto h-col-md-auto h-col-auto style-799-outer style-local-32-c18-outer\">\n            <div data-colibri-id=\"32-c18\" class=\"d-flex h-flex-basis h-column__inner h-px-lg-2 h-px-md-2 h-px-2 v-inner-lg-2 v-inner-md-2 v-inner-2 style-799 style-local-32-c18 position-relative\">\n              <!---->\n              <!---->\n              <div class=\"w-100 h-y-container h-column__content h-column__v-align flex-basis-100 align-self-lg-start align-self-md-start align-self-start\">\n                <!---->\n                <div data-colibri-id=\"32-c19\" class=\"h-text h-text-component style-800 style-local-32-c19 position-relative h-element\">\n                  <!---->\n                  <!---->\n                  <div class=\"\">\n                    <h3>Unterst\u00fctzen und Begleiten<\/h3>\n                    <p>Unsere vorrangige Aufgabe besteht darin, die Kinder aktiv in ihren Lernprozessen zu unterst\u00fctzen und uns als verl\u00e4ssliche Begleiter f\u00fcr jedes einzelne Kind zu sehen.\n                      <br>Wir schaffen f\u00fcr die Kinder eine Umgebung, in der sie eigenst\u00e4ndig handeln k\u00f6nnen. Dabei haben sie die Freiheit, selbst zu entscheiden, mit welchen Materialien und Themen sie sich besch\u00e4ftigen m\u00f6chten und in welchen R\u00e4umen sie dies\n                      tun wollen.<\/p>\n                    <p>\n                      <br>Wir legen gro\u00dfen Wert darauf, dass die Kinder ihre individuellen Interessen und Neigungen entdecken und entwickeln k\u00f6nnen. Unsere p\u00e4dagogische Begleitung zielt darauf ab, ihre Selbstst\u00e4ndigkeit, Kreativit\u00e4t und soziale Kompetenz\n                      zu f\u00f6rdern.&nbsp;<\/p>\n                    <p>\n                      <br>\n                    <\/p>\n                    <p>\n                      <br>\n                    <\/p>\n                    <p>\n                      <br>\n                    <\/p>\n                  <\/div>\n                <\/div>\n              <\/div>\n            <\/div>\n          <\/div>\n        <\/div>\n      <\/div>\n      <div data-colibri-id=\"32-c20\" class=\"h-row-container gutters-row-lg-2 gutters-row-md-2 gutters-row-0 gutters-row-v-lg-2 gutters-row-v-md-2 gutters-row-v-2 style-807 style-local-32-c20 position-relative\">\n        <!---->\n        <div class=\"h-row justify-content-lg-center justify-content-md-center justify-content-center align-items-lg-stretch align-items-md-stretch align-items-stretch gutters-col-lg-2 gutters-col-md-2 gutters-col-0 gutters-col-v-lg-2 gutters-col-v-md-2 gutters-col-v-2\">\n          <!---->\n          <div class=\"h-column h-column-container d-flex h-col-lg-auto h-col-md-auto h-col-auto style-808-outer style-local-32-c21-outer\">\n            <div data-colibri-id=\"32-c21\" class=\"d-flex h-flex-basis h-column__inner h-px-lg-2 h-px-md-2 h-px-2 v-inner-lg-2 v-inner-md-2 v-inner-2 style-808 style-local-32-c21 position-relative\">\n              <!---->\n              <!---->\n              <div class=\"w-100 h-y-container h-column__content h-column__v-align flex-basis-100 align-self-lg-start align-self-md-start align-self-start\">\n                <!---->\n                <div data-colibri-id=\"32-c22\" class=\"h-text h-text-component style-810 style-local-32-c22 position-relative h-element\">\n                  <!---->\n                  <!---->\n                  <div class=\"\">\n                    <h3>Erziehungspartnerschaft<\/h3>\n                    <p>Erfahrungsgem\u00e4\u00df haben Eltern und Erzieher:innen oft eine unterschiedliche Wahrnehmung der Kinder. <\/p>\n                    <p>Ein Austausch hier\u00fcber findet t\u00e4glich in Hol- und Bringsituationen statt, aber auch&nbsp;z.B. in regelm\u00e4\u00dfigen Elterngespr\u00e4chen. Diese&nbsp;st\u00e4ndigen&nbsp;Gespr\u00e4che auf Augenh\u00f6he&nbsp;geh\u00f6ren zu unserem Miteinander.&nbsp;So arbeiten\n                      wir gemeinsam an der Begleitung unserer Kinder.&nbsp;<\/p>\n                    <p>\n                      <br>\n                    <\/p>\n                  <\/div>\n                <\/div>\n              <\/div>\n            <\/div>\n          <\/div>\n          <div class=\"h-column h-column-container d-flex h-col-lg-auto h-col-md-auto h-col-auto style-809-outer style-local-32-c23-outer\">\n            <div data-colibri-id=\"32-c23\" class=\"d-flex h-flex-basis h-column__inner h-px-lg-2 h-px-md-2 h-px-2 v-inner-lg-2 v-inner-md-2 v-inner-2 style-809 style-local-32-c23 position-relative\">\n              <!---->\n              <!---->\n              <div class=\"w-100 h-y-container h-column__content h-column__v-align flex-basis-100 align-self-lg-start align-self-md-start align-self-start\">\n                <!---->\n                <div data-colibri-id=\"32-c24\" class=\"d-block style-811 style-local-32-c24 position-relative h-element\">\n                  <!---->\n                  <div class=\"h-image__frame-container-outer\">\n                    <div class=\"h-image__frame-container\">\n                      <!---->\n                      <!---->\n                      <img loading=\"lazy\" decoding=\"async\" width=\"2560\" height=\"1707\" src=\"http:\/\/kindervillaosnabrueck.de\/cms\/wp-content\/uploads\/2024\/06\/Partnerschaft-scaled.jpg\" class=\"wp-image-530 style-811-image style-local-32-c24-image\" alt=\"\" srcset=\"https:\/\/kindervillaosnabrueck.de\/cms\/wp-content\/uploads\/2024\/06\/Partnerschaft-scaled.jpg 2560w, https:\/\/kindervillaosnabrueck.de\/cms\/wp-content\/uploads\/2024\/06\/Partnerschaft-300x200.jpg 300w, https:\/\/kindervillaosnabrueck.de\/cms\/wp-content\/uploads\/2024\/06\/Partnerschaft-1024x683.jpg 1024w, https:\/\/kindervillaosnabrueck.de\/cms\/wp-content\/uploads\/2024\/06\/Partnerschaft-768x512.jpg 768w, https:\/\/kindervillaosnabrueck.de\/cms\/wp-content\/uploads\/2024\/06\/Partnerschaft-1536x1024.jpg 1536w, https:\/\/kindervillaosnabrueck.de\/cms\/wp-content\/uploads\/2024\/06\/Partnerschaft-2048x1365.jpg 2048w\" sizes=\"auto, (max-width: 2560px) 100vw, 2560px\" \/>\n                      <div class=\"h-image__frame h-hide-lg h-hide-md h-hide-sm style-811-frameImage style-local-32-c24-frameImage\"><\/div>\n                    <\/div>\n                  <\/div>\n                <\/div>\n              <\/div>\n            <\/div>\n          <\/div>\n        <\/div>\n      <\/div>\n      <div data-colibri-id=\"32-c25\" class=\"h-row-container gutters-row-lg-2 gutters-row-md-2 gutters-row-0 gutters-row-v-lg-2 gutters-row-v-md-2 gutters-row-v-2 style-825 style-local-32-c25 position-relative\">\n        <!---->\n        <div class=\"h-row justify-content-lg-center justify-content-md-center justify-content-center align-items-lg-stretch align-items-md-stretch align-items-stretch gutters-col-lg-2 gutters-col-md-2 gutters-col-0 gutters-col-v-lg-2 gutters-col-v-md-2 gutters-col-v-2\">\n          <!---->\n          <div class=\"h-column h-column-container d-flex h-col-lg-auto h-col-md-auto h-col-auto style-826-outer style-local-32-c26-outer\">\n            <div data-colibri-id=\"32-c26\" class=\"d-flex h-flex-basis h-column__inner h-px-lg-2 h-px-md-2 h-px-2 v-inner-lg-2 v-inner-md-2 v-inner-2 style-826 style-local-32-c26 position-relative\">\n              <!---->\n              <!---->\n              <div class=\"w-100 h-y-container h-column__content h-column__v-align flex-basis-100 align-self-lg-start align-self-md-start align-self-start\">\n                <!---->\n                <div data-colibri-id=\"32-c27\" class=\"d-block style-829 style-local-32-c27 position-relative h-element\">\n                  <!---->\n                  <div class=\"h-image__frame-container-outer\">\n                    <div class=\"h-image__frame-container\">\n                      <!---->\n                      <!---->\n                      <img loading=\"lazy\" decoding=\"async\" width=\"2560\" height=\"1704\" src=\"http:\/\/kindervillaosnabrueck.de\/cms\/wp-content\/uploads\/2024\/06\/Orientierung-und-Sicherheit-scaled.jpg\" class=\"wp-image-514 style-829-image style-local-32-c27-image\" alt=\"\" srcset=\"https:\/\/kindervillaosnabrueck.de\/cms\/wp-content\/uploads\/2024\/06\/Orientierung-und-Sicherheit-scaled.jpg 2560w, https:\/\/kindervillaosnabrueck.de\/cms\/wp-content\/uploads\/2024\/06\/Orientierung-und-Sicherheit-300x200.jpg 300w, https:\/\/kindervillaosnabrueck.de\/cms\/wp-content\/uploads\/2024\/06\/Orientierung-und-Sicherheit-1024x682.jpg 1024w, https:\/\/kindervillaosnabrueck.de\/cms\/wp-content\/uploads\/2024\/06\/Orientierung-und-Sicherheit-768x511.jpg 768w, https:\/\/kindervillaosnabrueck.de\/cms\/wp-content\/uploads\/2024\/06\/Orientierung-und-Sicherheit-1536x1022.jpg 1536w, https:\/\/kindervillaosnabrueck.de\/cms\/wp-content\/uploads\/2024\/06\/Orientierung-und-Sicherheit-2048x1363.jpg 2048w\" sizes=\"auto, (max-width: 2560px) 100vw, 2560px\" \/>\n                      <div class=\"h-image__frame h-hide-lg h-hide-md h-hide-sm style-829-frameImage style-local-32-c27-frameImage\"><\/div>\n                    <\/div>\n                  <\/div>\n                <\/div>\n              <\/div>\n            <\/div>\n          <\/div>\n          <div class=\"h-column h-column-container d-flex h-col-lg-auto h-col-md-auto h-col-auto style-827-outer style-local-32-c28-outer\">\n            <div data-colibri-id=\"32-c28\" class=\"d-flex h-flex-basis h-column__inner h-px-lg-2 h-px-md-2 h-px-2 v-inner-lg-2 v-inner-md-2 v-inner-2 style-827 style-local-32-c28 position-relative\">\n              <!---->\n              <!---->\n              <div class=\"w-100 h-y-container h-column__content h-column__v-align flex-basis-100 align-self-lg-start align-self-md-start align-self-start\">\n                <!---->\n                <div data-colibri-id=\"32-c29\" class=\"h-text h-text-component style-828 style-local-32-c29 position-relative h-element\">\n                  <!---->\n                  <!---->\n                  <div class=\"\">\n                    <h3>Orientierung und Sicherheit<\/h3>\n                    <p>Bei aller Selbstbestimmung brauchen Kinder auch einen festen Rahmen, der ihnen Orientierung und Sicherheit gibt. Durch unseren Tagesablauf und Wochenplan ist dieser Rahmen gegeben. Die Angebote werden an unseren Infow\u00e4nden regelm\u00e4\u00dfig&nbsp;dokumentiert.\n                      Wir orientieren uns an der&nbsp;&nbsp;\n                      <a href=\"http:\/\/www.mk.niedersachsen.de\/download\/4491\" target=\"_blank\" rel=\"noreferrer noopener\" style=\"color: rgb(2, 110, 159); font-size: 1em; font-weight: 400; font-family: &quot;Open Sans&quot;;\"\n                        class=\"customize-unpreviewable\">Nieders\u00e4chsischen Bildungsvereinbarung<\/a>&nbsp;und ber\u00fccksichtigen dabei folgende Bildungsbereiche:<\/p>\n                    <ul>\n                      <li>Vorschule<\/li>\n                      <li>Sprachentwicklung<\/li>\n                      <li>Mathematische und naturwissenschaftliche Grundkenntnisse<\/li>\n                      <li>Bildnerisches Gestalten<\/li>\n                      <li>Musik<\/li>\n                      <li>Bewegung&nbsp;&amp; Sport<\/li>\n                    <\/ul>\n                  <\/div>\n                <\/div>\n              <\/div>\n            <\/div>\n          <\/div>\n        <\/div>\n      <\/div>\n      <div data-colibri-id=\"32-c30\" class=\"h-row-container gutters-row-lg-2 gutters-row-md-2 gutters-row-0 gutters-row-v-lg-2 gutters-row-v-md-2 gutters-row-v-2 style-830 style-local-32-c30 position-relative\">\n        <!---->\n        <div class=\"h-row justify-content-lg-center justify-content-md-center justify-content-center align-items-lg-stretch align-items-md-stretch align-items-stretch gutters-col-lg-2 gutters-col-md-2 gutters-col-0 gutters-col-v-lg-2 gutters-col-v-md-2 gutters-col-v-2\">\n          <!---->\n          <div class=\"h-column h-column-container d-flex h-col-lg-auto h-col-md-auto h-col-auto style-831-outer style-local-32-c31-outer\">\n            <div data-colibri-id=\"32-c31\" class=\"d-flex h-flex-basis h-column__inner h-px-lg-2 h-px-md-2 h-px-2 v-inner-lg-2 v-inner-md-2 v-inner-2 style-831 style-local-32-c31 position-relative\">\n              <!---->\n              <!---->\n              <div class=\"w-100 h-y-container h-column__content h-column__v-align flex-basis-100 align-self-lg-start align-self-md-start align-self-start\">\n                <!---->\n                <div data-colibri-id=\"32-c32\" class=\"h-text h-text-component style-834 style-local-32-c32 position-relative h-element\">\n                  <!---->\n                  <!---->\n                  <div class=\"\">\n                    <h3>Dokumentation der Kita-Zeit<\/h3>\n                    <p>Weitere wesentliche Bestandteile unserer p\u00e4dagogischen Arbeit sind&nbsp;gezielte Beobachtungen und die verschiedenen Dokumentationen. Dadurch lernen&nbsp;wir die Kinder besser kennen und nehmen ihre Interessen und Kompetenzen wahr.\n                      F\u00fcr jedes Kind wird in unserer Einrichtung zudem ein Portfolioordner erstellt. Darin werden die Bildungsprozesse des Kindes w\u00e4hrend der gesamten Kindergartenzeit dokumentiert. Die Portfolioordner bestehen aus Aufzeichnungen zu den\n                      Beobachtungen, Lerngeschichten und fachlich kommentierten Fotos und Werken der Kinder.<\/p>\n                    <p>\n                      <br>\n                    <\/p>\n                  <\/div>\n                <\/div>\n              <\/div>\n            <\/div>\n          <\/div>\n          <div class=\"h-column h-column-container d-flex h-col-lg-auto h-col-md-auto h-col-auto style-832-outer style-local-32-c33-outer\">\n            <div data-colibri-id=\"32-c33\" class=\"d-flex h-flex-basis h-column__inner h-px-lg-2 h-px-md-2 h-px-2 v-inner-lg-2 v-inner-md-2 v-inner-2 style-832 style-local-32-c33 position-relative\">\n              <!---->\n              <!---->\n              <div class=\"w-100 h-y-container h-column__content h-column__v-align flex-basis-100 align-self-lg-start align-self-md-start align-self-start\">\n                <!---->\n                <div data-colibri-id=\"32-c34\" class=\"d-block style-833 style-local-32-c34 position-relative h-element\">\n                  <!---->\n                  <div class=\"h-image__frame-container-outer\">\n                    <div class=\"h-image__frame-container\">\n                      <!---->\n                      <!---->\n                      <img loading=\"lazy\" decoding=\"async\" width=\"2560\" height=\"1696\" src=\"http:\/\/kindervillaosnabrueck.de\/cms\/wp-content\/uploads\/2024\/06\/caroline-hernandez-g5NjiLFgYy8-unsplash-scaled.jpg\" class=\"wp-image-515 style-833-image style-local-32-c34-image\" alt=\"\" srcset=\"https:\/\/kindervillaosnabrueck.de\/cms\/wp-content\/uploads\/2024\/06\/caroline-hernandez-g5NjiLFgYy8-unsplash-scaled.jpg 2560w, https:\/\/kindervillaosnabrueck.de\/cms\/wp-content\/uploads\/2024\/06\/caroline-hernandez-g5NjiLFgYy8-unsplash-300x199.jpg 300w, https:\/\/kindervillaosnabrueck.de\/cms\/wp-content\/uploads\/2024\/06\/caroline-hernandez-g5NjiLFgYy8-unsplash-1024x678.jpg 1024w, https:\/\/kindervillaosnabrueck.de\/cms\/wp-content\/uploads\/2024\/06\/caroline-hernandez-g5NjiLFgYy8-unsplash-768x509.jpg 768w, https:\/\/kindervillaosnabrueck.de\/cms\/wp-content\/uploads\/2024\/06\/caroline-hernandez-g5NjiLFgYy8-unsplash-1536x1017.jpg 1536w, https:\/\/kindervillaosnabrueck.de\/cms\/wp-content\/uploads\/2024\/06\/caroline-hernandez-g5NjiLFgYy8-unsplash-2048x1356.jpg 2048w\" sizes=\"auto, (max-width: 2560px) 100vw, 2560px\" \/>\n                      <div class=\"h-image__frame h-hide-lg h-hide-md h-hide-sm style-833-frameImage style-local-32-c34-frameImage\"><\/div>\n                    <\/div>\n                  <\/div>\n                <\/div>\n              <\/div>\n            <\/div>\n          <\/div>\n        <\/div>\n      <\/div>\n      <div data-colibri-id=\"32-c35\" class=\"h-row-container gutters-row-lg-2 gutters-row-md-2 gutters-row-0 gutters-row-v-lg-2 gutters-row-v-md-2 gutters-row-v-2 style-878 style-local-32-c35 position-relative\">\n        <!---->\n        <div class=\"h-row justify-content-lg-center justify-content-md-center justify-content-center align-items-lg-stretch align-items-md-stretch align-items-stretch gutters-col-lg-2 gutters-col-md-2 gutters-col-0 gutters-col-v-lg-2 gutters-col-v-md-2 gutters-col-v-2\">\n          <!---->\n          <div class=\"h-column h-column-container d-flex h-col-lg-auto h-col-md-auto h-col-auto style-879-outer style-local-32-c36-outer\">\n            <div data-colibri-id=\"32-c36\" class=\"d-flex h-flex-basis h-column__inner h-px-lg-2 h-px-md-2 h-px-2 v-inner-lg-2 v-inner-md-2 v-inner-2 style-879 style-local-32-c36 position-relative\">\n              <!---->\n              <!---->\n              <div class=\"w-100 h-y-container h-column__content h-column__v-align flex-basis-100 align-self-lg-start align-self-md-start align-self-start\">\n                <!---->\n                <div data-colibri-id=\"32-c37\" class=\"d-block style-881 style-local-32-c37 position-relative h-element\">\n                  <!---->\n                  <div class=\"h-image__frame-container-outer\">\n                    <div class=\"h-image__frame-container\">\n                      <!---->\n                      <!---->\n                      <img loading=\"lazy\" decoding=\"async\" width=\"2560\" height=\"1717\" src=\"http:\/\/kindervillaosnabrueck.de\/cms\/wp-content\/uploads\/2024\/06\/Eingewoehnung-scaled.jpg\" class=\"wp-image-516 style-881-image style-local-32-c37-image\" alt=\"\" srcset=\"https:\/\/kindervillaosnabrueck.de\/cms\/wp-content\/uploads\/2024\/06\/Eingewoehnung-scaled.jpg 2560w, https:\/\/kindervillaosnabrueck.de\/cms\/wp-content\/uploads\/2024\/06\/Eingewoehnung-300x201.jpg 300w, https:\/\/kindervillaosnabrueck.de\/cms\/wp-content\/uploads\/2024\/06\/Eingewoehnung-1024x687.jpg 1024w, https:\/\/kindervillaosnabrueck.de\/cms\/wp-content\/uploads\/2024\/06\/Eingewoehnung-768x515.jpg 768w, https:\/\/kindervillaosnabrueck.de\/cms\/wp-content\/uploads\/2024\/06\/Eingewoehnung-1536x1030.jpg 1536w, https:\/\/kindervillaosnabrueck.de\/cms\/wp-content\/uploads\/2024\/06\/Eingewoehnung-2048x1373.jpg 2048w\" sizes=\"auto, (max-width: 2560px) 100vw, 2560px\" \/>\n                      <div class=\"h-image__frame h-hide-lg h-hide-md h-hide-sm style-881-frameImage style-local-32-c37-frameImage\"><\/div>\n                    <\/div>\n                  <\/div>\n                <\/div>\n              <\/div>\n            <\/div>\n          <\/div>\n          <div class=\"h-column h-column-container d-flex h-col-lg-auto h-col-md-auto h-col-auto style-880-outer style-local-32-c38-outer\">\n            <div data-colibri-id=\"32-c38\" class=\"d-flex h-flex-basis h-column__inner h-px-lg-2 h-px-md-2 h-px-2 v-inner-lg-2 v-inner-md-2 v-inner-2 style-880 style-local-32-c38 position-relative\">\n              <!---->\n              <!---->\n              <div class=\"w-100 h-y-container h-column__content h-column__v-align flex-basis-100 align-self-lg-start align-self-md-start align-self-start\">\n                <!---->\n                <div data-colibri-id=\"32-c39\" class=\"h-text h-text-component style-882 style-local-32-c39 position-relative h-element\">\n                  <!---->\n                  <!---->\n                  <div class=\"\">\n                    <h3>Die Eingew\u00f6hnung in unsere Kindervilla<\/h3>\n                    <p>Unser Anliegen ist es, dass sich das Kind bei uns wohl f\u00fchlt und ein vertrauensvolles Verh\u00e4ltnis zwischen Kind, Eltern und Einrichtung&nbsp;aufgebaut werden kann. Daher gestalten wir die Eingew\u00f6hnungsphase gemeinsam mit den Eltern\n                      individuell und nach den Bed\u00fcrfnissen des Kindes. Das Kind bekommt so viel Zeit wie n\u00f6tig, um sich mit der neuen Umgebung vertraut zu machen und neue Beziehungen zu kn\u00fcpfen. Dabei orientieren wir uns an dem Berliner Eingew\u00f6hnungsmodell.<\/p>\n                    <p>Ein:e Erzieher:in begleitet das Kind in dieser Zeit besonders und kann zuk\u00fcnftig als Bezugsperson angenommen werden. Er\/Sie wendet sich dem Kind intensiv zu und unterst\u00fctzt den Abl\u00f6seprozess zwischen Elternteil und Kind.<\/p>\n                    <p>Der\/Die&nbsp;Bezugserzieher:in ist w\u00e4hrend der Eingew\u00f6hnungszeit bis zur eigenst\u00e4ndigen L\u00f6sung des Kindes die wichtigste Ansprechsperson. Allerdings relativiert sich die Bezugszust\u00e4ndigkeit mit der Zeit, da alle Erzieher:innen als\n                      Bezugspersonen wahrgenommen werden.<\/p>\n                    <p>\n                      <br>\n                    <\/p>\n                  <\/div>\n                <\/div>\n              <\/div>\n            <\/div>\n          <\/div>\n        <\/div>\n      <\/div>\n    <\/div>\n  <\/div>\n  <div data-colibri-component=\"section\" data-colibri-id=\"32-c40\" id=\"about-2\" class=\"h-section h-section-global-spacing d-flex align-items-lg-center align-items-md-center align-items-center style-769 style-local-32-c40 position-relative\">\n    <!---->\n    <!---->\n    <div class=\"h-section-grid-container h-section-boxed-container\">\n      <div data-colibri-id=\"32-c50\" class=\"h-row-container gutters-row-lg-1 gutters-row-md-1 gutters-row-2 gutters-row-v-lg-1 gutters-row-v-md-1 gutters-row-v-1 style-774 style-local-32-c50 position-relative\">\n        <!---->\n        <div class=\"h-row justify-content-lg-center justify-content-md-center justify-content-center align-items-lg-stretch align-items-md-stretch align-items-stretch gutters-col-lg-1 gutters-col-md-1 gutters-col-2 gutters-col-v-lg-1 gutters-col-v-md-1 gutters-col-v-1\">\n          <!---->\n          <div class=\"h-column h-column-container d-flex h-col-lg-auto h-col-md-auto h-col-auto style-775-outer style-local-32-c51-outer\">\n            <div data-colibri-id=\"32-c51\" class=\"d-flex h-flex-basis h-column__inner h-px-lg-1 h-px-md-1 h-px-2 v-inner-lg-1 v-inner-md-1 v-inner-2 style-775 style-local-32-c51 position-relative\">\n              <!---->\n              <!---->\n              <div class=\"w-100 h-y-container h-column__content h-column__v-align flex-basis-100 align-self-lg-start align-self-md-start align-self-start\">\n                <!---->\n                <div data-colibri-id=\"32-c52\" class=\"h-global-transition-all h-heading style-776 style-local-32-c52 position-relative h-element\">\n                  <!---->\n                  <div class=\"h-heading__outer style-776 style-local-32-c52\">\n                    <!---->\n                    <!---->\n                    <h1 class=\"\">Projektarbeit<\/h1>\n                  <\/div>\n                <\/div>\n                <div data-colibri-id=\"32-c53\" class=\"h-global-transition-all h-heading style-777 style-local-32-c53 position-relative h-element\">\n                  <!---->\n                  <div class=\"h-heading__outer style-777 style-local-32-c53\">\n                    <!---->\n                    <!---->\n                    <h3 class=\"\">In der Reggio-P\u00e4dagogik spielt die Projektarbeit als Handlungsform eine zentrale Rolle. Unsere vielf\u00e4ltigen Projekte, entwickeln sich aus den aktuellen Interessen und Themen der Kinder.\n                      <br>Diese werden in die p\u00e4dagogische Arbeit aufgenommen und gemeinschaftlich \u2013 auch schwerpunkt\u00fcberreifend \u2013 weitergestaltet.\n                      <br>\n                    <\/h3>\n                  <\/div>\n                <\/div>\n                <div data-colibri-id=\"32-c54\" class=\"h-lead h-text h-text-component style-778 style-local-32-c54 position-relative h-element\">\n                  <!---->\n                  <!---->\n                  <div class=\"\">\n                    <p>Ein Projekt kann eine Stunde dauern oder sich \u00fcber mehrere Monate hinziehen.\n                      <br> Ausgangspunkt f\u00fcr Projekte ist das Interesse der Kinder an einem Thema. Das k\u00f6nnen Fragen sein, die die Kinder stellen oder ein Interesse, das die Erzieherinnen beim Spiel der Kinder wahrnehmen. Wir beobachten die Kinder im Spiel\n                      und orientieren uns an ihren Bed\u00fcrfnissen und Interessen. Daraus entwickeln sich h\u00e4ufig Gespr\u00e4che und bestimmte Ideen, die dann mit den Kindern weiterverfolgt werden k\u00f6nnen. Dabei geht es nicht darum, die Fragen zu beantworten, sondern\n                      den Kindern Mittel und M\u00f6glichkeiten an die Hand zu geben, selbst L\u00f6sungswege herauszufinden. Nicht das Ergebnis ist wichtig, sondern der Weg dahin. Somit stellen Projekte ein entdeckendes und forschendes Lernen mit allen Sinnen\n                      dar.<\/p>\n                  <\/div>\n                <\/div>\n              <\/div>\n            <\/div>\n          <\/div>\n        <\/div>\n      <\/div>\n      <div data-colibri-id=\"32-c41\" class=\"h-row-container gutters-row-lg-2 gutters-row-md-2 gutters-row-0 gutters-row-v-lg-2 gutters-row-v-md-2 gutters-row-v-2 style-885 style-local-32-c41 position-relative\">\n        <!---->\n        <div class=\"h-row justify-content-lg-center justify-content-md-center justify-content-center align-items-lg-stretch align-items-md-stretch align-items-stretch gutters-col-lg-2 gutters-col-md-2 gutters-col-0 gutters-col-v-lg-2 gutters-col-v-md-2 gutters-col-v-2\">\n          <!---->\n          <div class=\"h-column h-column-container d-flex h-col-lg-auto h-col-md-auto h-col-auto style-886-outer style-local-32-c42-outer\">\n            <div data-colibri-id=\"32-c42\" class=\"d-flex h-flex-basis h-column__inner h-ui-empty-state-container h-px-lg-2 h-px-md-2 h-px-2 v-inner-lg-2 v-inner-md-2 v-inner-2 style-886 style-local-32-c42 position-relative\">\n              <!---->\n              <!---->\n              <div class=\"w-100 h-y-container h-column__content h-column__v-align flex-basis-100\">\n                <!---->\n              <\/div>\n            <\/div>\n          <\/div>\n        <\/div>\n      <\/div>\n      <div data-colibri-id=\"32-c43\" class=\"h-row-container gutters-row-lg-0 gutters-row-md-0 gutters-row-0 gutters-row-v-lg-0 gutters-row-v-md-0 gutters-row-v-0 style-770 style-local-32-c43 h-overflow-hidden position-relative\">\n        <!---->\n        <div class=\"h-row justify-content-lg-center justify-content-md-center justify-content-center align-items-lg-end align-items-md-end align-items-end gutters-col-lg-0 gutters-col-md-0 gutters-col-0 gutters-col-v-lg-0 gutters-col-v-md-0 gutters-col-v-0\">\n          <!---->\n          <div class=\"h-column h-column-container d-flex h-col-lg-auto h-col-md-auto h-col-auto align-self-lg-end align-self-md-end align-self-end style-771-outer style-local-32-c44-outer\">\n            <div data-colibri-id=\"32-c44\" class=\"d-flex h-flex-basis h-column__inner h-ui-empty-state-container h-px-lg-0 h-px-md-0 h-px-0 v-inner-lg-0 v-inner-md-0 v-inner-0 style-771 style-local-32-c44 position-relative\">\n              <!---->\n              <!---->\n              <div class=\"w-100 h-y-container h-column__content h-column__v-align flex-basis-100\">\n                <!---->\n              <\/div>\n            <\/div>\n          <\/div>\n          <div class=\"h-column h-column-container d-flex h-col-lg-auto h-col-md-auto h-col-auto align-self-lg-end align-self-md-end align-self-end style-772-outer style-local-32-c45-outer\">\n            <div data-colibri-id=\"32-c45\" class=\"d-flex h-flex-basis h-column__inner h-ui-empty-state-container h-px-lg-0 h-px-md-0 h-px-0 v-inner-lg-0 v-inner-md-0 v-inner-0 style-772 style-local-32-c45 position-relative\">\n              <!---->\n              <!---->\n              <div class=\"w-100 h-y-container h-column__content h-column__v-align flex-basis-100\">\n                <!---->\n              <\/div>\n            <\/div>\n          <\/div>\n          <div class=\"h-column h-column-container d-flex h-col-lg-auto h-col-md-auto h-col-auto align-self-lg-end align-self-md-end align-self-end style-773-outer style-local-32-c46-outer\">\n            <div data-colibri-id=\"32-c46\" class=\"d-flex h-flex-basis h-column__inner h-ui-empty-state-container h-px-lg-0 h-px-md-0 h-px-0 v-inner-lg-0 v-inner-md-0 v-inner-0 style-773 style-local-32-c46 position-relative\">\n              <!---->\n              <!---->\n              <div class=\"w-100 h-y-container h-column__content h-column__v-align flex-basis-100\">\n                <!---->\n              <\/div>\n            <\/div>\n          <\/div>\n        <\/div>\n      <\/div>\n      <div data-colibri-id=\"32-c47\" class=\"h-row-container gutters-row-lg-2 gutters-row-md-2 gutters-row-0 gutters-row-v-lg-2 gutters-row-v-md-2 gutters-row-v-2 style-895 style-local-32-c47 position-relative\">\n        <!---->\n        <div class=\"h-row justify-content-lg-center justify-content-md-center justify-content-center align-items-lg-stretch align-items-md-stretch align-items-stretch gutters-col-lg-2 gutters-col-md-2 gutters-col-0 gutters-col-v-lg-2 gutters-col-v-md-2 gutters-col-v-2\">\n          <!---->\n          <div class=\"h-column h-column-container d-flex h-col-lg-auto h-col-md-auto h-col-auto style-896-outer style-local-32-c48-outer\">\n            <div data-colibri-id=\"32-c48\" class=\"d-flex h-flex-basis h-column__inner h-px-lg-2 h-px-md-2 h-px-2 v-inner-lg-2 v-inner-md-2 v-inner-2 style-896 style-local-32-c48 position-relative\">\n              <!---->\n              <!---->\n              <div class=\"w-100 h-y-container h-column__content h-column__v-align flex-basis-100 align-self-lg-start align-self-md-start align-self-start\">\n                <!---->\n                <div data-colibri-id=\"32-c49\" class=\"style-898 style-local-32-c49 position-relative h-element\">\n                  <!---->\n                <\/div>\n              <\/div>\n            <\/div>\n          <\/div>\n        <\/div>\n      <\/div>\n    <\/div>\n  <\/div>\n  <div data-colibri-component=\"section\" data-colibri-id=\"32-c55\" id=\"about-4\" class=\"h-section h-section-global-spacing d-flex align-items-lg-center align-items-md-center align-items-center style-888 style-local-32-c55 position-relative\">\n    <!---->\n    <!---->\n    <div class=\"h-section-grid-container h-section-boxed-container\">\n      <!---->\n      <div data-colibri-id=\"32-c56\" class=\"h-row-container gutters-row-lg-0 gutters-row-md-0 gutters-row-0 gutters-row-v-lg-0 gutters-row-v-md-0 gutters-row-v-0 style-889 style-local-32-c56 position-relative\">\n        <!---->\n        <div class=\"h-row justify-content-lg-center justify-content-md-center justify-content-center align-items-lg-stretch align-items-md-stretch align-items-stretch gutters-col-lg-0 gutters-col-md-0 gutters-col-0 gutters-col-v-lg-0 gutters-col-v-md-0 gutters-col-v-0\">\n          <!---->\n          <div class=\"h-column h-column-container d-flex h-col-lg-auto h-col-md-auto h-col-auto style-890-outer style-local-32-c57-outer\">\n            <div data-colibri-id=\"32-c57\" class=\"d-flex h-flex-basis h-column__inner h-px-lg-0 h-px-md-0 h-px-0 v-inner-lg-0 v-inner-md-0 v-inner-0 style-890 style-local-32-c57 position-relative\">\n              <!---->\n              <!---->\n              <div class=\"w-100 h-y-container h-column__content h-column__v-align flex-basis-100 align-self-lg-start align-self-md-start align-self-start\">\n                <!---->\n                <div data-colibri-id=\"32-c58\" class=\"h-global-transition-all h-heading style-892 style-local-32-c58 position-relative h-element\">\n                  <!---->\n                  <div class=\"h-heading__outer style-892 style-local-32-c58\">\n                    <!---->\n                    <!---->\n                    <h2 class=\"\">Unser Essen<\/h2>\n                  <\/div>\n                <\/div>\n                <div data-colibri-id=\"32-c59\" class=\"h-text h-text-component style-893 style-local-32-c59 position-relative h-element\">\n                  <!---->\n                  <!---->\n                  <div class=\"\">\n                    <p>Alle Mahlzeiten (Fr\u00fchst\u00fcck und Mittagessen ) werden von unserer K\u00f6chin zusammengestellt und frisch zubereitet. Der Fokus liegt auf einer kindgerechten und ausgewogenen Ern\u00e4hrung. Dabei werden haupts\u00e4chlich saisonale und regionale Produkten\n                      verwendet. Besondere Ern\u00e4hrungsbed\u00fcrfnisse k\u00f6nnen wir selbstverst\u00e4ndlich ber\u00fccksichtigen.<\/p>\n                  <\/div>\n                <\/div>\n              <\/div>\n            <\/div>\n          <\/div>\n          <div class=\"h-column h-column-container d-flex h-col-lg-auto h-col-md-auto h-col-auto style-894-outer style-local-32-c60-outer\">\n            <div data-colibri-id=\"32-c60\" class=\"d-flex h-flex-basis h-column__inner h-ui-empty-state-container h-px-lg-0 h-px-md-0 h-px-0 v-inner-lg-0 v-inner-md-0 v-inner-0 style-894 style-local-32-c60 position-relative\">\n              <!---->\n              <!---->\n              <div class=\"w-100 h-y-container h-column__content h-column__v-align flex-basis-100\">\n                <!---->\n              <\/div>\n            <\/div>\n          <\/div>\n        <\/div>\n      <\/div>\n    <\/div>\n  <\/div>\n  <div data-colibri-component=\"section\" data-colibri-id=\"32-c61\" id=\"reusable-sections\" class=\"h-section h-section-global-spacing d-flex align-items-lg-center align-items-md-center align-items-center style-1534 style-local-32-c61 position-relative\">\n    <!---->\n    <div style=\"height: 30px; top: calc(0px);\" class=\"h-separator\">\n      <svg style=\"fill:rgb(9, 33, 42);\" xmlns=\"http:\/\/www.w3.org\/2000\/svg\" viewBox=\"0 0 1000 100\" preserveAspectRatio=\"none\">\n        <path class=\"svg-white-bg\" d=\"M738,99l262-93V0H0v5.6L738,99z\"><\/path>\n      <\/svg>\n    <\/div>\n    <div style=\"height: 30px; bottom: calc(0px);\" class=\"h-separator\">\n      <svg style=\"fill:rgb(9, 33, 42);transform:rotateX(180deg);\" xmlns=\"http:\/\/www.w3.org\/2000\/svg\" viewBox=\"0 0 1000 100\" preserveAspectRatio=\"none\">\n        <path class=\"svg-white-bg\" d=\"M738,99l262-93V0H0v5.6L738,99z\"><\/path>\n      <\/svg>\n    <\/div>\n    <div class=\"h-section-grid-container h-section-boxed-container\">\n      <!---->\n      <div data-colibri-id=\"32-c62\" class=\"h-row-container gutters-row-lg-0 gutters-row-md-0 gutters-row-0 gutters-row-v-lg-0 gutters-row-v-md-0 gutters-row-v-0 style-1535 style-local-32-c62 position-relative\">\n        <!---->\n        <div class=\"h-row justify-content-lg-center justify-content-md-center justify-content-center align-items-lg-stretch align-items-md-stretch align-items-stretch gutters-col-lg-0 gutters-col-md-0 gutters-col-0 gutters-col-v-lg-0 gutters-col-v-md-0 gutters-col-v-0\">\n          <!---->\n          <div class=\"h-column h-column-container d-flex h-col-lg-auto h-col-md-auto h-col-auto style-1536-outer style-local-32-c63-outer\">\n            <div data-colibri-id=\"32-c63\" class=\"d-flex h-flex-basis h-column__inner h-ui-empty-state-container h-px-lg-0 h-px-md-0 h-px-0 v-inner-lg-0 v-inner-md-0 v-inner-0 style-1536 style-local-32-c63 position-relative\">\n              <!---->\n              <!---->\n              <div class=\"w-100 h-y-container h-column__content h-column__v-align flex-basis-100\">\n                <!---->\n              <\/div>\n            <\/div>\n          <\/div>\n          <div class=\"h-column h-column-container d-flex h-col-lg-auto h-col-md-auto h-col-auto style-1537-outer style-local-32-c64-outer\">\n            <div data-colibri-id=\"32-c64\" class=\"d-flex h-flex-basis h-column__inner h-px-lg-2 h-px-md-2 h-px-2 v-inner-lg-2 v-inner-md-2 v-inner-2 style-1537 style-local-32-c64 position-relative\">\n              <!---->\n              <!---->\n              <div class=\"w-100 h-y-container h-column__content h-column__v-align flex-basis-100 align-self-lg-start align-self-md-start align-self-start\">\n                <!---->\n                <div data-colibri-id=\"32-c65\" class=\"h-global-transition-all h-heading style-1538 style-local-32-c65 position-relative h-element\">\n                  <!---->\n                  <div class=\"h-heading__outer style-1538 style-local-32-c65\">\n                    <!---->\n                    <!---->\n                    <h5 class=\"\">Unser p\u00e4dagogischer Ansatz<\/h5>\n                  <\/div>\n                <\/div>\n                <div data-colibri-id=\"32-c66\" class=\"h-global-transition-all h-heading style-1539 style-local-32-c66 position-relative h-element\">\n                  <!---->\n                  <div class=\"h-heading__outer style-1539 style-local-32-c66\">\n                    <!---->\n                    <!---->\n                    <h2 class=\"\">Reggio-P\u00e4dagogik- eine P\u00e4dagogik des <em style=\"font-family: &quot;Playfair Display&quot;;\">Zuh\u00f6rens<\/em><\/h2>\n                  <\/div>\n                <\/div>\n                <div data-colibri-id=\"32-c67\" class=\"h-text h-text-component style-1540 style-local-32-c67 position-relative h-element\">\n                  <!---->\n                  <!---->\n                  <div class=\"\">\n                    <p>Die Reggio P\u00e4dagogik begreift das Kind als Konstrukteur seiner Entwicklung, seines Wissens und K\u00f6nnens. Dieser Prozess wird durch die \u201e100 Sprachen der Kinder\u201c und deren vielf\u00e4ltigen Ausdrucksm\u00f6glichkeiten initiiert. Erzieherinnen\n                      und Erzieher werden dazu bef\u00e4higt, Kinder in all ihren Facetten und M\u00f6glichkeiten wahrzunehmen. Die Verkn\u00fcpfung der kindlichen Erfahrung mit dem Gemeinwesen, in dem sie leben und die Offenheit der Kita gegen\u00fcber den, am Bildungsprozess\n                      beteiligten Personen ist ein wesentlicher Bestandteil der Reggio P\u00e4dagogik.<\/p>\n                    <p>Das Lernen ist dabei ein wichtiger Aspekt. Das Ziel der P\u00e4dagogik ist, dass Menschen nachhaltig, ein Leben lang mit Freude lernen. Die Frage, wie das funktionieren kann, beantwortet die Reggio P\u00e4dagogik. Nachhaltig ist Lernen immer\n                      dann, wenn es mit Begeisterung geschieht, durch Fragen, deren Beantwortung in&nbsp;&nbsp;kindlichen Forschungsprojekten geschieht, in R\u00e4umen, die zum Lernen anregen.<\/p>\n                    <p>Die Reggio-P\u00e4dagogik ist in den sp\u00e4ten 60er Jahren des 20. Jahrhunderts im norditalienischen Reggio Emilia entwickelt worden. Es ist weltweit der, in den letzten 40 Jahren am meisten beachtete und ausgezeichnete elementarp\u00e4dagogische\n                      Ansatz. Er fasziniert durch\n                      <br>&#8211; sein positives, optimistisches Bild vom Kind<\/p>\n                    <p>&#8211; seinen unmittelbaren Praxisbezug und seine Offenheit gegen\u00fcber neuen Erfahrungen und Erkenntnissen,\n                      <br>&#8211; die Vielfalt seiner Elemente (von der Raumgestaltung bis zur Kooperation mit den Familien und der \u00d6ffentlichkeit),\n                      <br>&#8211; sein differenziertes, hochaktuelles Konzept von Bildung und Lernen (Konstruktivismus).<\/p>\n                    <p>Die Reggio-P\u00e4dagogik ist damit eine Antwort auf die neue Diskussion \u00fcber fr\u00fchkindliche Bildung. Sie st\u00e4rkt die Professionalit\u00e4t der p\u00e4dagogischen Fachkr\u00e4fte und legt zugleich hohen Wert auf die Rolle der Familie.&#8220;<\/p>\n                    <p>\n                      <br>\n                    <\/p>\n                  <\/div>\n                <\/div>\n              <\/div>\n            <\/div>\n          <\/div>\n        <\/div>\n      <\/div>\n    <\/div>\n  <\/div>\n<\/div>","protected":false},"excerpt":{"rendered":"<p>Unser Konzept Unserp\u00e4dagogischer Ansatz Die Grundlage unseres p\u00e4dagogischen Ansatzes bildet das Konzept der offenen Arbeit angelehnt an die Reggio-P\u00e4dagogik. Die \u00d6ffnung von Gruppen und die Erweiterung von Spielm\u00f6glichkeiten in den Schwerpunktbereichen und Funktionsr\u00e4umen bietet die M\u00f6glichkeit, sich entsprechend der eigenen St\u00e4rken und Interessen zu entfalten. Dies gilt nicht nur f\u00fcr unsere Kinder, sondern auch f\u00fcr [&hellip;]<\/p>\n","protected":false},"author":1,"featured_media":0,"parent":0,"menu_order":0,"comment_status":"closed","ping_status":"closed","template":"page-templates\/full-width-page.php","meta":{"footnotes":""},"class_list":["post-32","page","type-page","status-publish","hentry"],"_links":{"self":[{"href":"https:\/\/kindervillaosnabrueck.de\/cms\/wp-json\/wp\/v2\/pages\/32","targetHints":{"allow":["GET"]}}],"collection":[{"href":"https:\/\/kindervillaosnabrueck.de\/cms\/wp-json\/wp\/v2\/pages"}],"about":[{"href":"https:\/\/kindervillaosnabrueck.de\/cms\/wp-json\/wp\/v2\/types\/page"}],"author":[{"embeddable":true,"href":"https:\/\/kindervillaosnabrueck.de\/cms\/wp-json\/wp\/v2\/users\/1"}],"replies":[{"embeddable":true,"href":"https:\/\/kindervillaosnabrueck.de\/cms\/wp-json\/wp\/v2\/comments?post=32"}],"version-history":[{"count":17,"href":"https:\/\/kindervillaosnabrueck.de\/cms\/wp-json\/wp\/v2\/pages\/32\/revisions"}],"predecessor-version":[{"id":1478,"href":"https:\/\/kindervillaosnabrueck.de\/cms\/wp-json\/wp\/v2\/pages\/32\/revisions\/1478"}],"wp:attachment":[{"href":"https:\/\/kindervillaosnabrueck.de\/cms\/wp-json\/wp\/v2\/media?parent=32"}],"curies":[{"name":"wp","href":"https:\/\/api.w.org\/{rel}","templated":true}]}}