{"id":304,"date":"2024-05-05T20:37:21","date_gmt":"2024-05-05T18:37:21","guid":{"rendered":"http:\/\/kindervillaosnabrueck.de\/cms\/?page_id=304"},"modified":"2025-09-04T21:50:21","modified_gmt":"2025-09-04T19:50:21","slug":"unsere-organisation","status":"publish","type":"page","link":"https:\/\/kindervillaosnabrueck.de\/cms\/unsere-organisation\/","title":{"rendered":"Unsere Organisation"},"content":{"rendered":"<div data-colibri-id=\"304-c1\" class=\"style-614 style-local-304-c1 position-relative\">\n  <!---->\n  <div data-colibri-component=\"section\" data-colibri-id=\"304-c2\" id=\"content\" class=\"h-section h-section-global-spacing d-flex align-items-lg-center align-items-md-center align-items-center style-615 style-local-304-c2 position-relative\">\n    <!---->\n    <!---->\n    <div class=\"h-section-grid-container h-section-fluid-container\">\n      <!---->\n      <div data-colibri-id=\"304-c3\" class=\"h-row-container gutters-row-lg-0 gutters-row-md-0 gutters-row-2 gutters-row-v-lg-0 gutters-row-v-md-0 gutters-row-v-2 style-616 style-local-304-c3 position-relative\">\n        <!---->\n        <div class=\"h-row justify-content-lg-center justify-content-md-center justify-content-center align-items-lg-stretch align-items-md-stretch align-items-stretch gutters-col-lg-0 gutters-col-md-0 gutters-col-2 gutters-col-v-lg-0 gutters-col-v-md-0 gutters-col-v-2\">\n          <!---->\n          <div class=\"h-column h-column-container d-flex h-col-lg-auto h-col-md-auto h-col-auto style-617-outer style-local-304-c4-outer\">\n            <div data-colibri-id=\"304-c4\" class=\"d-flex h-flex-basis h-column__inner h-px-lg-0 h-px-md-0 h-px-0 v-inner-lg-0 v-inner-md-0 v-inner-0 style-617 style-local-304-c4 position-relative\">\n              <!---->\n              <!---->\n              <div class=\"w-100 h-y-container h-column__content h-column__v-align flex-basis-100 align-self-lg-start align-self-md-start align-self-start\">\n                <!---->\n                <div data-colibri-id=\"304-c5\" class=\"h-global-transition-all h-heading style-618 style-local-304-c5 position-relative h-element\">\n                  <!---->\n                  <div class=\"h-heading__outer style-618 style-local-304-c5\">\n                    <!---->\n                    <!---->\n                    <h4 class=\"\">Unsere Organisation<\/h4>\n                  <\/div>\n                <\/div>\n                <div data-colibri-id=\"304-c6\" class=\"h-global-transition-all h-heading style-619 style-local-304-c6 position-relative h-element\">\n                  <!---->\n                  <div class=\"h-heading__outer style-619 style-local-304-c6\">\n                    <!---->\n                    <!---->\n                    <h2 class=\"\">The Secret of Success<\/h2>\n                  <\/div>\n                <\/div>\n                <div data-colibri-id=\"304-c7\" class=\"h-row-container gutters-row-lg-2 gutters-row-md-2 gutters-row-0 gutters-row-v-lg-2 gutters-row-v-md-2 gutters-row-v-0 style-621 style-local-304-c7 position-relative\">\n                  <!---->\n                  <div class=\"h-row justify-content-lg-center justify-content-md-center justify-content-center align-items-lg-stretch align-items-md-stretch align-items-stretch gutters-col-lg-2 gutters-col-md-2 gutters-col-0 gutters-col-v-lg-2 gutters-col-v-md-2 gutters-col-v-0\">\n                    <!---->\n                    <div class=\"h-column h-column-container d-flex h-col-lg-6 h-col-md-6 h-col-6 style-622-outer style-local-304-c8-outer\">\n                      <div data-colibri-id=\"304-c8\" class=\"d-flex h-flex-basis h-column__inner h-px-lg-0 h-px-md-0 h-px-0 v-inner-lg-0 v-inner-md-0 v-inner-0 style-622 style-local-304-c8 position-relative\">\n                        <!---->\n                        <!---->\n                        <div class=\"w-100 h-y-container h-column__content h-column__v-align flex-basis-100 align-self-lg-start align-self-md-start align-self-start\">\n                          <!---->\n                          <div data-colibri-id=\"304-c9\" class=\"h-global-transition-all h-heading style-623 style-local-304-c9 position-relative h-element\">\n                            <!---->\n                            <div class=\"h-heading__outer style-623 style-local-304-c9\">\n                              <!---->\n                              <!---->\n                              <h5 class=\"\">Der Elternverein<\/h5>\n                            <\/div>\n                          <\/div>\n                          <div data-colibri-id=\"304-c10\" class=\"h-text h-text-component style-624 style-local-304-c10 position-relative h-element\">\n                            <!---->\n                            <!---->\n                            <div class=\"\">\n                              <p>Dem Elternverein steht ein Vorstand vor, der aus den Reihen der Eltern gestellt wird. Auf diese Weise \u00fcbernehmen die Eltern unserer Kindervilla eine besondere Verantwortung f\u00fcr das Geschehen und Erleben in der Kindervilla.<\/p>\n                            <\/div>\n                          <\/div>\n                        <\/div>\n                      <\/div>\n                    <\/div>\n                    <div class=\"h-column h-column-container d-flex h-col-lg-6 h-col-md-6 h-col-6 style-622-outer style-local-304-c11-outer\">\n                      <div data-colibri-id=\"304-c11\" class=\"d-flex h-flex-basis h-column__inner h-px-lg-0 h-px-md-0 h-px-0 v-inner-lg-0 v-inner-md-0 v-inner-0 style-622 style-local-304-c11 position-relative\">\n                        <!---->\n                        <!---->\n                        <div class=\"w-100 h-y-container h-column__content h-column__v-align flex-basis-100 align-self-lg-start align-self-md-start align-self-start\">\n                          <!---->\n                          <div data-colibri-id=\"304-c12\" class=\"h-global-transition-all h-heading style-623 style-local-304-c12 position-relative h-element\">\n                            <!---->\n                            <div class=\"h-heading__outer style-623 style-local-304-c12\">\n                              <!---->\n                              <!---->\n                              <h5 class=\"\">Unsere Elternarbeit<\/h5>\n                            <\/div>\n                          <\/div>\n                          <div data-colibri-id=\"304-c13\" class=\"h-text h-text-component style-624 style-local-304-c13 position-relative h-element\">\n                            <!---->\n                            <!---->\n                            <div class=\"\">\n                              <p>Alle Familien sind Vereinsmitglieder, die durch ihre monatliche Mitarbeit die Kindervilla unterst\u00fctzen und weiterentwickeln. Dabei werden Aufgaben nach individuellen F\u00e4higkeiten, Neigungen und zeitlichen Ressourcen \u00fcbernommen.<\/p>\n                            <\/div>\n                          <\/div>\n                        <\/div>\n                      <\/div>\n                    <\/div>\n                    <div class=\"h-column h-column-container d-flex h-col-lg-6 h-col-md-6 h-col-6 style-644-outer style-local-304-c14-outer\">\n                      <div data-colibri-id=\"304-c14\" class=\"d-flex h-flex-basis h-column__inner h-px-lg-0 h-px-md-0 h-px-0 v-inner-lg-0 v-inner-md-0 v-inner-0 style-644 style-local-304-c14 position-relative\">\n                        <!---->\n                        <!---->\n                        <div class=\"w-100 h-y-container h-column__content h-column__v-align flex-basis-100 align-self-lg-start align-self-md-start align-self-start\">\n                          <!---->\n                          <div data-colibri-id=\"304-c15\" class=\"h-global-transition-all h-heading style-623 style-local-304-c15 position-relative h-element\">\n                            <!---->\n                            <div class=\"h-heading__outer style-623 style-local-304-c15\">\n                              <!---->\n                              <!---->\n                              <h5 class=\"\">Der F\u00f6rderverein<\/h5>\n                            <\/div>\n                          <\/div>\n                          <div data-colibri-id=\"304-c16\" class=\"h-text h-text-component style-645 style-local-304-c16 position-relative h-element\">\n                            <!---->\n                            <!---->\n                            <div class=\"\">\n                              <p>Anfang 2010 wurde der F\u00f6rderverein der Kindervilla gegr\u00fcndet. Vereinsziel &amp; -zweck war und ist es, den Kita-Alltag in unserer Kindervilla zu unterst\u00fctzen, zu begleiten, produktiv mitzugestalten, z.B. \u00fcber die &#8222;B\u00f6rse rund\n                                ums Kind&#8220;.<\/p>\n                            <\/div>\n                          <\/div>\n                        <\/div>\n                      <\/div>\n                    <\/div>\n                    <div class=\"h-column h-column-container d-flex h-col-lg-6 h-col-md-6 h-col-6 style-622-outer style-local-304-c17-outer\">\n                      <div data-colibri-id=\"304-c17\" class=\"d-flex h-flex-basis h-column__inner h-px-lg-0 h-px-md-0 h-px-0 v-inner-lg-0 v-inner-md-0 v-inner-0 style-622 style-local-304-c17 position-relative\">\n                        <!---->\n                        <!---->\n                        <div class=\"w-100 h-y-container h-column__content h-column__v-align flex-basis-100 align-self-lg-start align-self-md-start align-self-start\">\n                          <!---->\n                          <div data-colibri-id=\"304-c18\" class=\"h-global-transition-all h-heading style-623 style-local-304-c18 position-relative h-element\">\n                            <!---->\n                            <div class=\"h-heading__outer style-623 style-local-304-c18\">\n                              <!---->\n                              <!---->\n                              <h5 class=\"\">Das P\u00e4dagogische Konzept<\/h5>\n                            <\/div>\n                          <\/div>\n                          <div data-colibri-id=\"304-c19\" class=\"h-text h-text-component style-626 style-local-304-c19 position-relative h-element\">\n                            <!---->\n                            <!---->\n                            <div class=\"\">\n                              <p>Die Reggio-P\u00e4dagogik betont die Anerkennung jedes Kindes als aktiven und kompetenten Lernenden, der durch kreative Ausdrucksformen und die Interaktion mit seiner Umgebung unterst\u00fctzt wird.<\/p>\n                            <\/div>\n                          <\/div>\n                        <\/div>\n                      <\/div>\n                    <\/div>\n                  <\/div>\n                <\/div>\n              <\/div>\n            <\/div>\n          <\/div>\n          <div class=\"h-column h-column-container d-flex h-col-lg-auto h-col-md-auto h-col-auto style-625-outer style-local-304-c20-outer\">\n            <div data-colibri-id=\"304-c20\" class=\"d-flex h-flex-basis h-column__inner h-ui-empty-state-container h-px-lg-0 h-px-md-0 h-px-0 v-inner-lg-0 v-inner-md-0 v-inner-0 style-625 style-local-304-c20 position-relative\">\n              <!---->\n              <!---->\n              <div class=\"w-100 h-y-container h-column__content h-column__v-align flex-basis-100\">\n                <!---->\n              <\/div>\n            <\/div>\n          <\/div>\n        <\/div>\n      <\/div>\n    <\/div>\n  <\/div>\n  <div data-colibri-component=\"section\" data-colibri-id=\"304-c21\" id=\"blank\" class=\"h-section h-section-global-spacing d-flex align-items-lg-center align-items-md-center align-items-center style-627 style-local-304-c21 position-relative\">\n    <!---->\n    <!---->\n    <div class=\"h-section-grid-container h-section-boxed-container\">\n      <!---->\n      <div data-colibri-id=\"304-c22\" class=\"h-row-container gutters-row-lg-1 gutters-row-md-1 gutters-row-0 gutters-row-v-lg-1 gutters-row-v-md-1 gutters-row-v-1 style-628 style-local-304-c22 position-relative\">\n        <!---->\n        <div class=\"h-row justify-content-lg-center justify-content-md-center justify-content-center align-items-lg-stretch align-items-md-stretch align-items-stretch gutters-col-lg-1 gutters-col-md-1 gutters-col-0 gutters-col-v-lg-1 gutters-col-v-md-1 gutters-col-v-1\">\n          <!---->\n          <div class=\"h-column h-column-container d-flex h-col-lg-auto h-col-md-auto h-col-auto style-629-outer style-local-304-c23-outer\">\n            <div data-colibri-id=\"304-c23\" class=\"d-flex h-flex-basis h-column__inner h-px-lg-1 h-px-md-1 h-px-1 v-inner-lg-1 v-inner-md-1 v-inner-1 style-629 style-local-304-c23 position-relative\">\n              <!---->\n              <!---->\n              <div class=\"w-100 h-y-container h-column__content h-column__v-align flex-basis-100 align-self-lg-start align-self-md-start align-self-start\">\n                <!---->\n                <div data-colibri-id=\"304-c24\" class=\"h-lead h-text h-text-component style-643 style-local-304-c24 position-relative h-element\">\n                  <!---->\n                  <!---->\n                  <div class=\"\">\n                    <h2>Provokateure st\u00f6ren die Ruhe der B\u00fcrger, sie wollen aufw\u00fchlen und Vers\u00e4umnisse zeigen. Kinder k\u00f6nnen uns mit ihren Problemen, aber vor allem mit ihren F\u00e4higkeiten und ihrer Poesie st\u00f6ren.<\/h2>\n                    <p>(Loris Malaguzzi)<\/p>\n                    <p>\n                      <br>\n                    <\/p>\n                    <p>Die Kindervilla ist in Tr\u00e4gerschaft eines Elternvereins und wurde&nbsp;auf Initiative motivierter Eltern mit Unterst\u00fctzung des Studentenwerks Osnabr\u00fcck und der Osnabr\u00fccker Hochschulen 2008 er\u00f6ffnet.&nbsp;Bildung, Begleitung und Erziehung\n                      unserer Kinder \u00fcbernehmen sowohl die p\u00e4dagogische Leitung als auch das Team von qualifizierten Erzieher:innen. Die Besonderheit der Kindervilla macht das direkte Miteinander der Erzieher:innen, Kinder und Eltern aus. Mitwirken und\n                      Initiative sind ausdr\u00fccklich erw\u00fcnscht &#8211; sie spiegeln sich auch in den Aktivit\u00e4ten des F\u00f6rdervereins.<\/p>\n                  <\/div>\n                <\/div>\n              <\/div>\n            <\/div>\n          <\/div>\n        <\/div>\n      <\/div>\n    <\/div>\n  <\/div>\n  <div data-colibri-component=\"section\" data-colibri-id=\"304-c29\" id=\"blank-2\" class=\"h-section h-section-global-spacing d-flex align-items-lg-center align-items-md-center align-items-center style-635 style-local-304-c29 position-relative\">\n    <!---->\n    <!---->\n    <div class=\"h-section-grid-container h-section-boxed-container\">\n      <!---->\n      <div data-colibri-id=\"304-c30\" class=\"h-row-container gutters-row-lg-0 gutters-row-md-0 gutters-row-0 gutters-row-v-lg-0 gutters-row-v-md-0 gutters-row-v-0 style-636 style-local-304-c30 position-relative\">\n        <!---->\n        <div class=\"h-row justify-content-lg-center justify-content-md-center justify-content-center align-items-lg-stretch align-items-md-stretch align-items-stretch gutters-col-lg-0 gutters-col-md-0 gutters-col-0 gutters-col-v-lg-0 gutters-col-v-md-0 gutters-col-v-0\">\n          <!---->\n          <div class=\"h-column h-column-container d-flex h-col-lg-auto h-col-md-auto h-col-auto style-637-outer style-local-304-c31-outer\">\n            <div data-colibri-id=\"304-c31\" class=\"d-flex h-flex-basis h-column__inner h-px-lg-0 h-px-md-0 h-px-0 v-inner-lg-0 v-inner-md-0 v-inner-0 style-637 style-local-304-c31 position-relative\">\n              <!---->\n              <!---->\n              <div class=\"w-100 h-y-container h-column__content h-column__v-align flex-basis-100 align-self-lg-start align-self-md-start align-self-start\">\n                <!---->\n                <div data-colibri-id=\"304-c32\" class=\"h-text h-text-component style-646 style-local-304-c32 position-relative h-element\">\n                  <!---->\n                  <!---->\n                  <div class=\"\">\n                    <h3>Der Elternverein\n                      <br>\n                    <\/h3>\n                    <p>Dem Elternverein steht ein Vorstand vor, der aus den Reihen der Eltern gestellt wird. Auf diese Weise \u00fcbernehmen die Eltern unserer Kindervilla eine besondere Verantwortung f\u00fcr das Geschehen und Erleben in der Kindervilla.<\/p>\n                    <h3>Unsere Elternarbeit<\/h3>\n                    <p>Alle Familien sind Vereinsmitglieder, die durch ihre monatliche Mitarbeit die Kindervilla unterst\u00fctzen und weiterentwickeln. Dabei werden Aufgaben nach individuellen F\u00e4higkeiten, Neigungen und zeitlichen Ressourcen \u00fcbernommen.<\/p>\n                    <h3>Unsere Vereinsordnung<\/h3>\n                    <p>Die Satzung und die Ordnung des Vereins &#8222;Kindervilla e.V.&#8220; betont die Grundgedanken f\u00fcr ein geeignetes, vertrauensvolles Miteinander in unserem Elternverein:<\/p>\n                    <ul>\n                      <li>Gespr\u00e4chsbereitschaft<\/li>\n                      <li>Offenheit<\/li>\n                      <li>Achtung<\/li>\n                      <li>Gemeinsames Interesse am Kind<\/li>\n                      <li>Gegenseitige Unterst\u00fctzung und offener Umgang mit Kritik<\/li>\n                      <li>Information \u00fcber kindliche Entwicklung und wichtige famili\u00e4re Situationen<\/li>\n                      <li>Information \u00fcber Gruppenereignisse und \u00fcber Planungen im Kindergarten<\/li>\n                      <li>Bereitschaft sich monatlich mit 2,5 Stunden mit Elterndiensten zu beteiligen<\/li>\n                    <\/ul>\n                    <h3>Kita-Beitrag und Essensgeld<\/h3>\n                    <p>Kindervilla e.V. ist&nbsp;ein freier Tr\u00e4ger und wird gef\u00f6rdert von der Stadt Osnabr\u00fcck. Unsere Beitr\u00e4ge und das Essensgeld orientieren sich daher an den Rahmenwerten der Stadt Osnabr\u00fcck.<\/p>\n                    <p>\n                      <br>\n                    <\/p>\n                  <\/div>\n                <\/div>\n              <\/div>\n            <\/div>\n          <\/div>\n          <div class=\"h-column h-column-container d-flex h-col-lg-auto h-col-md-auto h-col-auto style-657-outer style-local-304-c33-outer\">\n            <div data-colibri-id=\"304-c33\" class=\"d-flex h-flex-basis h-column__inner h-px-lg-1 h-px-md-1 h-px-1 v-inner-lg-1 v-inner-md-1 v-inner-1 style-657 style-local-304-c33 position-relative\">\n              <!---->\n              <!---->\n              <div class=\"w-100 h-y-container h-column__content h-column__v-align flex-basis-100 align-self-lg-start align-self-md-start align-self-start\">\n                <!---->\n                <div data-colibri-id=\"304-c34\" class=\"d-block style-658 style-local-304-c34 position-relative h-element\">\n                  <!---->\n                  <div class=\"h-image__frame-container-outer\">\n                    <div class=\"h-image__frame-container\">\n                      <!---->\n                      <!---->\n                      <img loading=\"lazy\" decoding=\"async\" width=\"1920\" height=\"2560\" src=\"http:\/\/kindervillaosnabrueck.de\/cms\/wp-content\/uploads\/2024\/06\/xiaoxiao-sun-e8e4YY65sOk-unsplash-scaled.jpg\" class=\"wp-image-561 style-658-image style-local-304-c34-image\" alt=\"\" srcset=\"https:\/\/kindervillaosnabrueck.de\/cms\/wp-content\/uploads\/2024\/06\/xiaoxiao-sun-e8e4YY65sOk-unsplash-scaled.jpg 1920w, https:\/\/kindervillaosnabrueck.de\/cms\/wp-content\/uploads\/2024\/06\/xiaoxiao-sun-e8e4YY65sOk-unsplash-225x300.jpg 225w, https:\/\/kindervillaosnabrueck.de\/cms\/wp-content\/uploads\/2024\/06\/xiaoxiao-sun-e8e4YY65sOk-unsplash-768x1024.jpg 768w, https:\/\/kindervillaosnabrueck.de\/cms\/wp-content\/uploads\/2024\/06\/xiaoxiao-sun-e8e4YY65sOk-unsplash-1152x1536.jpg 1152w, https:\/\/kindervillaosnabrueck.de\/cms\/wp-content\/uploads\/2024\/06\/xiaoxiao-sun-e8e4YY65sOk-unsplash-1536x2048.jpg 1536w\" sizes=\"auto, (max-width: 1920px) 100vw, 1920px\" \/>\n                      <div class=\"h-image__frame style-658-frameImage style-local-304-c34-frameImage\"><\/div>\n                    <\/div>\n                  <\/div>\n                <\/div>\n              <\/div>\n            <\/div>\n          <\/div>\n        <\/div>\n      <\/div>\n    <\/div>\n  <\/div>\n  <div data-colibri-component=\"section\" data-colibri-id=\"304-c39\" id=\"content-2\" class=\"h-section h-section-global-spacing d-flex align-items-lg-center align-items-md-center align-items-center style-647 style-local-304-c39 position-relative\">\n    <!---->\n    <!---->\n    <div class=\"h-section-grid-container h-section-boxed-container\">\n      <!---->\n      <div data-colibri-id=\"304-c40\" class=\"h-row-container gutters-row-lg-2 gutters-row-md-2 gutters-row-2 gutters-row-v-lg-2 gutters-row-v-md-2 gutters-row-v-2 style-648 style-local-304-c40 position-relative\">\n        <!---->\n        <div class=\"h-row justify-content-lg-center justify-content-md-center justify-content-center align-items-lg-stretch align-items-md-stretch align-items-stretch gutters-col-lg-2 gutters-col-md-2 gutters-col-2 gutters-col-v-lg-2 gutters-col-v-md-2 gutters-col-v-2\">\n          <!---->\n          <div class=\"h-column h-column-container d-flex h-col-lg-auto h-col-md-auto h-col-auto style-649-outer style-local-304-c41-outer\">\n            <div data-colibri-id=\"304-c41\" class=\"d-flex h-flex-basis h-column__inner h-px-lg-0 h-px-md-2 h-px-0 v-inner-lg-0 v-inner-md-2 v-inner-0 style-649 style-local-304-c41 position-relative\">\n              <!---->\n              <!---->\n              <div class=\"w-100 h-y-container h-column__content h-column__v-align flex-basis-100 align-self-lg-center align-self-md-center align-self-center\">\n                <!---->\n                <div data-colibri-id=\"304-c42\" class=\"d-block style-656 style-local-304-c42 position-relative h-element\">\n                  <!---->\n                  <div class=\"h-image__frame-container-outer\">\n                    <div class=\"h-image__frame-container\">\n                      <!---->\n                      <!---->\n                      <img loading=\"lazy\" decoding=\"async\" width=\"1696\" height=\"2560\" src=\"http:\/\/kindervillaosnabrueck.de\/cms\/wp-content\/uploads\/2024\/06\/shane-rounce-DNkoNXQti3c-unsplash-scaled.jpg\" class=\"wp-image-847 style-656-image style-local-304-c42-image\" alt=\"\" srcset=\"https:\/\/kindervillaosnabrueck.de\/cms\/wp-content\/uploads\/2024\/06\/shane-rounce-DNkoNXQti3c-unsplash-scaled.jpg 1696w, https:\/\/kindervillaosnabrueck.de\/cms\/wp-content\/uploads\/2024\/06\/shane-rounce-DNkoNXQti3c-unsplash-199x300.jpg 199w, https:\/\/kindervillaosnabrueck.de\/cms\/wp-content\/uploads\/2024\/06\/shane-rounce-DNkoNXQti3c-unsplash-678x1024.jpg 678w, https:\/\/kindervillaosnabrueck.de\/cms\/wp-content\/uploads\/2024\/06\/shane-rounce-DNkoNXQti3c-unsplash-768x1160.jpg 768w, https:\/\/kindervillaosnabrueck.de\/cms\/wp-content\/uploads\/2024\/06\/shane-rounce-DNkoNXQti3c-unsplash-1017x1536.jpg 1017w, https:\/\/kindervillaosnabrueck.de\/cms\/wp-content\/uploads\/2024\/06\/shane-rounce-DNkoNXQti3c-unsplash-1356x2048.jpg 1356w\" sizes=\"auto, (max-width: 1696px) 100vw, 1696px\" \/>\n                      <div class=\"h-image__frame style-656-frameImage style-local-304-c42-frameImage\"><\/div>\n                    <\/div>\n                  <\/div>\n                <\/div>\n              <\/div>\n            <\/div>\n          <\/div>\n          <div class=\"h-column h-column-container d-flex h-col-lg-auto h-col-md-auto h-col-auto style-651-outer style-local-304-c43-outer\">\n            <div data-colibri-id=\"304-c43\" class=\"d-flex h-flex-basis h-column__inner h-px-lg-0 h-px-md-0 h-px-2 v-inner-lg-0 v-inner-md-0 v-inner-2 style-651 style-local-304-c43 position-relative\">\n              <!---->\n              <!---->\n              <div class=\"w-100 h-y-container h-column__content h-column__v-align flex-basis-100 align-self-lg-center align-self-md-center align-self-center\">\n                <!---->\n                <div data-colibri-id=\"304-c44\" class=\"h-global-transition-all h-heading style-652 style-local-304-c44 position-relative h-element\">\n                  <!---->\n                  <div class=\"h-heading__outer style-652 style-local-304-c44\">\n                    <!---->\n                    <!---->\n                    <h3 class=\"\">F\u00f6rderverein der Kindervilla e. V.<\/h3>\n                  <\/div>\n                <\/div>\n                <div data-colibri-id=\"304-c45\" class=\"h-text h-text-component style-653 style-local-304-c45 position-relative h-element\">\n                  <!---->\n                  <!---->\n                  <div class=\"\">\n                    <p>Anfang 2010 wurde der F\u00f6rderverein der Kindervilla gegr\u00fcndet. Vereinsziel &amp; -zweck war und ist es, den Kita-Alltag in unserer Kindervilla zu unterst\u00fctzen, zu begleiten, produktiv mitzugestalten, z.B. \u00fcber die &#8222;B\u00f6rse rund ums Kind&#8220;.<\/p>\n                    <p>Mit Vereinsmitteln lassen sich neben dringend f\u00e4lligen Ma\u00dfnahmen auch blo\u00dfe W\u00fcnsche verwirklichen:<\/p>\n                    <ul>\n                      <li>fehlendes Spielger\u00e4t oder B\u00fccher anschaffen, Projekte realisieren, Kreativangebote unterst\u00fctzen \u2026<\/li>\n                      <li>Wenn famili\u00e4re finanzielle Ressourcen fehlen, springt der F\u00f6rderverein ein, um allen Kindern die Teilnahme an gemeinsamen Aktivit\u00e4ten zu erm\u00f6glichen.&nbsp;<\/li>\n                      <li>Fortbildungen f\u00fcr das p\u00e4dagogische Team der Kindervilla und Veranstaltungen aller Art f\u00fcr Kinder, Erzieherinnen &amp; Eltern begleitet und unterst\u00fctzt der F\u00f6rderverein nach Bedarf.<\/li>\n                    <\/ul>\n                    <p>Wir wollen die Kindervilla und vor allem die Kinder,\n                      <br>die sie &#8218;bewohnen&#8216;, beherzt &amp; engagiert, unb\u00fcrokratisch und so spontan wie nachhaltig unterst\u00fctzen! F\u00fcr unsere Arbeit sind wir auf Engagement und aktive Mithilfe, aber auch auf Spenden und Zuwendungen angewiesen. Unser F\u00f6rderverein\n                      steht nicht nur Mitgliedern und Freunden der Kindervilla offen, sondern allen Interessierten.<\/p>\n                    <p>Hier geht&#8217;s zum&nbsp;\n                      <a href=\"https:\/\/www.kindervilla-osnabrueck.de\/files\/aufnahmeantrag_foerderverein_2023.pdf\" style=\"color: rgb(128, 128, 128);\" class=\"customize-unpreviewable\"><strong>Beitrittsformular<\/strong><\/a>\n                    <\/p>\n                    <p>Der Verein ist im Vereinsregister offiziell eingetragen und f\u00fcr gemeinn\u00fctzig befunden, Mitgliedsbeitr\u00e4ge und Zuwendungen k\u00f6nnen steuerlich geltend gemacht werden.<\/p>\n                    <p>&nbsp;<\/p>\n                    <p>F\u00f6rderverein der Kindervilla e. V.<\/p>\n                    <p>c\/o Kindervilla e. V. Katharinenstra\u00dfe 6 49074 Osnabr\u00fcck<\/p>\n                    <p>Amtierender Vorstand:<\/p>\n                    <p>1. Vorsitzende: Franziska Walter<\/p>\n                    <p>2. Vorsitzende: Franziska Olbertz<\/p>\n                    <p>Schatzmeister: Malte Schwickert<\/p>\n                    <p>Kontakt:&nbsp;\n                      <a href=\"mailto:foerderverein@kindervilla-osnabrueck.de\" style=\"color: rgb(128, 128, 128);\">foerderverein@kindervilla-osnabrueck.de<\/a>\n                    <\/p>\n                    <p>\n                      <br>\n                    <\/p>\n                  <\/div>\n                <\/div>\n              <\/div>\n            <\/div>\n          <\/div>\n        <\/div>\n      <\/div>\n    <\/div>\n  <\/div>\n<\/div>","protected":false},"excerpt":{"rendered":"<p>Unsere Organisation The Secret of Success Der Elternverein Dem Elternverein steht ein Vorstand vor, der aus den Reihen der Eltern gestellt wird. Auf diese Weise \u00fcbernehmen die Eltern unserer Kindervilla eine besondere Verantwortung f\u00fcr das Geschehen und Erleben in der Kindervilla. Unsere Elternarbeit Alle Familien sind Vereinsmitglieder, die durch ihre monatliche Mitarbeit die Kindervilla unterst\u00fctzen [&hellip;]<\/p>\n","protected":false},"author":1,"featured_media":0,"parent":0,"menu_order":0,"comment_status":"closed","ping_status":"closed","template":"page-templates\/full-width-page.php","meta":{"footnotes":""},"class_list":["post-304","page","type-page","status-publish","hentry"],"_links":{"self":[{"href":"https:\/\/kindervillaosnabrueck.de\/cms\/wp-json\/wp\/v2\/pages\/304","targetHints":{"allow":["GET"]}}],"collection":[{"href":"https:\/\/kindervillaosnabrueck.de\/cms\/wp-json\/wp\/v2\/pages"}],"about":[{"href":"https:\/\/kindervillaosnabrueck.de\/cms\/wp-json\/wp\/v2\/types\/page"}],"author":[{"embeddable":true,"href":"https:\/\/kindervillaosnabrueck.de\/cms\/wp-json\/wp\/v2\/users\/1"}],"replies":[{"embeddable":true,"href":"https:\/\/kindervillaosnabrueck.de\/cms\/wp-json\/wp\/v2\/comments?post=304"}],"version-history":[{"count":13,"href":"https:\/\/kindervillaosnabrueck.de\/cms\/wp-json\/wp\/v2\/pages\/304\/revisions"}],"predecessor-version":[{"id":1410,"href":"https:\/\/kindervillaosnabrueck.de\/cms\/wp-json\/wp\/v2\/pages\/304\/revisions\/1410"}],"wp:attachment":[{"href":"https:\/\/kindervillaosnabrueck.de\/cms\/wp-json\/wp\/v2\/media?parent=304"}],"curies":[{"name":"wp","href":"https:\/\/api.w.org\/{rel}","templated":true}]}}