{"id":1172,"date":"2024-10-24T21:47:27","date_gmt":"2024-10-24T19:47:27","guid":{"rendered":"https:\/\/kindervillaosnabrueck.de\/cms\/?page_id=1172"},"modified":"2025-08-19T20:18:51","modified_gmt":"2025-08-19T18:18:51","slug":"colibri-1172","status":"publish","type":"page","link":"https:\/\/kindervillaosnabrueck.de\/cms\/colibri-1172\/","title":{"rendered":"Unsere Stellen"},"content":{"rendered":"<div data-colibri-id=\"1172-c1\" class=\"style-1541 style-local-1172-c1 position-relative\">\n  <!---->\n  <div data-colibri-component=\"section\" data-colibri-id=\"1172-c2\" id=\"about\" class=\"h-section h-section-global-spacing d-flex align-items-lg-center align-items-md-center align-items-center style-1542 style-local-1172-c2 position-relative\">\n    <!---->\n    <!---->\n    <div class=\"h-section-grid-container h-section-boxed-container\">\n      <!---->\n      <div data-colibri-id=\"1172-c3\" class=\"h-row-container gutters-row-lg-0 gutters-row-md-0 gutters-row-2 gutters-row-v-lg-0 gutters-row-v-md-0 gutters-row-v-2 style-1543 style-local-1172-c3 position-relative\">\n        <!---->\n        <div class=\"h-row justify-content-lg-center justify-content-md-center justify-content-center align-items-lg-stretch align-items-md-stretch align-items-stretch gutters-col-lg-0 gutters-col-md-0 gutters-col-2 gutters-col-v-lg-0 gutters-col-v-md-0 gutters-col-v-2\">\n          <!---->\n          <div class=\"h-column h-column-container d-flex h-col-lg-6 h-col-md-6 h-col-12 style-1544-outer style-local-1172-c4-outer\">\n            <div data-colibri-id=\"1172-c4\" class=\"d-flex h-flex-basis h-column__inner h-px-lg-0 h-px-md-0 h-px-0 v-inner-lg-0 v-inner-md-0 v-inner-0 style-1544 style-local-1172-c4 position-relative\">\n              <!---->\n              <!---->\n              <div class=\"w-100 h-y-container h-column__content h-column__v-align flex-basis-100 align-self-lg-center align-self-md-center align-self-center\">\n                <!---->\n                <div data-colibri-id=\"1172-c5\" class=\"h-global-transition-all h-heading style-1549 style-local-1172-c5 position-relative h-element\">\n                  <!---->\n                  <div data-aos=\"fadeInUp\" class=\"h-heading__outer style-1549 style-local-1172-c5\">\n                    <!---->\n                    <!---->\n                    <h2 class=\"\">Ein tolles&nbsp;<em style=\"color: rgb(3, 169, 244); font-family: Playfair Display;\">Haus<\/em>&nbsp;und ein tolles&nbsp;<em style=\"color: rgb(3, 169, 244); font-family: Playfair Display;\">Team<\/em>&nbsp;&#8211;\n                      <br>jetzt fehlst nur noch Du.<\/h2>\n                  <\/div>\n                <\/div>\n                <div data-colibri-id=\"1172-c6\" class=\"h-x-container style-1552 style-local-1172-c6 position-relative h-element\">\n                  <!---->\n                  <div class=\"h-x-container-inner style-dynamic-1172-c6-group style-1552-spacing style-local-1172-c6-spacing\"><span class=\"h-button__outer style-1553-outer style-local-1172-c7-outer d-inline-flex h-element\"><a h-use-smooth-scroll=\"true\" href=\"https:\/\/kindervillaosnabrueck.de\/cms\/colibri-1201\/\"  data-colibri-id=\"1172-c7\" class=\"d-flex w-100 align-items-center h-button justify-content-lg-center justify-content-md-center justify-content-center style-1553 style-local-1172-c7 position-relative\"><!----><!----> <span>Mehr Infos f\u00fcr P\u00e4dagogische Fachkr\u00e4fte, Praktikant\/innen und Aushilfskr\u00e4fte<\/span><\/a>\n                    <\/span>\n                  <\/div>\n                <\/div>\n                <div data-colibri-id=\"1172-c8\" class=\"h-multiple-image style-1545 style-local-1172-c8 position-relative h-element\">\n                  <!---->\n                  <div class=\"position-relative\">\n                    <div class=\"h-multiple-image-inside-container\">\n                      <div class=\"ratio-inner\">\n                        <div data-colibri-id=\"1172-c9\" class=\"d-block style-1546 style-local-1172-c9 position-relative h-element\">\n                          <!---->\n                          <div class=\"h-image__frame-container-outer\">\n                            <div class=\"h-image__frame-container\">\n                              <!---->\n                              <!---->\n                              <img loading=\"lazy\" decoding=\"async\" width=\"500\" height=\"334\" src=\"https:\/\/kindervillaosnabrueck.de\/cms\/wp-content\/uploads\/2024\/10\/image_manager__frontend_gal_img_mobile_baubereich.jpg\" class=\"style-1545-images style-local-1172-c8-images wp-image-1177 style-1546-image style-local-1172-c9-image\" alt=\"\" srcset=\"https:\/\/kindervillaosnabrueck.de\/cms\/wp-content\/uploads\/2024\/10\/image_manager__frontend_gal_img_mobile_baubereich.jpg 500w, https:\/\/kindervillaosnabrueck.de\/cms\/wp-content\/uploads\/2024\/10\/image_manager__frontend_gal_img_mobile_baubereich-300x200.jpg 300w\" sizes=\"auto, (max-width: 500px) 100vw, 500px\" \/>\n                              <div class=\"h-image__frame h-hide-lg h-hide-md h-hide-sm style-1546-frameImage style-local-1172-c9-frameImage\"><\/div>\n                            <\/div>\n                          <\/div>\n                        <\/div>\n                        <div data-colibri-id=\"1172-c10\" class=\"d-block style-1547 style-local-1172-c10 position-relative h-element\">\n                          <!---->\n                          <div class=\"h-image__frame-container-outer\">\n                            <div class=\"h-image__frame-container\">\n                              <!---->\n                              <!---->\n                              <img loading=\"lazy\" decoding=\"async\" width=\"1920\" height=\"2560\" src=\"https:\/\/kindervillaosnabrueck.de\/cms\/wp-content\/uploads\/2024\/10\/cropped-david-pisnoy-46juD4zY1XA-unsplash-scaled-1.jpg\" class=\"style-1545-images style-local-1172-c8-images wp-image-1182 style-1547-image style-local-1172-c10-image\" alt=\"\" srcset=\"https:\/\/kindervillaosnabrueck.de\/cms\/wp-content\/uploads\/2024\/10\/cropped-david-pisnoy-46juD4zY1XA-unsplash-scaled-1.jpg 1920w, https:\/\/kindervillaosnabrueck.de\/cms\/wp-content\/uploads\/2024\/10\/cropped-david-pisnoy-46juD4zY1XA-unsplash-scaled-1-225x300.jpg 225w, https:\/\/kindervillaosnabrueck.de\/cms\/wp-content\/uploads\/2024\/10\/cropped-david-pisnoy-46juD4zY1XA-unsplash-scaled-1-768x1024.jpg 768w, https:\/\/kindervillaosnabrueck.de\/cms\/wp-content\/uploads\/2024\/10\/cropped-david-pisnoy-46juD4zY1XA-unsplash-scaled-1-1152x1536.jpg 1152w, https:\/\/kindervillaosnabrueck.de\/cms\/wp-content\/uploads\/2024\/10\/cropped-david-pisnoy-46juD4zY1XA-unsplash-scaled-1-1536x2048.jpg 1536w\" sizes=\"auto, (max-width: 1920px) 100vw, 1920px\" \/>\n                              <div class=\"h-image__frame h-hide-lg h-hide-md h-hide-sm style-1547-frameImage style-local-1172-c10-frameImage\"><\/div>\n                            <\/div>\n                          <\/div>\n                        <\/div>\n                      <\/div>\n                    <\/div>\n                  <\/div>\n                <\/div>\n                <div data-colibri-id=\"1172-c11\" class=\"h-lead h-text h-text-component style-1550 style-local-1172-c11 position-relative h-element\">\n                  <!---->\n                  <!---->\n                  <div class=\"\">\n                    <p><span style=\"font-family: Montserrat;\">Kinder sind keine F\u00e4sser die gef\u00fcllt, sondern Feuer, was entz\u00fcndet werden wollen<\/span>.\n                      <br><span style=\"font-size: 66%; font-family: Montserrat;\">(Rabelais)<\/span><\/p>\n                  <\/div>\n                <\/div>\n              <\/div>\n            <\/div>\n          <\/div>\n          <div class=\"h-column h-column-container d-flex h-col-lg-6 h-col-md-6 h-col-12 style-1603-outer style-local-1172-c12-outer\">\n            <div data-colibri-id=\"1172-c12\" class=\"d-flex h-flex-basis h-column__inner h-ui-empty-state-container h-px-lg-0 h-px-md-0 h-px-0 v-inner-lg-0 v-inner-md-0 v-inner-0 style-1603 style-local-1172-c12 position-relative\">\n              <!---->\n              <!---->\n              <div class=\"w-100 h-y-container h-column__content h-column__v-align flex-basis-100\">\n                <!---->\n              <\/div>\n            <\/div>\n          <\/div>\n        <\/div>\n      <\/div>\n    <\/div>\n  <\/div>\n<\/div>","protected":false},"excerpt":{"rendered":"<p>Ein tolles&nbsp;Haus&nbsp;und ein tolles&nbsp;Team&nbsp;&#8211; jetzt fehlst nur noch Du. Mehr Infos f\u00fcr P\u00e4dagogische Fachkr\u00e4fte, Praktikant\/innen und Aushilfskr\u00e4fte Kinder sind keine F\u00e4sser die gef\u00fcllt, sondern Feuer, was entz\u00fcndet werden wollen. (Rabelais)<\/p>\n","protected":false},"author":1,"featured_media":0,"parent":0,"menu_order":0,"comment_status":"closed","ping_status":"closed","template":"page-templates\/full-width-page.php","meta":{"footnotes":""},"class_list":["post-1172","page","type-page","status-publish","hentry"],"_links":{"self":[{"href":"https:\/\/kindervillaosnabrueck.de\/cms\/wp-json\/wp\/v2\/pages\/1172","targetHints":{"allow":["GET"]}}],"collection":[{"href":"https:\/\/kindervillaosnabrueck.de\/cms\/wp-json\/wp\/v2\/pages"}],"about":[{"href":"https:\/\/kindervillaosnabrueck.de\/cms\/wp-json\/wp\/v2\/types\/page"}],"author":[{"embeddable":true,"href":"https:\/\/kindervillaosnabrueck.de\/cms\/wp-json\/wp\/v2\/users\/1"}],"replies":[{"embeddable":true,"href":"https:\/\/kindervillaosnabrueck.de\/cms\/wp-json\/wp\/v2\/comments?post=1172"}],"version-history":[{"count":7,"href":"https:\/\/kindervillaosnabrueck.de\/cms\/wp-json\/wp\/v2\/pages\/1172\/revisions"}],"predecessor-version":[{"id":1340,"href":"https:\/\/kindervillaosnabrueck.de\/cms\/wp-json\/wp\/v2\/pages\/1172\/revisions\/1340"}],"wp:attachment":[{"href":"https:\/\/kindervillaosnabrueck.de\/cms\/wp-json\/wp\/v2\/media?parent=1172"}],"curies":[{"name":"wp","href":"https:\/\/api.w.org\/{rel}","templated":true}]}}